{"id":49,"date":"2025-01-24T15:21:08","date_gmt":"2025-01-24T14:21:08","guid":{"rendered":"https:\/\/www.ecomusee-bresse71.fr\/plan-de-site\/"},"modified":"2025-01-24T15:21:08","modified_gmt":"2025-01-24T14:21:08","slug":"plan-de-site","status":"publish","type":"page","link":"https:\/\/www.ecomusee-bresse71.fr\/en\/plan-de-site\/","title":{"rendered":"Plan de site"},"content":{"rendered":"<div class=\"wsp-container\"><h2 class=\"wsp-pages-title\">Pages<\/h2>\n<ul class=\"wsp-pages-list\">\n<li class=\"page_item page-item-867 page_item_has_children\"><a href=\"https:\/\/www.ecomusee-bresse71.fr\/en\/activites\/\">Activities<\/a>\n<ul class='children'>\n\t<li class=\"page_item page-item-869\"><a href=\"https:\/\/www.ecomusee-bresse71.fr\/en\/activites\/visites\/\">Visits<\/a><\/li>\n\t<li class=\"page_item page-item-881\"><a href=\"https:\/\/www.ecomusee-bresse71.fr\/en\/activites\/en-famille\/\">With family<\/a><\/li>\n\t<li class=\"page_item page-item-882\"><a href=\"https:\/\/www.ecomusee-bresse71.fr\/en\/activites\/ateliers\/\">Workshops<\/a><\/li>\n\t<li class=\"page_item page-item-868\"><a href=\"https:\/\/www.ecomusee-bresse71.fr\/en\/activites\/expositions-temporaires\/\">Temporary exhibitions<\/a><\/li>\n\t<li class=\"page_item page-item-879\"><a href=\"https:\/\/www.ecomusee-bresse71.fr\/en\/activites\/spectacles\/\">Shows<\/a><\/li>\n\t<li class=\"page_item page-item-885\"><a href=\"https:\/\/www.ecomusee-bresse71.fr\/en\/activites\/jeux\/\">Games<\/a><\/li>\n\t<li class=\"page_item page-item-880\"><a href=\"https:\/\/www.ecomusee-bresse71.fr\/en\/activites\/evenements-en-plein-air\/\">Outdoor events<\/a><\/li>\n\t<li class=\"page_item page-item-884\"><a href=\"https:\/\/www.ecomusee-bresse71.fr\/en\/activites\/conferences\/\">Conferences &#038; Meetings<\/a><\/li>\n\t<li class=\"page_item page-item-862\"><a href=\"https:\/\/www.ecomusee-bresse71.fr\/en\/activites\/boutique-musee-bresse-bourgogne\/\">Shop<\/a><\/li>\n\t<li class=\"page_item page-item-3838\"><a href=\"https:\/\/www.ecomusee-bresse71.fr\/en\/activites\/snacks\/\">Snacks<\/a><\/li>\n\t<li class=\"page_item page-item-3842\"><a href=\"https:\/\/www.ecomusee-bresse71.fr\/en\/activites\/room-rental\/\">Room rental<\/a><\/li>\n\t<li class=\"page_item page-item-3648\"><a href=\"https:\/\/www.ecomusee-bresse71.fr\/en\/activites\/group-accommodation\/\">Group accommodation<\/a><\/li>\n\t<li class=\"page_item page-item-883\"><a href=\"https:\/\/www.ecomusee-bresse71.fr\/en\/activites\/degustations\/\">Tastings<\/a><\/li>\n\t<li class=\"page_item page-item-887\"><a href=\"https:\/\/www.ecomusee-bresse71.fr\/en\/activites\/projections\/\">Projections<\/a><\/li>\n<\/ul>\n<\/li>\n<li class=\"page_item page-item-50\"><a href=\"https:\/\/www.ecomusee-bresse71.fr\/en\/contact-bresse-ecomusee-71-bourgogne\/\">Contact us<\/a><\/li>\n<li class=\"page_item page-item-52\"><a href=\"https:\/\/www.ecomusee-bresse71.fr\/en\/\">Home<\/a><\/li>\n<li class=\"page_item page-item-888\"><a href=\"https:\/\/www.ecomusee-bresse71.fr\/en\/infos-pratiques\/\">Informations pratiques<\/a><\/li>\n<li class=\"page_item page-item-886\"><a href=\"https:\/\/www.ecomusee-bresse71.fr\/en\/adherer\/\">Join<\/a><\/li>\n<li class=\"page_item page-item-48\"><a href=\"https:\/\/www.ecomusee-bresse71.fr\/en\/mentions-legales\/\">Mentions l\u00e9gales<\/a><\/li>\n<li class=\"page_item page-item-890 page_item_has_children\"><a href=\"https:\/\/www.ecomusee-bresse71.fr\/en\/musees-et-sites\/\">Mus\u00e9es et sites<\/a>\n<ul class='children'>\n\t<li class=\"page_item page-item-898\"><a href=\"https:\/\/www.ecomusee-bresse71.fr\/en\/musees-et-sites\/chateau-pierre-de-bresse-71\/\">Ch\u00e2teau de Pierre-de-Bresse<\/a><\/li>\n\t<li class=\"page_item page-item-902\"><a href=\"https:\/\/www.ecomusee-bresse71.fr\/en\/musees-et-sites\/musee-de-limprimerie-louhans-chateaurenaud\/\">Mus\u00e9e de l&#8217;imprimerie<\/a><\/li>\n\t<li class=\"page_item page-item-901\"><a href=\"https:\/\/www.ecomusee-bresse71.fr\/en\/musees-et-sites\/museedes-beaux-arts-louhans-71\/\">Mus\u00e9e des Beaux-arts<\/a><\/li>\n\t<li class=\"page_item page-item-897\"><a href=\"https:\/\/www.ecomusee-bresse71.fr\/en\/musees-et-sites\/moulin-musee-menetreuil-71\/\">Moulin-mus\u00e9e<\/a><\/li>\n\t<li class=\"page_item page-item-904\"><a href=\"https:\/\/www.ecomusee-bresse71.fr\/en\/musees-et-sites\/ferme-du-champ-bressan-romenay\/\">Ferme du Champ bressan<\/a><\/li>\n\t<li class=\"page_item page-item-900\"><a href=\"https:\/\/www.ecomusee-bresse71.fr\/en\/musees-et-sites\/musee-du-ble-et-du-pain-louhans-71\/\">Mus\u00e9e du bl\u00e9 et du pain<\/a><\/li>\n\t<li class=\"page_item page-item-899\"><a href=\"https:\/\/www.ecomusee-bresse71.fr\/en\/musees-et-sites\/musee-de-lagriculture\/\">Mus\u00e9e de l&#8217;agriculture<\/a><\/li>\n\t<li class=\"page_item page-item-903\"><a href=\"https:\/\/www.ecomusee-bresse71.fr\/en\/musees-et-sites\/musee-de-la-foret-saint-martin-en-bresse\/\">Mus\u00e9e de la for\u00eat<\/a><\/li>\n\t<li class=\"page_item page-item-907\"><a href=\"https:\/\/www.ecomusee-bresse71.fr\/en\/musees-et-sites\/maison-vigneronne-cuiseaux-71\/\">Maison vigneronne<\/a><\/li>\n\t<li class=\"page_item page-item-911\"><a href=\"https:\/\/www.ecomusee-bresse71.fr\/en\/musees-et-sites\/moulin-de-la-croix-ratte-71\/\">Moulin de la Croix<\/a><\/li>\n\t<li class=\"page_item page-item-906\"><a href=\"https:\/\/www.ecomusee-bresse71.fr\/en\/musees-et-sites\/tuilerie-varennes-saint-sauveur-71\/\">La Tuilerie<\/a><\/li>\n\t<li class=\"page_item page-item-905\"><a href=\"https:\/\/www.ecomusee-bresse71.fr\/en\/musees-et-sites\/domaine-plissonnier-saint-andre-en-bresse-71\/\">Domaine Plissonnier<\/a><\/li>\n\t<li class=\"page_item page-item-908\"><a href=\"https:\/\/www.ecomusee-bresse71.fr\/en\/musees-et-sites\/galerie-des-moulins-meunerie-sagy-71\/\">Galerie des moulins<\/a><\/li>\n<\/ul>\n<\/li>\n<li class=\"page_item page-item-49\"><a href=\"https:\/\/www.ecomusee-bresse71.fr\/en\/plan-de-site\/\">Plan de site<\/a><\/li>\n<li class=\"page_item page-item-46\"><a href=\"https:\/\/www.ecomusee-bresse71.fr\/en\/politique-de-confidentialite-et-dutilisation-des-donnees-personnelles-rgpd\/\">Politique de confidentialit\u00e9 et d\u2019utilisation des donn\u00e9es personnelles (RGPD)<\/a><\/li>\n<li class=\"page_item page-item-51\"><a href=\"https:\/\/www.ecomusee-bresse71.fr\/en\/qui-sommes-nous\/\">Qui sommes nous ?<\/a><\/li>\n<li class=\"page_item page-item-896 page_item_has_children\"><a href=\"https:\/\/www.ecomusee-bresse71.fr\/en\/ecomusee\/\">Qui sommes-nous ?<\/a>\n<ul class='children'>\n\t<li class=\"page_item page-item-863\"><a href=\"https:\/\/www.ecomusee-bresse71.fr\/en\/ecomusee\/musee-patrimoine-bresse-bourgogne-71\/\">Un \u00e9comus\u00e9e, c&#8217;est quoi ?<\/a><\/li>\n\t<li class=\"page_item page-item-895\"><a href=\"https:\/\/www.ecomusee-bresse71.fr\/en\/ecomusee\/bresse-jura-bourgogne-saone-71\/\">La Bresse bourguignonne<\/a><\/li>\n\t<li class=\"page_item page-item-894\"><a href=\"https:\/\/www.ecomusee-bresse71.fr\/en\/ecomusee\/notre-association\/\">Notre association<\/a><\/li>\n\t<li class=\"page_item page-item-893\"><a href=\"https:\/\/www.ecomusee-bresse71.fr\/en\/ecomusee\/offres-emplois-stage-ecomusee-71\/\">Emploi et stages<\/a><\/li>\n\t<li class=\"page_item page-item-892\"><a href=\"https:\/\/www.ecomusee-bresse71.fr\/en\/ecomusee\/mediatheque-patrimoines-bressans-71\/\">M\u00e9diath\u00e8que des patrimoines bressans<\/a><\/li>\n<\/ul>\n<\/li>\n<li class=\"page_item page-item-865\"><a href=\"https:\/\/www.ecomusee-bresse71.fr\/en\/tarifs-horaires-acces\/\">Tarifs, horaires, acc\u00e8s<\/a><\/li>\n<li class=\"page_item page-item-47\"><a href=\"https:\/\/www.ecomusee-bresse71.fr\/en\/utilisation-des-cookies\/\">Utilisation des cookies<\/a><\/li>\n<li class=\"page_item page-item-889 page_item_has_children\"><a href=\"https:\/\/www.ecomusee-bresse71.fr\/en\/vous-etes\/\">Vous \u00eates ?<\/a>\n<ul class='children'>\n\t<li class=\"page_item page-item-873\"><a href=\"https:\/\/www.ecomusee-bresse71.fr\/en\/vous-etes\/tourisme-bresse-bourgogne-chateaux-musees-culture\/\">Touristes<\/a><\/li>\n\t<li class=\"page_item page-item-874\"><a href=\"https:\/\/www.ecomusee-bresse71.fr\/en\/vous-etes\/familles-activites-vacances-bresse-bourguignonne\/\">Familles<\/a><\/li>\n\t<li class=\"page_item page-item-872\"><a href=\"https:\/\/www.ecomusee-bresse71.fr\/en\/vous-etes\/habitants-adherents-ecomusee-bourgogne-71\/\">Habitants \/ Adh\u00e9rents<\/a><\/li>\n\t<li class=\"page_item page-item-871\"><a href=\"https:\/\/www.ecomusee-bresse71.fr\/en\/vous-etes\/enseignants-jeunes-ecoles-71\/\">Enseignants<\/a><\/li>\n\t<li class=\"page_item page-item-870\"><a href=\"https:\/\/www.ecomusee-bresse71.fr\/en\/vous-etes\/entreprises-associations-adhesion-ecomusee\/\">Entreprises \/ associations<\/a><\/li>\n\t<li class=\"page_item page-item-866\"><a href=\"https:\/\/www.ecomusee-bresse71.fr\/en\/vous-etes\/presse-media-ecomusee-bresse-bourguignonne-71\/\">Presse et partenaires touristiques<\/a><\/li>\n<\/ul>\n<\/li>\n<\/ul>\n<h2 class=\"wsp-posts-title\">Posts by category<\/h2>\n<ul class=\"wsp-posts-list\">\n\t<li><strong class=\"wsp-category-title\">Category: <a href=\"https:\/\/www.ecomusee-bresse71.fr\/en\/category\/entre-nous-en\/\">Entre nous<\/a><\/strong>\n<ul class=\"wsp-posts-list\">\t\t<li class=\"wsp-post\"><a href=\"https:\/\/www.ecomusee-bresse71.fr\/en\/appel-a-candidature-2\/\">Appel \u00e0 candidature<\/a><\/li>\n\t\t<li class=\"wsp-post\"><a href=\"https:\/\/www.ecomusee-bresse71.fr\/en\/appel-a-candidature\/\">Label d&#8217;exposition d&#8217;int\u00e9r\u00eat national<\/a><\/li>\n\t\t<li class=\"wsp-post\"><a href=\"https:\/\/www.ecomusee-bresse71.fr\/en\/bienvenue-sur-notre-nouveau-site-internet\/\">Bienvenue sur notre nouveau site internet<\/a><\/li>\n<\/ul><\/li>\n<\/ul>\n<h2 class=\"wsp-events-title\">Events<\/h2>\n<ul class=\"wsp-events-list\">\n<li><a href=\"https:\/\/www.ecomusee-bresse71.fr\/en\/events\/event\/journees-du-patrimoine-de-pays-a-romenay-decouvrez-la-ferme-du-champ-bressan\/\">Journ\u00e9es du patrimoine de pays \u00e0 Romenay : d\u00e9couvrez la ferme du Champ Bressan<\/a><\/li>\n<li><a href=\"https:\/\/www.ecomusee-bresse71.fr\/en\/events\/event\/journees-des-moulins-a-ratte-decouvrez-le-moulin-de-la-croix\/\">Journ\u00e9es des moulins \u00e0 Ratte : d\u00e9couvrez le moulin de la Croix<\/a><\/li>\n<li><a href=\"https:\/\/www.ecomusee-bresse71.fr\/en\/events\/event\/journees-des-moulins-a-menetreuil-decouvrez-le-moulin-musee\/\">Journ\u00e9es des moulins \u00e0 M\u00e9netreuil : d\u00e9couvrez le moulin-mus\u00e9e<\/a><\/li>\n<li><a href=\"https:\/\/www.ecomusee-bresse71.fr\/en\/events\/event\/tradibresse-au-chateau\/\">Tradibresse au ch\u00e2teau<\/a><\/li>\n<li><a href=\"https:\/\/www.ecomusee-bresse71.fr\/en\/events\/event\/village-de-larcheologie-a-pierre-de-bresse-plongez-au-coeur-du-passe\/\">Village de l\u2019arch\u00e9ologie \u00e0 Pierre-de-Bresse : plongez au c\u0153ur du pass\u00e9<\/a><\/li>\n<li><a href=\"https:\/\/www.ecomusee-bresse71.fr\/en\/events\/event\/5541\/\"><\/a><\/li>\n<li><a href=\"https:\/\/www.ecomusee-bresse71.fr\/en\/events\/event\/5531\/\">Soir\u00e9e \u00e9lectro au ch\u00e2teau<\/a><\/li>\n<li><a href=\"https:\/\/www.ecomusee-bresse71.fr\/en\/events\/event\/nuit-des-musees-a-romenay-une-immersion-a-la-ferme\/\">Nuit des mus\u00e9es \u00e0 Romenay : une immersion \u00e0 la ferme<\/a><\/li>\n<li><a href=\"https:\/\/www.ecomusee-bresse71.fr\/en\/events\/event\/nuit-des-musees-a-louhans-deux-musees-a-decouvrir\/\">Nuit des mus\u00e9es \u00e0 Louhans : deux mus\u00e9es \u00e0 d\u00e9couvrir<\/a><\/li>\n<li><a href=\"https:\/\/www.ecomusee-bresse71.fr\/en\/events\/event\/nuit-europeenne-des-musees-au-chateau-de-pierre-de-bresse\/\">Nuit europ\u00e9enne des mus\u00e9es au Ch\u00e2teau de Pierre-de-Bresse<\/a><\/li>\n<li><a href=\"https:\/\/www.ecomusee-bresse71.fr\/en\/events\/event\/atelier-famille-presse-journal-a-la-une-nouveaute\/\">Atelier famille presse journal \u2013 \u00c0 la Une ! (Nouveaut\u00e9)<\/a><\/li>\n<li><a href=\"https:\/\/www.ecomusee-bresse71.fr\/en\/events\/event\/exposition-ludique-immersive-les-meandres-du-passe-quand-la-bresse-raconte-lage-du-bronze\/\">Exposition \u00ab Les m\u00e9andres du pass\u00e9 : quand la Bresse raconte l\u2019\u00e2ge du Bronze \u00bb<\/a><\/li>\n<\/ul>\n<h2 class=\"wsp-event-venues-title\">Venues<\/h2>\n<ul class=\"wsp-event-venues-list\">\n<li><a href=\"https:\/\/www.ecomusee-bresse71.fr\/en\/events\/venues\/chateau-de-pierre-de-bresse\/\">Ch\u00e2teau de Pierre-de-Bresse<\/a><\/li>\n<li><a href=\"https:\/\/www.ecomusee-bresse71.fr\/en\/events\/venues\/domaine-plissonnier\/\">Domaine Plissonnier<\/a><\/li>\n<li><a href=\"https:\/\/www.ecomusee-bresse71.fr\/en\/events\/venues\/ferme-du-champ-bressan-musee-du-terroir\/\">Ferme du Champ bressan-Mus\u00e9e du Terroir<\/a><\/li>\n<li><a href=\"https:\/\/www.ecomusee-bresse71.fr\/en\/events\/venues\/moulin-de-la-croix\/\">Moulin de la Croix<\/a><\/li>\n<li><a href=\"https:\/\/www.ecomusee-bresse71.fr\/en\/events\/venues\/moulin-musee-de-menetreuil\/\">Moulin-Mus\u00e9e de M\u00e9netreuil<\/a><\/li>\n<li><a href=\"https:\/\/www.ecomusee-bresse71.fr\/en\/events\/venues\/musee-de-lagriculture\/\">Mus\u00e9e de l'agriculture<\/a><\/li>\n<li><a href=\"https:\/\/www.ecomusee-bresse71.fr\/en\/events\/venues\/musee-de-limprimerie\/\">Mus\u00e9e De L'imprimerie<\/a><\/li>\n<li><a href=\"https:\/\/www.ecomusee-bresse71.fr\/en\/events\/venues\/musee-de-la-foret\/\">Mus\u00e9e de la for\u00eat<\/a><\/li>\n<li><a href=\"https:\/\/www.ecomusee-bresse71.fr\/en\/events\/venues\/musee-des-beaux-arts\/\">Mus\u00e9e des Beaux-Arts<\/a><\/li>\n<li><a href=\"https:\/\/www.ecomusee-bresse71.fr\/en\/events\/venues\/tuilerie-de-varennes\/\">Tuilerie de Varennes<\/a><\/li>\n<\/ul>\n<h2 class=\"wsp-event-categorys-title\">Categories<\/h2>\n<ul class=\"wsp-event-categorys-list\">\n<li><a href=\"https:\/\/www.ecomusee-bresse71.fr\/en\/events\/category\/ateliers\/\">Ateliers<\/a><\/li>\n<li><a href=\"https:\/\/www.ecomusee-bresse71.fr\/en\/events\/category\/degustations\/\">D\u00e9gustations<\/a><\/li>\n<li><a href=\"https:\/\/www.ecomusee-bresse71.fr\/en\/events\/category\/en-famille\/\">En famille<\/a><\/li>\n<li><a href=\"https:\/\/www.ecomusee-bresse71.fr\/en\/events\/category\/evenements-plein-air\/\">\u00c9venements en plein air<\/a><\/li>\n<li><a href=\"https:\/\/www.ecomusee-bresse71.fr\/en\/events\/category\/expositions-temporaires\/\">Expositions temporaires<\/a><\/li>\n<li><a href=\"https:\/\/www.ecomusee-bresse71.fr\/en\/events\/category\/jeux\/\">Jeux<\/a><\/li>\n<li><a href=\"https:\/\/www.ecomusee-bresse71.fr\/en\/events\/category\/projections\/\">Projections<\/a><\/li>\n<li><a href=\"https:\/\/www.ecomusee-bresse71.fr\/en\/events\/category\/rencontres-conferences\/\">Rencontres et conf\u00e9rences<\/a><\/li>\n<li><a href=\"https:\/\/www.ecomusee-bresse71.fr\/en\/events\/category\/spectacles\/\">Spectacles<\/a><\/li>\n<li><a href=\"https:\/\/www.ecomusee-bresse71.fr\/en\/events\/category\/visites\/\">Visites<\/a><\/li>\n<\/ul>\n<\/div>\n","protected":false},"excerpt":{"rendered":"","protected":false},"author":0,"featured_media":0,"parent":0,"menu_order":0,"comment_status":"closed","ping_status":"closed","template":"","meta":{"_acf_changed":false,"footnotes":""},"class_list":["post-49","page","type-page","status-publish","hentry"],"acf":[],"yoast_head":"<!-- This site is optimized with the Yoast SEO plugin v24.3 - https:\/\/yoast.com\/wordpress\/plugins\/seo\/ -->\n<title>Plan de site<\/title>\n<meta name=\"robots\" content=\"index, follow, max-snippet:-1, max-image-preview:large, max-video-preview:-1\" \/>\n<link rel=\"canonical\" href=\"https:\/\/www.ecomusee-bresse71.fr\/en\/plan-de-site\/\" \/>\n<meta property=\"og:locale\" content=\"en_US\" \/>\n<meta property=\"og:type\" content=\"article\" \/>\n<meta property=\"og:title\" content=\"Plan de site\" \/>\n<meta property=\"og:url\" content=\"https:\/\/www.ecomusee-bresse71.fr\/en\/plan-de-site\/\" \/>\n<meta property=\"og:site_name\" content=\"Ecomus\u00e9e de la Bresse Bourguignonne\" \/>\n<meta name=\"twitter:card\" content=\"summary_large_image\" \/>\n<script type=\"application\/ld+json\" class=\"yoast-schema-graph\">{\"@context\":\"https:\/\/schema.org\",\"@graph\":[{\"@type\":\"WebPage\",\"@id\":\"https:\/\/www.ecomusee-bresse71.fr\/en\/plan-de-site\/\",\"url\":\"https:\/\/www.ecomusee-bresse71.fr\/en\/plan-de-site\/\",\"name\":\"Plan de site\",\"isPartOf\":{\"@id\":\"https:\/\/www.ecomusee-bresse71.fr\/en\/#website\"},\"datePublished\":\"2025-01-24T14:21:08+00:00\",\"dateModified\":\"2025-01-24T14:21:08+00:00\",\"breadcrumb\":{\"@id\":\"https:\/\/www.ecomusee-bresse71.fr\/en\/plan-de-site\/#breadcrumb\"},\"inLanguage\":\"en-US\",\"potentialAction\":[{\"@type\":\"ReadAction\",\"target\":[\"https:\/\/www.ecomusee-bresse71.fr\/en\/plan-de-site\/\"]}]},{\"@type\":\"BreadcrumbList\",\"@id\":\"https:\/\/www.ecomusee-bresse71.fr\/en\/plan-de-site\/#breadcrumb\",\"itemListElement\":[{\"@type\":\"ListItem\",\"position\":1,\"name\":\"Home\",\"item\":\"https:\/\/www.ecomusee-bresse71.fr\/en\/\"},{\"@type\":\"ListItem\",\"position\":2,\"name\":\"Plan de site\"}]},{\"@type\":\"WebSite\",\"@id\":\"https:\/\/www.ecomusee-bresse71.fr\/en\/#website\",\"url\":\"https:\/\/www.ecomusee-bresse71.fr\/en\/\",\"name\":\"Ecomus\u00e9e de la Bresse Bourguignonne\",\"description\":\"\",\"potentialAction\":[{\"@type\":\"SearchAction\",\"target\":{\"@type\":\"EntryPoint\",\"urlTemplate\":\"https:\/\/www.ecomusee-bresse71.fr\/en\/?s={search_term_string}\"},\"query-input\":{\"@type\":\"PropertyValueSpecification\",\"valueRequired\":true,\"valueName\":\"search_term_string\"}}],\"inLanguage\":\"en-US\"}]}<\/script>\n<!-- \/ Yoast SEO plugin. -->","yoast_head_json":{"title":"Plan de site","robots":{"index":"index","follow":"follow","max-snippet":"max-snippet:-1","max-image-preview":"max-image-preview:large","max-video-preview":"max-video-preview:-1"},"canonical":"https:\/\/www.ecomusee-bresse71.fr\/en\/plan-de-site\/","og_locale":"en_US","og_type":"article","og_title":"Plan de site","og_url":"https:\/\/www.ecomusee-bresse71.fr\/en\/plan-de-site\/","og_site_name":"Ecomus\u00e9e de la Bresse Bourguignonne","twitter_card":"summary_large_image","schema":{"@context":"https:\/\/schema.org","@graph":[{"@type":"WebPage","@id":"https:\/\/www.ecomusee-bresse71.fr\/en\/plan-de-site\/","url":"https:\/\/www.ecomusee-bresse71.fr\/en\/plan-de-site\/","name":"Plan de site","isPartOf":{"@id":"https:\/\/www.ecomusee-bresse71.fr\/en\/#website"},"datePublished":"2025-01-24T14:21:08+00:00","dateModified":"2025-01-24T14:21:08+00:00","breadcrumb":{"@id":"https:\/\/www.ecomusee-bresse71.fr\/en\/plan-de-site\/#breadcrumb"},"inLanguage":"en-US","potentialAction":[{"@type":"ReadAction","target":["https:\/\/www.ecomusee-bresse71.fr\/en\/plan-de-site\/"]}]},{"@type":"BreadcrumbList","@id":"https:\/\/www.ecomusee-bresse71.fr\/en\/plan-de-site\/#breadcrumb","itemListElement":[{"@type":"ListItem","position":1,"name":"Home","item":"https:\/\/www.ecomusee-bresse71.fr\/en\/"},{"@type":"ListItem","position":2,"name":"Plan de site"}]},{"@type":"WebSite","@id":"https:\/\/www.ecomusee-bresse71.fr\/en\/#website","url":"https:\/\/www.ecomusee-bresse71.fr\/en\/","name":"Ecomus\u00e9e de la Bresse Bourguignonne","description":"","potentialAction":[{"@type":"SearchAction","target":{"@type":"EntryPoint","urlTemplate":"https:\/\/www.ecomusee-bresse71.fr\/en\/?s={search_term_string}"},"query-input":{"@type":"PropertyValueSpecification","valueRequired":true,"valueName":"search_term_string"}}],"inLanguage":"en-US"}]}},"_links":{"self":[{"href":"https:\/\/www.ecomusee-bresse71.fr\/en\/wp-json\/wp\/v2\/pages\/49"}],"collection":[{"href":"https:\/\/www.ecomusee-bresse71.fr\/en\/wp-json\/wp\/v2\/pages"}],"about":[{"href":"https:\/\/www.ecomusee-bresse71.fr\/en\/wp-json\/wp\/v2\/types\/page"}],"replies":[{"embeddable":true,"href":"https:\/\/www.ecomusee-bresse71.fr\/en\/wp-json\/wp\/v2\/comments?post=49"}],"version-history":[{"count":0,"href":"https:\/\/www.ecomusee-bresse71.fr\/en\/wp-json\/wp\/v2\/pages\/49\/revisions"}],"wp:attachment":[{"href":"https:\/\/www.ecomusee-bresse71.fr\/en\/wp-json\/wp\/v2\/media?parent=49"}],"curies":[{"name":"wp","href":"https:\/\/api.w.org\/{rel}","templated":true}]}}