{"id":865,"date":"2025-02-04T11:04:11","date_gmt":"2025-02-04T10:04:11","guid":{"rendered":"https:\/\/www.ecomusee-bresse71.fr\/tarifs-horaires-acces\/"},"modified":"2026-04-01T08:48:36","modified_gmt":"2026-04-01T06:48:36","slug":"tarifs-horaires-acces","status":"publish","type":"page","link":"https:\/\/www.ecomusee-bresse71.fr\/en\/tarifs-horaires-acces\/","title":{"rendered":"Tarifs, horaires, acc\u00e8s"},"content":{"rendered":"\n<p><a href=\"https:\/\/www.ecomusee-bresse71.fr\/en\/musees-et-sites\/\">L\u2019ensemble de nos sites<\/a> sont ouverts toute l\u2019ann\u00e9e sur r\u00e9servation et pour des animations.<\/p>\n\n\n\n<p>Pour l\u2019ouverture des sites en continu au grand public consultez les rubriques ci-dessous&nbsp;:<\/p>\n\n\n\n<h2 class=\"wp-block-heading\">Les sites actuellement ouverts au grand public<\/h2>\n\n\n\n<ul class=\"wp-block-list\">\n<li><a href=\"https:\/\/www.ecomusee-bresse71.fr\/en\/tarifs-horaires-acces\/#chateau\"><strong>Ch\u00e2teau de Pierre-de-Bresse<\/strong><\/a><\/li>\n\n\n\n<li><a href=\"https:\/\/www.ecomusee-bresse71.fr\/en\/tarifs-horaires-acces\/#imprimerie\"><strong>Mus\u00e9e de l\u2019imprimerie<\/strong><\/a><\/li>\n\n\n\n<li><a href=\"https:\/\/www.ecomusee-bresse71.fr\/en\/tarifs-horaires-acces\/#imprimerie\"><strong>Mus\u00e9e des Beaux-arts<\/strong><\/a><\/li>\n<\/ul>\n\n\n\n<h2 class=\"wp-block-heading\">Les sites encore en pause hivernale :<\/h2>\n\n\n\n<ul class=\"wp-block-list\">\n<li><a href=\"https:\/\/www.ecomusee-bresse71.fr\/en\/tarifs-horaires-acces\/#Champ-bressan\"><strong>Ferme du Champ bressan<\/strong><\/a><\/li>\n\n\n\n<li><a href=\"https:\/\/www.ecomusee-bresse71.fr\/en\/tarifs-horaires-acces\/#moulin-musee\"><strong>Moulin-mus\u00e9e<\/strong><\/a><\/li>\n\n\n\n<li><a href=\"https:\/\/www.ecomusee-bresse71.fr\/en\/tarifs-horaires-acces\/#agriculture\"><strong>Mus\u00e9e de l\u2019agriculture<\/strong><\/a><\/li>\n<\/ul>\n\n\n\n<h2 class=\"wp-block-heading\">Les sites ouverts \u00e0 des occasions sp\u00e9cifiques&nbsp;:<\/h2>\n\n\n\n<ul class=\"wp-block-list\">\n<li><a href=\"https:\/\/www.ecomusee-bresse71.fr\/en\/tarifs-horaires-acces\/#foret\"><strong>Mus\u00e9e de la For\u00eat<\/strong><\/a><\/li>\n\n\n\n<li><a href=\"https:\/\/www.ecomusee-bresse71.fr\/en\/tarifs-horaires-acces\/#moulin-de-la-croix\"><strong>Moulin de la Croix<\/strong><\/a><\/li>\n\n\n\n<li><a href=\"https:\/\/www.ecomusee-bresse71.fr\/en\/tarifs-horaires-acces\/#tuilerie\"><strong>Tuilerie<\/strong><\/a><\/li>\n\n\n\n<li><a href=\"https:\/\/www.ecomusee-bresse71.fr\/en\/tarifs-horaires-acces\/#plissonnier\"><strong>Domaine Plissonnier<\/strong><\/a><\/li>\n<\/ul>\n\n\n\n<h2 class=\"wp-block-heading\"><\/h2>\n\n\n\n<h2 class=\"wp-block-heading\" id=\"chateau\">Ch\u00e2teau d\u00e9partemental de Pierre-de-Bresse<\/h2>\n\n\n\n<p>5 ter avenue de la Gare, 71270 Pierre-de-Bresse<br><\/p>\n\n\n\n<h3 class=\"wp-block-heading\">Horaires d&#8217;Ouverture<\/h3>\n\n\n\n<ul class=\"wp-block-list\">\n<li>Ouverture sur r\u00e9servation toute l\u2019ann\u00e9e pour les groupes et pour des \u00e9v\u00e9nements.<\/li>\n\n\n\n<li>Ouverture en basses saisons : du <strong>1er avril au 30 juin et\u00a0du 1er\u00a0septembre au 11 novembre<\/strong> 2026, tous les jours <strong>de 14h \u00e0 18h<\/strong> (avec des visites guid\u00e9es propos\u00e9es \u00e0 horaires fixes tous les week-ends et jours f\u00e9ri\u00e9s \u00e0 14h30)<\/li>\n\n\n\n<li>Ouverture en haute saison : du <strong>1er&nbsp;juillet au 31 ao\u00fbt<\/strong>, tous les jours<strong> de 10h30 \u00e0 12h30 et de 13h30 \u00e0 18h30<\/strong> (avec des visites guid\u00e9es propos\u00e9es \u00e0 horaires fixes \u00e0 11h, 14h30 et 16h30)<\/li>\n\n\n\n<li>Vente des derniers billets d&#8217;entr\u00e9e 45min avant la fermeture<\/li>\n<\/ul>\n\n\n\n<p><a href=\"https:\/\/www.ecomusee-bresse71.fr\/en\/activites\/boutique-musee-bresse-bourgogne\/\"><strong>La boutique<\/strong><\/a> et le <strong><a href=\"https:\/\/www.ecomusee-bresse71.fr\/en\/activites\/snacks\/\">salon de th\u00e9<\/a> <\/strong>sont ouverts aux m\u00eames horaires et accessibles sans billets d\u2019entr\u00e9e. <\/p>\n\n\n\n<p>Le parc du ch\u00e2teau de Pierre-de-Bresse est un parc public ouvert en continu sans horaire.<\/p>\n\n\n\n<h3 class=\"wp-block-heading\">Tarifs&nbsp;du mus\u00e9e :<\/h3>\n\n\n\n<ul class=\"wp-block-list\">\n<li>Visite libre, plein tarif&nbsp;: 8.50\u20ac<\/li>\n\n\n\n<li>Visite libre, tarif r\u00e9duit (\u00e9tudiant, demandeur d\u2019emploi) : 6\u20ac<\/li>\n\n\n\n<li>Visite libre, de 12 \u00e0 18 ans : 4\u20ac<\/li>\n\n\n\n<li>Visite libre, gratuit\u00e9 jusqu\u2019\u00e0 12 ans, pour <a href=\"https:\/\/www.ecomusee-bresse71.fr\/en\/vous-etes\/habitants-adherents-ecomusee-bourgogne-71\/\">les adh\u00e9rents Ecomus\u00e9e<\/a>, pour les personnes en situation de handicap et leur accompagnant<\/li>\n\n\n\n<li>Audioguides : suppl\u00e9ment de 2\u20ac<\/li>\n\n\n\n<li>Visite guid\u00e9e \u00e0 horaire fixe : 12\u20ac<\/li>\n\n\n\n<li>Visite guid\u00e9e ou atelier pour les groupe enfants : <a href=\"https:\/\/www.ecomusee-bresse71.fr\/en\/vous-etes\/enseignants-jeunes-ecoles-71\/\">voir notre brochure<\/a><\/li>\n\n\n\n<li>Visite guid\u00e9e ou atelier pour les groupes adultes: <a href=\"https:\/\/www.ecomusee-bresse71.fr\/en\/vous-etes\/entreprises-associations-adhesion-ecomusee\/\">voir notre brochure<\/a><\/li>\n\n\n\n<li>Ev\u00e9nements et ateliers &#8220;En famille&#8221; : <a href=\"https:\/\/www.ecomusee-bresse71.fr\/events\/event\/\">voir la page d\u00e9di\u00e9e<\/a><\/li>\n\n\n\n<li>Location du g\u00eete de groupe : <a href=\"https:\/\/www.ecomusee-bresse71.fr\/en\/activites\/group-accommodation\/\">voir la page d\u00e9di\u00e9e<\/a><\/li>\n\n\n\n<li>S\u00e9minaire et location de salle : <a href=\"https:\/\/www.ecomusee-bresse71.fr\/en\/activites\/room-rental\/\">voir la page d\u00e9di\u00e9e<\/a><\/li>\n<\/ul>\n\n\n\n<p><\/p>\n\n\n\n<h2 class=\"wp-block-heading\" id=\"imprimerie\">Mus\u00e9e de l\u2019imprimerie et Mus\u00e9e des Beaux-arts<\/h2>\n\n\n\n<p>29 rue des D\u00f4danes, 71500 Louhans-Ch\u00e2teaurenaud<\/p>\n\n\n\n<h3 class=\"wp-block-heading\">Horaires d\u2019ouverture&nbsp;:<\/h3>\n\n\n\n<ul class=\"wp-block-list\">\n<li>Ouvert<strong> <\/strong>sur r\u00e9servation toute l\u2019ann\u00e9e pour les groupes et les animations<\/li>\n\n\n\n<li>Ouvert en continu <strong>du 2 mars jusqu\u2019au 21&nbsp;d\u00e9cembre 2026<\/strong>, tous les jours sauf le mardi et le dimanche, de 14h \u00e0 17h<\/li>\n<\/ul>\n\n\n\n<h3 class=\"wp-block-heading\">Tarifs&nbsp;du mus\u00e9e&nbsp;de l\u2019imprimerie :<\/h3>\n\n\n\n<ul class=\"wp-block-list\">\n<li>Visite libre, plein tarif&nbsp;: 6\u20ac (incluant un audioguide)<\/li>\n\n\n\n<li>Visite libre, de 12 \u00e0 18 ans&nbsp;: 2\u20ac<\/li>\n\n\n\n<li>Visite libre, gratuit\u00e9 jusqu\u2019\u00e0 12 ans, pour <a href=\"https:\/\/www.ecomusee-bresse71.fr\/en\/vous-etes\/habitants-adherents-ecomusee-bourgogne-71\/\">les adh\u00e9rents Ecomus\u00e9e<\/a>, pour les personnes en situation de handicap et leur accompagnant<\/li>\n\n\n\n<li>Visite guid\u00e9e \u00e0 horaire fixe : 12\u20ac (13 avril, 6 juillet, 13 juillet, 20 juillet, 27 juillet, 3 ao\u00fbt, 10 ao\u00fbt, 17 a\u00f4ut, 24 ao\u00fbt, 19 octobre 2026 \u00e0 14h30)<\/li>\n\n\n\n<li>Visite guid\u00e9e ou atelier pour les groupe enfants : <a href=\"https:\/\/www.ecomusee-bresse71.fr\/en\/vous-etes\/enseignants-jeunes-ecoles-71\/\">voir notre brochure<\/a><\/li>\n\n\n\n<li>Visite guid\u00e9e ou atelier pour les groupes adultes: <a href=\"https:\/\/www.ecomusee-bresse71.fr\/en\/vous-etes\/entreprises-associations-adhesion-ecomusee\/\">voir notre brochure<\/a><\/li>\n\n\n\n<li>Ev\u00e9nements et ateliers &#8220;En famille&#8221; : <a href=\"https:\/\/www.ecomusee-bresse71.fr\/events\/event\/\">voir la page d\u00e9di\u00e9e<\/a><\/li>\n<\/ul>\n\n\n\n<h3 class=\"wp-block-heading\">Tarifs du mus\u00e9e des Beaux-Arts&nbsp;:<\/h3>\n\n\n\n<ul class=\"wp-block-list\">\n<li>Gratuit<\/li>\n\n\n\n<li>Visite guid\u00e9e ou atelier pour les groupe enfants : <a href=\"https:\/\/www.ecomusee-bresse71.fr\/en\/vous-etes\/enseignants-jeunes-ecoles-71\/\">voir notre brochure<\/a><\/li>\n\n\n\n<li>Visite guid\u00e9e ou atelier pour les groupes adultes: <a href=\"https:\/\/www.ecomusee-bresse71.fr\/en\/vous-etes\/entreprises-associations-adhesion-ecomusee\/\">voir notre brochure<\/a><\/li>\n\n\n\n<li>Ev\u00e9nements et ateliers &#8220;En famille&#8221; : <a href=\"https:\/\/www.ecomusee-bresse71.fr\/events\/event\/\">voir la page d\u00e9di\u00e9e<\/a><\/li>\n<\/ul>\n\n\n\n<p>Ce site ne dispose pas d\u2019appareil \u00e0 carte bancaire, merci de pr\u00e9voir des esp\u00e8ces.<\/p>\n\n\n\n<p><\/p>\n\n\n\n<h2 class=\"wp-block-heading\" id=\"moulin-musee\">Moulin-mus\u00e9e<\/h2>\n\n\n\n<p>25 route de Montjay, 71470 M\u00e9netreuil<\/p>\n\n\n\n<h3 class=\"wp-block-heading\">Horaires d\u2019ouverture :<\/h3>\n\n\n\n<ul class=\"wp-block-list\">\n<li>Ouvert sur r\u00e9servation toute l\u2019ann\u00e9e pour les groupes et les animations<\/li>\n\n\n\n<li>Ouverture en continu <strong>du 6 mai au 27 septembre 2026<\/strong>, du<strong> mercredi au dimanche de 14h \u00e0 18h <\/strong>(avec des visites guid\u00e9es propos\u00e9es \u00e0 horaire fixe \u00e0 14h30, pendant les jours d&#8217;ouverture)<\/li>\n<\/ul>\n\n\n\n<h3 class=\"wp-block-heading\">Tarifs du mus\u00e9e&nbsp;:<\/h3>\n\n\n\n<ul class=\"wp-block-list\">\n<li>Visite libre, plein tarif&nbsp;: 6\u20ac (incluant un audioguide)<\/li>\n\n\n\n<li>Visite libre, de 12 \u00e0 18 ans&nbsp;: 2\u20ac<\/li>\n\n\n\n<li>Visite libre, gratuit\u00e9 jusqu\u2019\u00e0 12 ans, pour <a href=\"https:\/\/www.ecomusee-bresse71.fr\/en\/vous-etes\/habitants-adherents-ecomusee-bourgogne-71\/\">les adh\u00e9rents Ecomus\u00e9e<\/a>, pour les personnes en situation de handicap et leur accompagnant<\/li>\n\n\n\n<li>Visite guid\u00e9e \u00e0 horaire fixe : 12\u20ac<\/li>\n\n\n\n<li>Visite guid\u00e9e ou atelier pour les groupe enfants : <a href=\"https:\/\/www.ecomusee-bresse71.fr\/en\/vous-etes\/enseignants-jeunes-ecoles-71\/\">voir notre brochure<\/a><\/li>\n\n\n\n<li>Visite guid\u00e9e ou atelier pour les groupes adultes: <a href=\"https:\/\/www.ecomusee-bresse71.fr\/en\/vous-etes\/entreprises-associations-adhesion-ecomusee\/\">voir notre brochure<\/a><\/li>\n\n\n\n<li>Ev\u00e9nements et ateliers &#8220;En famille&#8221; : <a href=\"https:\/\/www.ecomusee-bresse71.fr\/events\/event\/\">voir la page d\u00e9di\u00e9e<\/a><\/li>\n<\/ul>\n\n\n\n<p>Ce site ne dispose pas d\u2019appareil \u00e0 carte bancaire, merci de pr\u00e9voir des esp\u00e8ces.<\/p>\n\n\n\n<p><\/p>\n\n\n\n<h2 class=\"wp-block-heading\" id=\"Champ-bressan\">Ferme du champ Bressan<\/h2>\n\n\n\n<p>3928 route des Alpes, 71470 Romenay<\/p>\n\n\n\n<p><strong>Ouvert du 21 mai au 27 septembre 2026, du jeudi au dimanche, de 14h \u00e0 18h30.<\/strong><\/p>\n\n\n\n<h3 class=\"wp-block-heading\">Tarifs du mus\u00e9e&nbsp;:<\/h3>\n\n\n\n<ul class=\"wp-block-list\">\n<li>Plein tarif&nbsp;: 3,50 \u20ac<\/li>\n\n\n\n<li>Gratuit\u00e9&nbsp;: moins de 18 ans, \u00e9tudiant, demander d\u2019emploi, <a href=\"https:\/\/www.ecomusee-bresse71.fr\/en\/vous-etes\/habitants-adherents-ecomusee-bourgogne-71\/\">adh\u00e9rents Ecomus\u00e9e<\/a><\/li>\n\n\n\n<li>Viosioguide : 2 \u20ac en suppl\u00e9ment.<\/li>\n\n\n\n<li>Pour les tarifs des groupes se renseigner aupr\u00e8s de la <a href=\"https:\/\/www.romenay.fr\/\" target=\"_blank\" rel=\"noreferrer noopener\"><strong>municipalit\u00e9 de Romenay.<\/strong><\/a><\/li>\n<\/ul>\n\n\n\n<p>Ce site ne dispose pas d\u2019appareil \u00e0 carte bancaire, merci de pr\u00e9voir des esp\u00e8ces.<\/p>\n\n\n\n<p><\/p>\n\n\n\n<h2 class=\"wp-block-heading\">Mus\u00e9e du bl\u00e9 et du pain<\/h2>\n\n\n\n<p>2 rue de l&#8217;\u00e9galit\u00e9,  71350 Verdun-Ciel<\/p>\n\n\n\n<p>Mus\u00e9e actuellement ferm\u00e9 aux publics<\/p>\n\n\n\n<p><\/p>\n\n\n\n<h2 class=\"wp-block-heading\" id=\"agriculture\">Mus\u00e9e de l\u2019agriculture<\/h2>\n\n\n\n<p>29 route de Sens, 71330 Saint-Germain-du-Bois<\/p>\n\n\n\n<h3 class=\"wp-block-heading\">Horaires d\u2019ouverture&nbsp;:<\/h3>\n\n\n\n<ul class=\"wp-block-list\">\n<li>Ouvert sur r\u00e9servation toute l\u2019ann\u00e9e pour les groupes et pour des \u00e9v\u00e9nements<\/li>\n\n\n\n<li>Ouverture en continu, du<strong> 2 juillet au 30 ao\u00fbt<\/strong> <strong>2026<\/strong>, du<strong> jeudi au dimanche, de 14h \u00e0 18h<\/strong><\/li>\n<\/ul>\n\n\n\n<h3 class=\"wp-block-heading\">Tarifs du mus\u00e9e&nbsp;:<\/h3>\n\n\n\n<ul class=\"wp-block-list\">\n<li>Visite libre, plein tarif&nbsp;: 4.50 \u20ac (incluant un audioguide)<\/li>\n\n\n\n<li>Visite libre, de 12 \u00e0 18 ans&nbsp;: 2 \u20ac<\/li>\n\n\n\n<li>Visite libre, gratuit\u00e9 jusqu\u2019\u00e0 12 ans, pour les <a href=\"https:\/\/www.ecomusee-bresse71.fr\/en\/vous-etes\/habitants-adherents-ecomusee-bourgogne-71\/\">adh\u00e9rents Ecomus\u00e9e<\/a>, pour les personnes en situation de handicap et leur accompagnant<\/li>\n\n\n\n<li>Visite guid\u00e9e ou atelier pour les groupe enfants : <a href=\"https:\/\/www.ecomusee-bresse71.fr\/en\/vous-etes\/enseignants-jeunes-ecoles-71\/\">voir notre brochure<\/a><\/li>\n\n\n\n<li>Visite guid\u00e9e ou atelier pour les groupes adultes: <a href=\"https:\/\/www.ecomusee-bresse71.fr\/en\/vous-etes\/entreprises-associations-adhesion-ecomusee\/\">voir notre brochure<\/a><\/li>\n\n\n\n<li>Ev\u00e9nements et ateliers : <a href=\"https:\/\/www.ecomusee-bresse71.fr\/events\/event\/\">voir la page d\u00e9di\u00e9e<\/a><\/li>\n<\/ul>\n\n\n\n<p>Ce site ne dispose pas d\u2019appareil \u00e0 carte bancaire, merci de pr\u00e9voir des esp\u00e8ces.<\/p>\n\n\n\n<p><\/p>\n\n\n\n<h2 class=\"wp-block-heading\" id=\"foret\">Mus\u00e9e de la For\u00eat<\/h2>\n\n\n\n<p>15 Rte de Longbois, 71620 Saint-Martin-en-Bresse<\/p>\n\n\n\n<h3 class=\"wp-block-heading\">Horaires d\u2019ouverture&nbsp;;<\/h3>\n\n\n\n<ul class=\"wp-block-list\">\n<li>Ouvert<strong> sur r\u00e9servation toute l\u2019ann\u00e9e pour les groupes<\/strong><\/li>\n\n\n\n<li><strong>Ouvert au grand public le premier dimanche du mois de septembre pour <a href=\"https:\/\/www.ecomusee-bresse71.fr\/events\/event\/\">la F\u00eate du Bois<\/a><\/strong> et pour des <a href=\"https:\/\/www.ecomusee-bresse71.fr\/events\/event\/\">\u00e9v\u00e9nements culturels<\/a><\/li>\n<\/ul>\n\n\n\n<h3 class=\"wp-block-heading\">Tarifs&nbsp;du mus\u00e9e :<\/h3>\n\n\n\n<ul class=\"wp-block-list\">\n<li>Visite guid\u00e9e ou atelier pour les groupe enfants : <a href=\"https:\/\/www.ecomusee-bresse71.fr\/en\/vous-etes\/enseignants-jeunes-ecoles-71\/\">voir notre brochure<\/a><\/li>\n\n\n\n<li>Visite guid\u00e9e ou atelier pour les groupes adultes: <a href=\"https:\/\/www.ecomusee-bresse71.fr\/en\/vous-etes\/entreprises-associations-adhesion-ecomusee\/\">voir notre brochure<\/a><\/li>\n<\/ul>\n\n\n\n<p><\/p>\n\n\n\n<p><\/p>\n\n\n\n<h2 class=\"wp-block-heading\">Maison vigneronne<\/h2>\n\n\n\n<p>rue des lombards (Cour du ch\u00e2teau des Princes d\u2019Orange), 71480 Cuiseaux<\/p>\n\n\n\n<p>Mus\u00e9e actuellement ferm\u00e9 aux publics<\/p>\n\n\n\n<h5 class=\"wp-block-heading\"><\/h5>\n\n\n\n<h2 class=\"wp-block-heading\" id=\"moulin-de-la-croix\">Moulin de la Croix<\/h2>\n\n\n\n<p>470 Rte de Saint-Martin, 71500 Ratte<\/p>\n\n\n\n<p><strong>Horaires d\u2019ouverture&nbsp;:<\/strong><\/p>\n\n\n\n<ul class=\"wp-block-list\">\n<li>Ouvert sur r\u00e9servation toute l\u2019ann\u00e9e pour les groupes<\/li>\n\n\n\n<li>Ouvert au grand public pour les dimanches <strong>des <a href=\"https:\/\/www.patrimoinedepays-moulins.org\/\">Journ\u00e9es du Patrimoine de Pays et des Moulins<\/a> et des Journ\u00e9es europ\u00e9ennes du patrimoine<\/strong><\/li>\n<\/ul>\n\n\n\n<h3 class=\"wp-block-heading\">Tarifs du mus\u00e9e&nbsp;:<\/h3>\n\n\n\n<ul class=\"wp-block-list\">\n<li>Visite guid\u00e9e ou atelier pour les groupe enfants : <a href=\"https:\/\/www.ecomusee-bresse71.fr\/en\/vous-etes\/enseignants-jeunes-ecoles-71\/\">voir notre brochure<\/a><\/li>\n\n\n\n<li>Visite guid\u00e9e ou atelier pour les groupes adultes: <a href=\"https:\/\/www.ecomusee-bresse71.fr\/en\/vous-etes\/entreprises-associations-adhesion-ecomusee\/\">voir notre brochure<\/a><\/li>\n<\/ul>\n\n\n\n<p><\/p>\n\n\n\n<h2 class=\"wp-block-heading\" id=\"tuilerie\">Tuilerie<\/h2>\n\n\n\n<p>85 R\u00e9al, 71480 Varennes-Saint-Sauveur<\/p>\n\n\n\n<p>Situ\u00e9e \u00e0 l&#8217;entr\u00e9e Nord du village sur la route d\u00e9partementale 996 (Louhans &#8211; Bourg-en-Bresse)<\/p>\n\n\n\n<p><strong>Ouvert au grand public le dimanche des Journ\u00e9es europ\u00e9ennes du patrimoine<\/strong> et lors d&#8217;\u00e9v\u00e9nements organis\u00e9s par Les Amis de la Tuilerie<\/p>\n\n\n\n<h3 class=\"wp-block-heading\">Tarifs :<\/h3>\n\n\n\n<ul class=\"wp-block-list\">\n<li>Tarif de location de la Tuilerie pour des \u00e9v\u00e9nements : voir avec l&#8217;association <a href=\"https:\/\/www.varennes-saint-sauveur.fr\/locations.htm\">Les Amis de la Tuilerie<\/a><\/li>\n<\/ul>\n\n\n\n<p><\/p>\n\n\n\n<h2 class=\"wp-block-heading\" id=\"plissonnier\">Domaine Plissonnier<\/h2>\n\n\n\n<p>17 route de Louhans, 71440 Saint-Andr\u00e9-en-Bresse&nbsp;<\/p>\n\n\n\n<h3 class=\"wp-block-heading\">Horaires d\u2019ouverture&nbsp;<\/h3>\n\n\n\n<ul class=\"wp-block-list\">\n<li>Ouvert sur r\u00e9servation toute l\u2019ann\u00e9e pour les groupes<\/li>\n\n\n\n<li>Ouvert au grand public pour le dimanche des Journ\u00e9es europ\u00e9ennes du patrimoine<\/li>\n<\/ul>\n\n\n\n<h4 class=\"wp-block-heading\">Tarifs<\/h4>\n\n\n\n<ul class=\"wp-block-list\">\n<li>Visite guid\u00e9e ou atelier pour les groupe enfants : <a href=\"https:\/\/www.ecomusee-bresse71.fr\/en\/vous-etes\/enseignants-jeunes-ecoles-71\/\">voir notre brochure<\/a><\/li>\n\n\n\n<li>Visite guid\u00e9e ou atelier pour les groupes adultes: <a href=\"https:\/\/www.ecomusee-bresse71.fr\/en\/vous-etes\/entreprises-associations-adhesion-ecomusee\/\">voir notre brochure<\/a><\/li>\n\n\n\n<li>Tarif de location du g\u00eete de groupe : voir directement avec la <a href=\"https:\/\/www.grandsgites.com\/gite-71-domaine-plissonnier-1311.htm\">communaut\u00e9 de communes<\/a> <\/li>\n<\/ul>\n\n\n\n<p><\/p>\n\n\n\n<h2 class=\"wp-block-heading\">Galerie des Moulins de Sagy<\/h2>\n\n\n\n<p>Rte des Galland, 71580 Sagy &#8211; (au centre du village, derri\u00e8re la biblioth\u00e8que)<\/p>\n\n\n\n<p><strong> Ce site est en acc\u00e8s libre<\/strong><\/p>\n","protected":false},"excerpt":{"rendered":"<p>L\u2019ensemble de nos sites sont ouverts toute l\u2019ann\u00e9e sur r\u00e9servation et pour des animations. Pour l\u2019ouverture des sites en continu [&hellip;]<\/p>\n","protected":false},"author":7,"featured_media":0,"parent":0,"menu_order":0,"comment_status":"closed","ping_status":"closed","template":"","meta":{"_acf_changed":false,"footnotes":""},"class_list":["post-865","page","type-page","status-publish","hentry"],"acf":[],"yoast_head":"<!-- This site is optimized with the Yoast SEO plugin v24.3 - https:\/\/yoast.com\/wordpress\/plugins\/seo\/ -->\n<title>Tarifs, horaires, acc\u00e8s | Ecomus\u00e9e de la Bresse Bourguignonne<\/title>\n<meta name=\"robots\" content=\"index, follow, max-snippet:-1, max-image-preview:large, max-video-preview:-1\" \/>\n<link rel=\"canonical\" href=\"https:\/\/www.ecomusee-bresse71.fr\/en\/tarifs-horaires-acces\/\" \/>\n<meta property=\"og:locale\" content=\"en_US\" \/>\n<meta property=\"og:type\" content=\"article\" \/>\n<meta property=\"og:title\" content=\"Tarifs, horaires, acc\u00e8s | Ecomus\u00e9e de la Bresse Bourguignonne\" \/>\n<meta property=\"og:description\" content=\"L\u2019ensemble de nos sites sont ouverts toute l\u2019ann\u00e9e sur r\u00e9servation et pour des animations. Pour l\u2019ouverture des sites en continu [&hellip;]\" \/>\n<meta property=\"og:url\" content=\"https:\/\/www.ecomusee-bresse71.fr\/en\/tarifs-horaires-acces\/\" \/>\n<meta property=\"og:site_name\" content=\"Ecomus\u00e9e de la Bresse Bourguignonne\" \/>\n<meta property=\"article:modified_time\" content=\"2026-04-01T06:48:36+00:00\" \/>\n<meta name=\"twitter:card\" content=\"summary_large_image\" \/>\n<meta name=\"twitter:label1\" content=\"Est. reading time\" \/>\n\t<meta name=\"twitter:data1\" content=\"7 minutes\" \/>\n<script type=\"application\/ld+json\" class=\"yoast-schema-graph\">{\"@context\":\"https:\/\/schema.org\",\"@graph\":[{\"@type\":\"WebPage\",\"@id\":\"https:\/\/www.ecomusee-bresse71.fr\/en\/tarifs-horaires-acces\/\",\"url\":\"https:\/\/www.ecomusee-bresse71.fr\/en\/tarifs-horaires-acces\/\",\"name\":\"Tarifs, horaires, acc\u00e8s | Ecomus\u00e9e de la Bresse Bourguignonne\",\"isPartOf\":{\"@id\":\"https:\/\/www.ecomusee-bresse71.fr\/en\/#website\"},\"datePublished\":\"2025-02-04T10:04:11+00:00\",\"dateModified\":\"2026-04-01T06:48:36+00:00\",\"breadcrumb\":{\"@id\":\"https:\/\/www.ecomusee-bresse71.fr\/en\/tarifs-horaires-acces\/#breadcrumb\"},\"inLanguage\":\"en-US\",\"potentialAction\":[{\"@type\":\"ReadAction\",\"target\":[\"https:\/\/www.ecomusee-bresse71.fr\/en\/tarifs-horaires-acces\/\"]}]},{\"@type\":\"BreadcrumbList\",\"@id\":\"https:\/\/www.ecomusee-bresse71.fr\/en\/tarifs-horaires-acces\/#breadcrumb\",\"itemListElement\":[{\"@type\":\"ListItem\",\"position\":1,\"name\":\"Home\",\"item\":\"https:\/\/www.ecomusee-bresse71.fr\/en\/\"},{\"@type\":\"ListItem\",\"position\":2,\"name\":\"Tarifs, horaires, acc\u00e8s\"}]},{\"@type\":\"WebSite\",\"@id\":\"https:\/\/www.ecomusee-bresse71.fr\/en\/#website\",\"url\":\"https:\/\/www.ecomusee-bresse71.fr\/en\/\",\"name\":\"Ecomus\u00e9e de la Bresse Bourguignonne\",\"description\":\"\",\"potentialAction\":[{\"@type\":\"SearchAction\",\"target\":{\"@type\":\"EntryPoint\",\"urlTemplate\":\"https:\/\/www.ecomusee-bresse71.fr\/en\/?s={search_term_string}\"},\"query-input\":{\"@type\":\"PropertyValueSpecification\",\"valueRequired\":true,\"valueName\":\"search_term_string\"}}],\"inLanguage\":\"en-US\"}]}<\/script>\n<!-- \/ Yoast SEO plugin. -->","yoast_head_json":{"title":"Tarifs, horaires, acc\u00e8s | Ecomus\u00e9e de la Bresse Bourguignonne","robots":{"index":"index","follow":"follow","max-snippet":"max-snippet:-1","max-image-preview":"max-image-preview:large","max-video-preview":"max-video-preview:-1"},"canonical":"https:\/\/www.ecomusee-bresse71.fr\/en\/tarifs-horaires-acces\/","og_locale":"en_US","og_type":"article","og_title":"Tarifs, horaires, acc\u00e8s | Ecomus\u00e9e de la Bresse Bourguignonne","og_description":"L\u2019ensemble de nos sites sont ouverts toute l\u2019ann\u00e9e sur r\u00e9servation et pour des animations. Pour l\u2019ouverture des sites en continu [&hellip;]","og_url":"https:\/\/www.ecomusee-bresse71.fr\/en\/tarifs-horaires-acces\/","og_site_name":"Ecomus\u00e9e de la Bresse Bourguignonne","article_modified_time":"2026-04-01T06:48:36+00:00","twitter_card":"summary_large_image","twitter_misc":{"Est. reading time":"7 minutes"},"schema":{"@context":"https:\/\/schema.org","@graph":[{"@type":"WebPage","@id":"https:\/\/www.ecomusee-bresse71.fr\/en\/tarifs-horaires-acces\/","url":"https:\/\/www.ecomusee-bresse71.fr\/en\/tarifs-horaires-acces\/","name":"Tarifs, horaires, acc\u00e8s | Ecomus\u00e9e de la Bresse Bourguignonne","isPartOf":{"@id":"https:\/\/www.ecomusee-bresse71.fr\/en\/#website"},"datePublished":"2025-02-04T10:04:11+00:00","dateModified":"2026-04-01T06:48:36+00:00","breadcrumb":{"@id":"https:\/\/www.ecomusee-bresse71.fr\/en\/tarifs-horaires-acces\/#breadcrumb"},"inLanguage":"en-US","potentialAction":[{"@type":"ReadAction","target":["https:\/\/www.ecomusee-bresse71.fr\/en\/tarifs-horaires-acces\/"]}]},{"@type":"BreadcrumbList","@id":"https:\/\/www.ecomusee-bresse71.fr\/en\/tarifs-horaires-acces\/#breadcrumb","itemListElement":[{"@type":"ListItem","position":1,"name":"Home","item":"https:\/\/www.ecomusee-bresse71.fr\/en\/"},{"@type":"ListItem","position":2,"name":"Tarifs, horaires, acc\u00e8s"}]},{"@type":"WebSite","@id":"https:\/\/www.ecomusee-bresse71.fr\/en\/#website","url":"https:\/\/www.ecomusee-bresse71.fr\/en\/","name":"Ecomus\u00e9e de la Bresse Bourguignonne","description":"","potentialAction":[{"@type":"SearchAction","target":{"@type":"EntryPoint","urlTemplate":"https:\/\/www.ecomusee-bresse71.fr\/en\/?s={search_term_string}"},"query-input":{"@type":"PropertyValueSpecification","valueRequired":true,"valueName":"search_term_string"}}],"inLanguage":"en-US"}]}},"_links":{"self":[{"href":"https:\/\/www.ecomusee-bresse71.fr\/en\/wp-json\/wp\/v2\/pages\/865"}],"collection":[{"href":"https:\/\/www.ecomusee-bresse71.fr\/en\/wp-json\/wp\/v2\/pages"}],"about":[{"href":"https:\/\/www.ecomusee-bresse71.fr\/en\/wp-json\/wp\/v2\/types\/page"}],"author":[{"embeddable":true,"href":"https:\/\/www.ecomusee-bresse71.fr\/en\/wp-json\/wp\/v2\/users\/7"}],"replies":[{"embeddable":true,"href":"https:\/\/www.ecomusee-bresse71.fr\/en\/wp-json\/wp\/v2\/comments?post=865"}],"version-history":[{"count":2,"href":"https:\/\/www.ecomusee-bresse71.fr\/en\/wp-json\/wp\/v2\/pages\/865\/revisions"}],"predecessor-version":[{"id":5438,"href":"https:\/\/www.ecomusee-bresse71.fr\/en\/wp-json\/wp\/v2\/pages\/865\/revisions\/5438"}],"wp:attachment":[{"href":"https:\/\/www.ecomusee-bresse71.fr\/en\/wp-json\/wp\/v2\/media?parent=865"}],"curies":[{"name":"wp","href":"https:\/\/api.w.org\/{rel}","templated":true}]}}