{"id":870,"date":"2025-02-04T11:04:10","date_gmt":"2025-02-04T10:04:10","guid":{"rendered":"https:\/\/www.ecomusee-bresse71.fr\/entreprises-associations-adhesion-ecomusee\/"},"modified":"2025-12-09T15:24:16","modified_gmt":"2025-12-09T14:24:16","slug":"entreprises-associations-adhesion-ecomusee","status":"publish","type":"page","link":"https:\/\/www.ecomusee-bresse71.fr\/en\/vous-etes\/entreprises-associations-adhesion-ecomusee\/","title":{"rendered":"Entreprises \/ associations"},"content":{"rendered":"\n<p><a href=\"https:\/\/www.ecomusee-bresse71.fr\/en\/ecomusee\/\"><strong>L\u2019\u00c9comus\u00e9e de la Bresse<\/strong><\/a>, son vaste r\u00e9seau de sites patrimoniaux remarquables et son panel tr\u00e8s vari\u00e9 d\u2019activit\u00e9s en tout genre, vous permettent de proposer \u00e0 vos adh\u00e9rents, \u00e0 vos collaborateurs ou \u00e0 vos clients des moments privil\u00e9gi\u00e9s de travail et\/ou de d\u00e9tente.<\/p>\n\n\n\n<p class=\"has-text-align-left\"><a href=\"https:\/\/www.ecomusee-bresse71.fr\/en\/musees-et-sites\/\"><strong>D\u00e9couvrir tous nos sites<\/strong><\/a><\/p>\n\n\n\n<div class=\"wp-block-columns are-vertically-aligned-center is-layout-flex wp-container-core-columns-is-layout-1 wp-block-columns-is-layout-flex\">\n<div class=\"wp-block-column is-vertically-aligned-center is-layout-flow wp-block-column-is-layout-flow\">\n<h2 class=\"wp-block-heading\">Faire des activit\u00e9s pour passer un moment convivial, stimuler la coh\u00e9sion ou la cr\u00e9ativit\u00e9<\/h2>\n\n\n\n<p>Les \u00e9quipes de <strong>l\u2019\u00c9comus\u00e9e de la Bresse <\/strong>peuvent vous proposer des<strong> activit\u00e9s en groupe, ludiques, instructives, enrichissantes <\/strong>ou <strong>favorisant la coh\u00e9sion<\/strong>. Vous avez besoin d\u2019un simple moment de d\u00e9tente ou d\u2019une v\u00e9ritable activit\u00e9 collective, nous pouvons nous adapter \u00e0 vos demandes.<\/p>\n<\/div>\n\n\n\n<div class=\"wp-block-column is-vertically-aligned-center is-layout-flow wp-block-column-is-layout-flow\">\n<figure class=\"wp-block-image size-large\"><img loading=\"lazy\" decoding=\"async\" width=\"1024\" height=\"683\" src=\"https:\/\/www.ecomusee-bresse71.fr\/contenu\/uploads\/2025\/03\/chateau-pierre-bresse-ecomusee-publigo-quentin-danel-146-1024x683.jpg\" alt=\"\" class=\"wp-image-547\"\/><\/figure>\n<\/div>\n<\/div>\n\n\n\n<h2 class=\"wp-block-heading\"><br>D\u00e9couvrez nos offres groupes 2026<\/h2>\n\n\n\n<div data-wp-interactive=\"core\/file\" class=\"wp-block-file\"><object data-wp-bind--hidden=\"!state.hasPdfPreview\"  class=\"wp-block-file__embed\" data=\"https:\/\/www.ecomusee-bresse71.fr\/contenu\/uploads\/2025\/10\/26-Brochure_Groupe-Adultes.pdf\" type=\"application\/pdf\" style=\"width:100%;height:600px\" aria-label=\"Embed of 26-Brochure_Groupe-Adultes.\"><\/object><a id=\"wp-block-file--media-9db8bfde-607c-40c8-817b-4196f2e56deb\" href=\"https:\/\/www.ecomusee-bresse71.fr\/contenu\/uploads\/2025\/10\/26-Brochure_Groupe-Adultes.pdf\">26-Brochure_Groupe-Adultes<\/a><a href=\"https:\/\/www.ecomusee-bresse71.fr\/contenu\/uploads\/2025\/10\/26-Brochure_Groupe-Adultes.pdf\" class=\"wp-block-file__button wp-element-button\" download aria-describedby=\"wp-block-file--media-9db8bfde-607c-40c8-817b-4196f2e56deb\">T\u00e9l\u00e9charger<\/a><\/div>\n\n\n\n<p><strong>Organiser des r\u00e9unions ou des moments de convivialit\u00e9<\/strong><\/p>\n\n\n\n<p>Au sein du <a href=\"https:\/\/www.ecomusee-bresse71.fr\/en\/musees-et-sites\/chateau-pierre-de-bresse-71\/\"><strong>ch\u00e2teau de Pierre-de-Bresse<\/strong><\/a>, plusieurs salles de r\u00e9union offrent un cadre id\u00e9al pour tous types <strong>d\u2019\u00e9v\u00e9nements professionnels <\/strong>et <strong>associatifs<\/strong>. La location d\u2019une salle peut s\u2019accompagner d\u2019une <strong>prestation <\/strong>de <strong>restauration <\/strong>selon vos demandes (accueil caf\u00e9, cocktail dinatoire, d\u00e9jeuner gastronomique, etc).<\/p>\n\n\n\n<ul class=\"wp-block-list\">\n<li><a href=\"https:\/\/www.ecomusee-bresse71.fr\/contenu\/uploads\/2025\/06\/25-Brochure_Groupe-Adultes_BD.pdf\" target=\"_blank\" rel=\"noreferrer noopener\"><strong>D\u00e9couvrir toutes nos offres groupes <\/strong><\/a><\/li>\n\n\n\n<li><a href=\"https:\/\/www.ecomusee-bresse71.fr\/en\/activites\/\"><strong>D\u00e9couvrir toutes nos activit\u00e9s<\/strong><\/a><\/li>\n\n\n\n<li><a href=\"https:\/\/www.ecomusee-bresse71.fr\/events\/event\/\"><strong>D\u00e9couvrir tous nos \u00e9v\u00e9nements<\/strong><\/a><\/li>\n<\/ul>\n\n\n\n<ul class=\"wp-block-list\">\n<li>D\u00e9couvrir nos offres de s\u00e9minaire<\/li>\n<\/ul>\n\n\n\n<figure class=\"wp-block-gallery has-nested-images columns-default is-cropped wp-block-gallery-1 is-layout-flex wp-block-gallery-is-layout-flex\">\n<figure class=\"wp-block-image size-large\"><a href=\"https:\/\/www.ecomusee-bresse71.fr\/contenu\/uploads\/2025\/06\/Photo-44-1-scaled.jpg\"><img loading=\"lazy\" decoding=\"async\" width=\"1024\" height=\"768\" data-id=\"1778\" src=\"https:\/\/www.ecomusee-bresse71.fr\/contenu\/uploads\/2025\/06\/Photo-44-1-1024x768.jpg\" alt=\"\" class=\"wp-image-1778\"\/><\/a><\/figure>\n\n\n\n<figure class=\"wp-block-image size-large\"><a href=\"https:\/\/www.ecomusee-bresse71.fr\/contenu\/uploads\/2025\/06\/Photo-45-scaled.jpg\"><img loading=\"lazy\" decoding=\"async\" width=\"1024\" height=\"768\" data-id=\"1780\" src=\"https:\/\/www.ecomusee-bresse71.fr\/contenu\/uploads\/2025\/06\/Photo-45-1024x768.jpg\" alt=\"\" class=\"wp-image-1780\"\/><\/a><\/figure>\n\n\n\n<figure class=\"wp-block-image size-large\"><a href=\"https:\/\/www.ecomusee-bresse71.fr\/contenu\/uploads\/2025\/06\/Photo-46-scaled.jpg\"><img loading=\"lazy\" decoding=\"async\" width=\"1024\" height=\"768\" data-id=\"1783\" src=\"https:\/\/www.ecomusee-bresse71.fr\/contenu\/uploads\/2025\/06\/Photo-46-1024x768.jpg\" alt=\"\" class=\"wp-image-1783\"\/><\/a><\/figure>\n<\/figure>\n\n\n\n<h2 class=\"wp-block-heading\"><br>Offrir des produits locaux<\/h2>\n\n\n\n<p>Plusieurs sites du r\u00e9seau de<strong> l\u2019\u00c9comus\u00e9e<\/strong> proposent aux visiteurs des boutiques de produits locaux. Vous y trouverez des&nbsp;cadeaux&nbsp;<strong>\u00ab&nbsp;made in Bresse&nbsp;\u00bb<\/strong> ou originaux \u00e0 faire \u00e0 vos adh\u00e9rents, vos collaborateurs ou vos clients.<\/p>\n\n\n\n<p class=\"has-text-align-left\"><a href=\"https:\/\/www.ecomusee-bresse71.fr\/en\/activites\/boutique-musee-bresse-bourgogne\/\"><strong>Voir nos boutiques<\/strong><\/a><\/p>\n\n\n\n<h2 class=\"wp-block-heading\">Soutenir l\u2019\u00c9comus\u00e9e de la Bresse<\/h2>\n\n\n\n<p><strong><a href=\"https:\/\/www.ecomusee-bresse71.fr\/en\/ecomusee\/\">L\u2019\u00c9comus\u00e9e de la Bresse<\/a><\/strong> est une association loi 1901, reconnue d&#8217;utilit\u00e9 publique, qui d\u00e9fend des valeurs que vous partagez peut-\u00eatre. Vous pouvez soutenir nos actions en adh\u00e9rant \u00e0 notre association et b\u00e9n\u00e9ficier de tarifs privil\u00e9gi\u00e9s et de r\u00e9ductions d\u2019imp\u00f4ts.<\/p>\n\n\n\n<p class=\"has-text-align-left\">En savoir plus sur <strong><a href=\"https:\/\/www.ecomusee-bresse71.fr\/contenu\/uploads\/2025\/12\/26-Formulaire-adhesion-entreprise.pdf\" target=\"_blank\" rel=\"noreferrer noopener\">l&#8217;adh\u00e9sion des entreprises et associations<\/a><\/strong><\/p>\n\n\n\n<p><\/p>\n","protected":false},"excerpt":{"rendered":"<p>L\u2019\u00c9comus\u00e9e de la Bresse, son vaste r\u00e9seau de sites patrimoniaux remarquables et son panel tr\u00e8s vari\u00e9 d\u2019activit\u00e9s en tout genre, [&hellip;]<\/p>\n","protected":false},"author":7,"featured_media":0,"parent":889,"menu_order":5,"comment_status":"closed","ping_status":"closed","template":"","meta":{"_acf_changed":false,"footnotes":""},"class_list":["post-870","page","type-page","status-publish","hentry"],"acf":[],"yoast_head":"<!-- This site is optimized with the Yoast SEO plugin v24.3 - https:\/\/yoast.com\/wordpress\/plugins\/seo\/ -->\n<title>Ecomus\u00e9e de la Bresse Bourguignonne | Adh\u00e9sion entreprise\/asso<\/title>\n<meta name=\"description\" content=\"L\u2019\u00c9comus\u00e9e de la Bresse est un ensemble de mus\u00e9es et de sites patrimoniaux d\u00e9di\u00e9s \u00e0 la pr\u00e9servation et \u00e0 la transmission collective bressane.\" \/>\n<meta name=\"robots\" content=\"index, follow, max-snippet:-1, max-image-preview:large, max-video-preview:-1\" \/>\n<link rel=\"canonical\" href=\"https:\/\/www.ecomusee-bresse71.fr\/en\/vous-etes\/entreprises-associations-adhesion-ecomusee\/\" \/>\n<meta property=\"og:locale\" content=\"en_US\" \/>\n<meta property=\"og:type\" content=\"article\" \/>\n<meta property=\"og:title\" content=\"Ecomus\u00e9e de la Bresse Bourguignonne | Adh\u00e9sion entreprise\/asso\" \/>\n<meta property=\"og:description\" content=\"L\u2019\u00c9comus\u00e9e de la Bresse est un ensemble de mus\u00e9es et de sites patrimoniaux d\u00e9di\u00e9s \u00e0 la pr\u00e9servation et \u00e0 la transmission collective bressane.\" \/>\n<meta property=\"og:url\" content=\"https:\/\/www.ecomusee-bresse71.fr\/en\/vous-etes\/entreprises-associations-adhesion-ecomusee\/\" \/>\n<meta property=\"og:site_name\" content=\"Ecomus\u00e9e de la Bresse Bourguignonne\" \/>\n<meta property=\"article:modified_time\" content=\"2025-12-09T14:24:16+00:00\" \/>\n<meta property=\"og:image\" content=\"https:\/\/www.ecomusee-bresse71.fr\/contenu\/uploads\/2025\/03\/chateau-pierre-bresse-ecomusee-publigo-quentin-danel-146-1024x683.jpg\" \/>\n\t<meta property=\"og:image:width\" content=\"1024\" \/>\n\t<meta property=\"og:image:height\" content=\"683\" \/>\n\t<meta property=\"og:image:type\" content=\"image\/jpeg\" \/>\n<meta name=\"twitter:card\" content=\"summary_large_image\" \/>\n<meta name=\"twitter:label1\" content=\"Est. reading time\" \/>\n\t<meta name=\"twitter:data1\" content=\"3 minutes\" \/>\n<script type=\"application\/ld+json\" class=\"yoast-schema-graph\">{\"@context\":\"https:\/\/schema.org\",\"@graph\":[{\"@type\":\"WebPage\",\"@id\":\"https:\/\/www.ecomusee-bresse71.fr\/en\/vous-etes\/entreprises-associations-adhesion-ecomusee\/\",\"url\":\"https:\/\/www.ecomusee-bresse71.fr\/en\/vous-etes\/entreprises-associations-adhesion-ecomusee\/\",\"name\":\"Ecomus\u00e9e de la Bresse Bourguignonne | Adh\u00e9sion entreprise\/asso\",\"isPartOf\":{\"@id\":\"https:\/\/www.ecomusee-bresse71.fr\/en\/#website\"},\"primaryImageOfPage\":{\"@id\":\"https:\/\/www.ecomusee-bresse71.fr\/en\/vous-etes\/entreprises-associations-adhesion-ecomusee\/#primaryimage\"},\"image\":{\"@id\":\"https:\/\/www.ecomusee-bresse71.fr\/en\/vous-etes\/entreprises-associations-adhesion-ecomusee\/#primaryimage\"},\"thumbnailUrl\":\"https:\/\/www.ecomusee-bresse71.fr\/contenu\/uploads\/2025\/03\/chateau-pierre-bresse-ecomusee-publigo-quentin-danel-146-1024x683.jpg\",\"datePublished\":\"2025-02-04T10:04:10+00:00\",\"dateModified\":\"2025-12-09T14:24:16+00:00\",\"description\":\"L\u2019\u00c9comus\u00e9e de la Bresse est un ensemble de mus\u00e9es et de sites patrimoniaux d\u00e9di\u00e9s \u00e0 la pr\u00e9servation et \u00e0 la transmission collective bressane.\",\"breadcrumb\":{\"@id\":\"https:\/\/www.ecomusee-bresse71.fr\/en\/vous-etes\/entreprises-associations-adhesion-ecomusee\/#breadcrumb\"},\"inLanguage\":\"en-US\",\"potentialAction\":[{\"@type\":\"ReadAction\",\"target\":[\"https:\/\/www.ecomusee-bresse71.fr\/en\/vous-etes\/entreprises-associations-adhesion-ecomusee\/\"]}]},{\"@type\":\"ImageObject\",\"inLanguage\":\"en-US\",\"@id\":\"https:\/\/www.ecomusee-bresse71.fr\/en\/vous-etes\/entreprises-associations-adhesion-ecomusee\/#primaryimage\",\"url\":\"https:\/\/www.ecomusee-bresse71.fr\/contenu\/uploads\/2025\/03\/chateau-pierre-bresse-ecomusee-publigo-quentin-danel-146-1024x683.jpg\",\"contentUrl\":\"https:\/\/www.ecomusee-bresse71.fr\/contenu\/uploads\/2025\/03\/chateau-pierre-bresse-ecomusee-publigo-quentin-danel-146-1024x683.jpg\"},{\"@type\":\"BreadcrumbList\",\"@id\":\"https:\/\/www.ecomusee-bresse71.fr\/en\/vous-etes\/entreprises-associations-adhesion-ecomusee\/#breadcrumb\",\"itemListElement\":[{\"@type\":\"ListItem\",\"position\":1,\"name\":\"Home\",\"item\":\"https:\/\/www.ecomusee-bresse71.fr\/en\/\"},{\"@type\":\"ListItem\",\"position\":2,\"name\":\"Vous \u00eates ?\",\"item\":\"https:\/\/www.ecomusee-bresse71.fr\/en\/vous-etes\/\"},{\"@type\":\"ListItem\",\"position\":3,\"name\":\"Entreprises \/ associations\"}]},{\"@type\":\"WebSite\",\"@id\":\"https:\/\/www.ecomusee-bresse71.fr\/en\/#website\",\"url\":\"https:\/\/www.ecomusee-bresse71.fr\/en\/\",\"name\":\"Ecomus\u00e9e de la Bresse Bourguignonne\",\"description\":\"\",\"potentialAction\":[{\"@type\":\"SearchAction\",\"target\":{\"@type\":\"EntryPoint\",\"urlTemplate\":\"https:\/\/www.ecomusee-bresse71.fr\/en\/?s={search_term_string}\"},\"query-input\":{\"@type\":\"PropertyValueSpecification\",\"valueRequired\":true,\"valueName\":\"search_term_string\"}}],\"inLanguage\":\"en-US\"}]}<\/script>\n<!-- \/ Yoast SEO plugin. -->","yoast_head_json":{"title":"Ecomus\u00e9e de la Bresse Bourguignonne | Adh\u00e9sion entreprise\/asso","description":"L\u2019\u00c9comus\u00e9e de la Bresse est un ensemble de mus\u00e9es et de sites patrimoniaux d\u00e9di\u00e9s \u00e0 la pr\u00e9servation et \u00e0 la transmission collective bressane.","robots":{"index":"index","follow":"follow","max-snippet":"max-snippet:-1","max-image-preview":"max-image-preview:large","max-video-preview":"max-video-preview:-1"},"canonical":"https:\/\/www.ecomusee-bresse71.fr\/en\/vous-etes\/entreprises-associations-adhesion-ecomusee\/","og_locale":"en_US","og_type":"article","og_title":"Ecomus\u00e9e de la Bresse Bourguignonne | Adh\u00e9sion entreprise\/asso","og_description":"L\u2019\u00c9comus\u00e9e de la Bresse est un ensemble de mus\u00e9es et de sites patrimoniaux d\u00e9di\u00e9s \u00e0 la pr\u00e9servation et \u00e0 la transmission collective bressane.","og_url":"https:\/\/www.ecomusee-bresse71.fr\/en\/vous-etes\/entreprises-associations-adhesion-ecomusee\/","og_site_name":"Ecomus\u00e9e de la Bresse Bourguignonne","article_modified_time":"2025-12-09T14:24:16+00:00","og_image":[{"width":1024,"height":683,"url":"https:\/\/www.ecomusee-bresse71.fr\/contenu\/uploads\/2025\/03\/chateau-pierre-bresse-ecomusee-publigo-quentin-danel-146-1024x683.jpg","type":"image\/jpeg"}],"twitter_card":"summary_large_image","twitter_misc":{"Est. reading time":"3 minutes"},"schema":{"@context":"https:\/\/schema.org","@graph":[{"@type":"WebPage","@id":"https:\/\/www.ecomusee-bresse71.fr\/en\/vous-etes\/entreprises-associations-adhesion-ecomusee\/","url":"https:\/\/www.ecomusee-bresse71.fr\/en\/vous-etes\/entreprises-associations-adhesion-ecomusee\/","name":"Ecomus\u00e9e de la Bresse Bourguignonne | Adh\u00e9sion entreprise\/asso","isPartOf":{"@id":"https:\/\/www.ecomusee-bresse71.fr\/en\/#website"},"primaryImageOfPage":{"@id":"https:\/\/www.ecomusee-bresse71.fr\/en\/vous-etes\/entreprises-associations-adhesion-ecomusee\/#primaryimage"},"image":{"@id":"https:\/\/www.ecomusee-bresse71.fr\/en\/vous-etes\/entreprises-associations-adhesion-ecomusee\/#primaryimage"},"thumbnailUrl":"https:\/\/www.ecomusee-bresse71.fr\/contenu\/uploads\/2025\/03\/chateau-pierre-bresse-ecomusee-publigo-quentin-danel-146-1024x683.jpg","datePublished":"2025-02-04T10:04:10+00:00","dateModified":"2025-12-09T14:24:16+00:00","description":"L\u2019\u00c9comus\u00e9e de la Bresse est un ensemble de mus\u00e9es et de sites patrimoniaux d\u00e9di\u00e9s \u00e0 la pr\u00e9servation et \u00e0 la transmission collective bressane.","breadcrumb":{"@id":"https:\/\/www.ecomusee-bresse71.fr\/en\/vous-etes\/entreprises-associations-adhesion-ecomusee\/#breadcrumb"},"inLanguage":"en-US","potentialAction":[{"@type":"ReadAction","target":["https:\/\/www.ecomusee-bresse71.fr\/en\/vous-etes\/entreprises-associations-adhesion-ecomusee\/"]}]},{"@type":"ImageObject","inLanguage":"en-US","@id":"https:\/\/www.ecomusee-bresse71.fr\/en\/vous-etes\/entreprises-associations-adhesion-ecomusee\/#primaryimage","url":"https:\/\/www.ecomusee-bresse71.fr\/contenu\/uploads\/2025\/03\/chateau-pierre-bresse-ecomusee-publigo-quentin-danel-146-1024x683.jpg","contentUrl":"https:\/\/www.ecomusee-bresse71.fr\/contenu\/uploads\/2025\/03\/chateau-pierre-bresse-ecomusee-publigo-quentin-danel-146-1024x683.jpg"},{"@type":"BreadcrumbList","@id":"https:\/\/www.ecomusee-bresse71.fr\/en\/vous-etes\/entreprises-associations-adhesion-ecomusee\/#breadcrumb","itemListElement":[{"@type":"ListItem","position":1,"name":"Home","item":"https:\/\/www.ecomusee-bresse71.fr\/en\/"},{"@type":"ListItem","position":2,"name":"Vous \u00eates ?","item":"https:\/\/www.ecomusee-bresse71.fr\/en\/vous-etes\/"},{"@type":"ListItem","position":3,"name":"Entreprises \/ associations"}]},{"@type":"WebSite","@id":"https:\/\/www.ecomusee-bresse71.fr\/en\/#website","url":"https:\/\/www.ecomusee-bresse71.fr\/en\/","name":"Ecomus\u00e9e de la Bresse Bourguignonne","description":"","potentialAction":[{"@type":"SearchAction","target":{"@type":"EntryPoint","urlTemplate":"https:\/\/www.ecomusee-bresse71.fr\/en\/?s={search_term_string}"},"query-input":{"@type":"PropertyValueSpecification","valueRequired":true,"valueName":"search_term_string"}}],"inLanguage":"en-US"}]}},"_links":{"self":[{"href":"https:\/\/www.ecomusee-bresse71.fr\/en\/wp-json\/wp\/v2\/pages\/870"}],"collection":[{"href":"https:\/\/www.ecomusee-bresse71.fr\/en\/wp-json\/wp\/v2\/pages"}],"about":[{"href":"https:\/\/www.ecomusee-bresse71.fr\/en\/wp-json\/wp\/v2\/types\/page"}],"author":[{"embeddable":true,"href":"https:\/\/www.ecomusee-bresse71.fr\/en\/wp-json\/wp\/v2\/users\/7"}],"replies":[{"embeddable":true,"href":"https:\/\/www.ecomusee-bresse71.fr\/en\/wp-json\/wp\/v2\/comments?post=870"}],"version-history":[{"count":2,"href":"https:\/\/www.ecomusee-bresse71.fr\/en\/wp-json\/wp\/v2\/pages\/870\/revisions"}],"predecessor-version":[{"id":4319,"href":"https:\/\/www.ecomusee-bresse71.fr\/en\/wp-json\/wp\/v2\/pages\/870\/revisions\/4319"}],"up":[{"embeddable":true,"href":"https:\/\/www.ecomusee-bresse71.fr\/en\/wp-json\/wp\/v2\/pages\/889"}],"wp:attachment":[{"href":"https:\/\/www.ecomusee-bresse71.fr\/en\/wp-json\/wp\/v2\/media?parent=870"}],"curies":[{"name":"wp","href":"https:\/\/api.w.org\/{rel}","templated":true}]}}