{"id":871,"date":"2025-02-04T11:04:10","date_gmt":"2025-02-04T10:04:10","guid":{"rendered":"https:\/\/www.ecomusee-bresse71.fr\/enseignants-jeunes-ecoles-71\/"},"modified":"2026-02-23T14:55:12","modified_gmt":"2026-02-23T13:55:12","slug":"enseignants-jeunes-ecoles-71","status":"publish","type":"page","link":"https:\/\/www.ecomusee-bresse71.fr\/en\/vous-etes\/enseignants-jeunes-ecoles-71\/","title":{"rendered":"Enseignants"},"content":{"rendered":"\n<p>\u00c0 travers <strong>nos activit\u00e9s ludiques et \u00e9ducatives<\/strong>, vos \u00e9l\u00e8ves deviendront acteurs de leurs d\u00e9couvertes, tout en explorant les arts, le patrimoine et l\u2019histoire locale.<\/p>\n\n\n\n<figure class=\"wp-block-gallery has-nested-images columns-default is-cropped wp-block-gallery-1 is-layout-flex wp-block-gallery-is-layout-flex\">\n<figure class=\"wp-block-image size-large\"><a href=\"https:\/\/www.ecomusee-bresse71.fr\/contenu\/uploads\/2025\/03\/moulin-montjay-ecomusee-publigo-quentin-danel-074.jpg\"><img loading=\"lazy\" decoding=\"async\" width=\"1024\" height=\"683\" data-id=\"534\" src=\"https:\/\/www.ecomusee-bresse71.fr\/contenu\/uploads\/2025\/03\/moulin-montjay-ecomusee-publigo-quentin-danel-074-1024x683.jpg\" alt=\"\" class=\"wp-image-534\"\/><\/a><\/figure>\n\n\n\n<figure class=\"wp-block-image size-large\"><a href=\"https:\/\/www.ecomusee-bresse71.fr\/contenu\/uploads\/2025\/03\/moulin-montjay-ecomusee-publigo-quentin-danel-041.jpg\"><img loading=\"lazy\" decoding=\"async\" width=\"1024\" height=\"683\" data-id=\"538\" src=\"https:\/\/www.ecomusee-bresse71.fr\/contenu\/uploads\/2025\/03\/moulin-montjay-ecomusee-publigo-quentin-danel-041-1024x683.jpg\" alt=\"\" class=\"wp-image-538\"\/><\/a><\/figure>\n<\/figure>\n\n\n\n<h2 class=\"wp-block-heading\">Pourquoi choisir l\u2019\u00c9comus\u00e9e pour vos sorties scolaires ?<\/h2>\n\n\n\n<h3 class=\"wp-block-heading\"><a href=\"https:\/\/www.ecomusee-bresse71.fr\/en\/musees-et-sites\/\">Des mus\u00e9es et des sites<\/a> pour une d\u00e9couverte unique<\/h3>\n\n\n\n<p>Emmenez votre groupe dans un cadre authentique, entre expositions interactives et patrimoine vivant, pour comprendre la ruralit\u00e9 et ses richesses.<\/p>\n\n\n\n<h3 class=\"wp-block-heading\">Apprendre autrement<\/h3>\n\n\n\n<figure class=\"wp-block-image size-large\"><a href=\"https:\/\/www.ecomusee-bresse71.fr\/contenu\/uploads\/2025\/03\/moulin-montjay-ecomusee-publigo-quentin-danel-027-scaled.jpg\"><img loading=\"lazy\" decoding=\"async\" width=\"1024\" height=\"683\" src=\"https:\/\/www.ecomusee-bresse71.fr\/contenu\/uploads\/2025\/03\/moulin-montjay-ecomusee-publigo-quentin-danel-027-1024x683.jpg\" alt=\"\" class=\"wp-image-536\"\/><\/a><\/figure>\n\n\n\n<p>Nos m\u00e9diations combinent plaisir et apprentissage. Elles sont con\u00e7ues pour :<\/p>\n\n\n\n<ul class=\"wp-block-list\">\n<li>\u00c9veiller la curiosit\u00e9<\/li>\n\n\n\n<li>D\u00e9velopper l\u2019esprit critique<\/li>\n\n\n\n<li>Encourager l\u2019expression artistique<\/li>\n<\/ul>\n\n\n\n<h3 class=\"wp-block-heading\">Une exp\u00e9rience m\u00e9morable<\/h3>\n\n\n\n<p>Voyager dans le temps, ressentir des \u00e9motions nouvelles et partager des moments forts en groupe : chaque visite \u00e0 l\u2019\u00c9comus\u00e9e est une aventure \u00e0 part enti\u00e8re.<\/p>\n\n\n\n<h2 class=\"wp-block-heading\">Nos offres p\u00e9dagogiques sur mesure<\/h2>\n\n\n\n<p>Que vous soyez <strong>enseignant<\/strong>, <strong>\u00e9ducateur p\u00e9riscolaire<\/strong> ou r<strong>esponsable de centre de loisirs<\/strong>, nous avons des solutions adapt\u00e9es :<\/p>\n\n\n\n<div class=\"wp-block-columns are-vertically-aligned-center is-layout-flex wp-container-core-columns-is-layout-1 wp-block-columns-is-layout-flex\">\n<div class=\"wp-block-column is-vertically-aligned-center is-layout-flow wp-block-column-is-layout-flow\">\n<ul class=\"wp-block-list\">\n<li><strong>Pour les \u00e9coles primaires et secondaires<\/strong> : Des activit\u00e9s vari\u00e9es pour d\u00e9couvrir la nature, l\u2019histoire et les arts en s\u2019amusant.<\/li>\n\n\n\n<li><strong>Pour les centres de loisirs et IME<\/strong> : Des ateliers interactifs con\u00e7us pour stimuler la cr\u00e9ativit\u00e9 et l\u2019imaginaire.<\/li>\n\n\n\n<li><strong>Pour tous les groupes jeunes publics<\/strong> : Des projets \u00e9ducatifs personnalis\u00e9s autour de l\u2019\u00c9ducation Artistique et Culturelle (EAC).<\/li>\n<\/ul>\n\n\n\n<p><strong>Participez \u00e0 nos classes environnement et patrimoine !<\/strong><br>Co-construisez avec nos \u00e9quipes un programme <strong>p\u00e9dagogique <\/strong>unique pour un<strong> s\u00e9jour immersif <\/strong>dans un <strong>ch\u00e2teau du XVIIe si\u00e8cle.<\/strong><\/p>\n<\/div>\n\n\n\n<div class=\"wp-block-column is-vertically-aligned-center is-layout-flow wp-block-column-is-layout-flow\">\n<figure class=\"wp-block-image size-large\"><img loading=\"lazy\" decoding=\"async\" width=\"683\" height=\"1024\" src=\"https:\/\/www.ecomusee-bresse71.fr\/contenu\/uploads\/2025\/03\/chateau-pierre-bresse-ecomusee-publigo-quentin-danel-097-683x1024.jpg\" alt=\"\" class=\"wp-image-541\"\/><\/figure>\n<\/div>\n<\/div>\n\n\n\n<h3 class=\"wp-block-heading\">\u00c9ligible au <a href=\"https:\/\/pass.culture.fr\/\">Pass Culture<\/a> !<\/h3>\n\n\n\n<p>Les animations propos\u00e9es par <a href=\"https:\/\/www.ecomusee-bresse71.fr\/en\/ecomusee\/\"><strong>l\u2019\u00c9comus\u00e9e de la Bresse bourguignonne<\/strong> <\/a>peuvent \u00eatre financ\u00e9es dans le cadre du <strong><a href=\"https:\/\/pass.culture.fr\/\">Pass Culture<\/a><\/strong>. Profitez-en pour enrichir vos projets tout en facilitant leur acc\u00e8s \u00e0 vos \u00e9l\u00e8ves.<\/p>\n\n\n\n<h2 class=\"wp-block-heading\">Un accompagnement \u00e0 chaque \u00e9tape<\/h2>\n\n\n\n<p>Notre \u00e9quipe de l\u2019action \u00e9ducative est \u00e0 vos c\u00f4t\u00e9s pour :<\/p>\n\n\n\n<ul class=\"wp-block-list\">\n<li>Monter vos projets de financement et vous guider dans leurs d\u00e9marches.<\/li>\n\n\n\n<li>Proposer des solutions adapt\u00e9es \u00e0 vos besoins pour garantir la r\u00e9ussite de vos projets.<\/li>\n\n\n\n<li>Faciliter l\u2019acc\u00e8s au Pass Culture et explorer d\u2019autres dispositifs de financement.<\/li>\n<\/ul>\n\n\n\n<p>Faites-nous part de vos id\u00e9es, et construisons ensemble une exp\u00e9rience p\u00e9dagogique enrichissante !<\/p>\n\n\n\n<div class=\"wp-block-columns are-vertically-aligned-center is-layout-flex wp-container-core-columns-is-layout-2 wp-block-columns-is-layout-flex\">\n<div class=\"wp-block-column is-vertically-aligned-center is-layout-flow wp-block-column-is-layout-flow\">\n<figure class=\"wp-block-image size-large\"><img loading=\"lazy\" decoding=\"async\" width=\"683\" height=\"1024\" src=\"https:\/\/www.ecomusee-bresse71.fr\/contenu\/uploads\/2025\/03\/chateau-pierre-bresse-ecomusee-publigo-quentin-danel-110-683x1024.jpg\" alt=\"\" class=\"wp-image-543\"\/><\/figure>\n<\/div>\n\n\n\n<div class=\"wp-block-column is-vertically-aligned-center is-layout-flow wp-block-column-is-layout-flow\">\n<h2 class=\"wp-block-heading\">Les + de l\u2019\u00c9comus\u00e9e<\/h2>\n\n\n\n<ul class=\"wp-block-list\">\n<li><strong>Une m\u00e9thodologie reconnue<\/strong> : l\u2019\u00e9ducation Artistique et Culturelle au c\u0153ur de nos projets.<\/li>\n\n\n\n<li><strong>Un accueil personnalis\u00e9<\/strong> : une \u00e9quipe de m\u00e9diateurs passionn\u00e9s \u00e0 votre disposition.<\/li>\n\n\n\n<li><strong>Des formules cl\u00e9s en main<\/strong> : animations th\u00e9matiques, projets \u00e9ducatifs ou ateliers sur mesure.<\/li>\n\n\n\n<li><strong>Rencontres inspirantes<\/strong> : collaborez avec des professionnels de l\u2019art, de la culture et des sciences.<\/li>\n\n\n\n<li><strong>Des ressources p\u00e9dagogiques<\/strong> : pr\u00e9parez votre visite avec des documents adapt\u00e9s \u00e0 vos besoins.<\/li>\n<\/ul>\n<\/div>\n<\/div>\n\n\n\n<h2 class=\"wp-block-heading\">Planifiez votre visite<\/h2>\n\n\n\n<p><strong>Contactez-nous pour organiser votre venue<\/strong> : <br><a>reservation@ecomusee-de-la-bresse.com<\/a><br>03 85 76 27 16<\/p>\n\n\n\n<p><strong>\u00c0 l\u2019\u00c9comus\u00e9e de la Bresse bourguignonne, chaque visite devient une exp\u00e9rience !<\/strong><\/p>\n\n\n\n<p>Faites vivre \u00e0 vos \u00e9l\u00e8ves des moments forts, entre d\u00e9couvertes et \u00e9motions, et laissez-les repartir avec des souvenirs.<\/p>\n\n\n\n<h2 class=\"wp-block-heading\">T\u00e9l\u00e9chargez nos ressources :<\/h2>\n\n\n\n<p>T\u00e9l\u00e9charger la <a href=\"https:\/\/www.ecomusee-bresse71.fr\/contenu\/uploads\/2025\/06\/25_Brochure_promotionnelle_extrascolaire_BD.pdf\" target=\"_blank\" rel=\"noreferrer noopener\"><strong>brochure extra-scolaire<\/strong><\/a><\/p>\n\n\n\n<div data-wp-interactive=\"core\/file\" class=\"wp-block-file\"><object data-wp-bind--hidden=\"!state.hasPdfPreview\"  class=\"wp-block-file__embed\" data=\"https:\/\/www.ecomusee-bresse71.fr\/contenu\/uploads\/2025\/08\/25-26-Brochure_Pedagogique_BD.pdf\" type=\"application\/pdf\" style=\"width:100%;height:600px\" aria-label=\"Embed of 25-26-Brochure_Pedagogique_BD.\"><\/object><a id=\"wp-block-file--media-b0fa3c78-28fa-4ce8-a90e-8c2f75435841\" href=\"https:\/\/www.ecomusee-bresse71.fr\/contenu\/uploads\/2025\/08\/25-26-Brochure_Pedagogique_BD.pdf\">25-26-Brochure_Pedagogique_BD<\/a><a href=\"https:\/\/www.ecomusee-bresse71.fr\/contenu\/uploads\/2025\/08\/25-26-Brochure_Pedagogique_BD.pdf\" class=\"wp-block-file__button wp-element-button\" download aria-describedby=\"wp-block-file--media-b0fa3c78-28fa-4ce8-a90e-8c2f75435841\">T\u00e9l\u00e9charger<\/a><\/div>\n\n\n\n<p>D\u00e9couvrez les projets en cours et les coulisses de l\u2019\u00c9comus\u00e9e dans notre lettre d&#8217;actualit\u00e9<\/p>\n\n\n\n<div data-wp-interactive=\"core\/file\" class=\"wp-block-file\"><object data-wp-bind--hidden=\"!state.hasPdfPreview\"  class=\"wp-block-file__embed\" data=\"https:\/\/www.ecomusee-bresse71.fr\/contenu\/uploads\/2026\/02\/Educeco-18-fevrier-2026.pdf\" type=\"application\/pdf\" style=\"width:100%;height:600px\" aria-label=\"Embed of Educ&#039;eco # 18- f\u00e9vrier 2026.\"><\/object><a id=\"wp-block-file--media-03d2bb59-4f48-480c-a29d-f0bd6f505766\" href=\"https:\/\/www.ecomusee-bresse71.fr\/contenu\/uploads\/2026\/02\/Educeco-18-fevrier-2026.pdf\">Educ&#8217;eco # 18- f\u00e9vrier 2026<\/a><a href=\"https:\/\/www.ecomusee-bresse71.fr\/contenu\/uploads\/2026\/02\/Educeco-18-fevrier-2026.pdf\" class=\"wp-block-file__button wp-element-button\" download aria-describedby=\"wp-block-file--media-03d2bb59-4f48-480c-a29d-f0bd6f505766\">T\u00e9l\u00e9charger<\/a><\/div>\n\n\n\n<p>Des m\u00e9diations scientifiques d\u00e8s la maternelle<\/p>\n\n\n\n<div data-wp-interactive=\"core\/file\" class=\"wp-block-file\"><object data-wp-bind--hidden=\"!state.hasPdfPreview\"  class=\"wp-block-file__embed\" data=\"https:\/\/www.ecomusee-bresse71.fr\/contenu\/uploads\/2025\/12\/Brochure-Mediations-scientifiques-25-26-11_compressed.pdf\" type=\"application\/pdf\" style=\"width:100%;height:600px\" aria-label=\"Embed of Brochure M\u00e9diations scientifiques 25-26 (11)_compressed.\"><\/object><a id=\"wp-block-file--media-85edf7e3-7540-45a0-a7a7-22389ec19ac6\" href=\"https:\/\/www.ecomusee-bresse71.fr\/contenu\/uploads\/2025\/12\/Brochure-Mediations-scientifiques-25-26-11_compressed.pdf\">Brochure M\u00e9diations scientifiques 25-26 (11)_compressed<\/a><a href=\"https:\/\/www.ecomusee-bresse71.fr\/contenu\/uploads\/2025\/12\/Brochure-Mediations-scientifiques-25-26-11_compressed.pdf\" class=\"wp-block-file__button wp-element-button\" download aria-describedby=\"wp-block-file--media-85edf7e3-7540-45a0-a7a7-22389ec19ac6\">T\u00e9l\u00e9charger<\/a><\/div>\n","protected":false},"excerpt":{"rendered":"<p>\u00c0 travers nos activit\u00e9s ludiques et \u00e9ducatives, vos \u00e9l\u00e8ves deviendront acteurs de leurs d\u00e9couvertes, tout en explorant les arts, le [&hellip;]<\/p>\n","protected":false},"author":7,"featured_media":0,"parent":889,"menu_order":4,"comment_status":"closed","ping_status":"closed","template":"","meta":{"_acf_changed":false,"footnotes":""},"class_list":["post-871","page","type-page","status-publish","hentry"],"acf":[],"yoast_head":"<!-- This site is optimized with the Yoast SEO plugin v24.3 - https:\/\/yoast.com\/wordpress\/plugins\/seo\/ -->\n<title>D\u00e9couvrez l&#039;Ecomus\u00e9e de la Bresse | Sorties scolaires<\/title>\n<meta name=\"description\" content=\"Offrez \u00e0 vos \u00e9l\u00e8ves une exp\u00e9rience immersive et enrichissante dans l&#039;un des sites de l\u2019\u00c9comus\u00e9e de la Bresse Bourguignonne.\" \/>\n<meta name=\"robots\" content=\"index, follow, max-snippet:-1, max-image-preview:large, max-video-preview:-1\" \/>\n<link rel=\"canonical\" href=\"https:\/\/www.ecomusee-bresse71.fr\/en\/vous-etes\/enseignants-jeunes-ecoles-71\/\" \/>\n<meta property=\"og:locale\" content=\"en_US\" \/>\n<meta property=\"og:type\" content=\"article\" \/>\n<meta property=\"og:title\" content=\"D\u00e9couvrez l&#039;Ecomus\u00e9e de la Bresse | Sorties scolaires\" \/>\n<meta property=\"og:description\" content=\"Offrez \u00e0 vos \u00e9l\u00e8ves une exp\u00e9rience immersive et enrichissante dans l&#039;un des sites de l\u2019\u00c9comus\u00e9e de la Bresse Bourguignonne.\" \/>\n<meta property=\"og:url\" content=\"https:\/\/www.ecomusee-bresse71.fr\/en\/vous-etes\/enseignants-jeunes-ecoles-71\/\" \/>\n<meta property=\"og:site_name\" content=\"Ecomus\u00e9e de la Bresse Bourguignonne\" \/>\n<meta property=\"article:modified_time\" content=\"2026-02-23T13:55:12+00:00\" \/>\n<meta property=\"og:image\" content=\"https:\/\/www.ecomusee-bresse71.fr\/contenu\/uploads\/2025\/03\/moulin-montjay-ecomusee-publigo-quentin-danel-074-1024x683.jpg\" \/>\n\t<meta property=\"og:image:width\" content=\"1024\" \/>\n\t<meta property=\"og:image:height\" content=\"683\" \/>\n\t<meta property=\"og:image:type\" content=\"image\/jpeg\" \/>\n<meta name=\"twitter:card\" content=\"summary_large_image\" \/>\n<meta name=\"twitter:label1\" content=\"Est. reading time\" \/>\n\t<meta name=\"twitter:data1\" content=\"4 minutes\" \/>\n<script type=\"application\/ld+json\" class=\"yoast-schema-graph\">{\"@context\":\"https:\/\/schema.org\",\"@graph\":[{\"@type\":\"WebPage\",\"@id\":\"https:\/\/www.ecomusee-bresse71.fr\/en\/vous-etes\/enseignants-jeunes-ecoles-71\/\",\"url\":\"https:\/\/www.ecomusee-bresse71.fr\/en\/vous-etes\/enseignants-jeunes-ecoles-71\/\",\"name\":\"D\u00e9couvrez l'Ecomus\u00e9e de la Bresse | Sorties scolaires\",\"isPartOf\":{\"@id\":\"https:\/\/www.ecomusee-bresse71.fr\/en\/#website\"},\"primaryImageOfPage\":{\"@id\":\"https:\/\/www.ecomusee-bresse71.fr\/en\/vous-etes\/enseignants-jeunes-ecoles-71\/#primaryimage\"},\"image\":{\"@id\":\"https:\/\/www.ecomusee-bresse71.fr\/en\/vous-etes\/enseignants-jeunes-ecoles-71\/#primaryimage\"},\"thumbnailUrl\":\"https:\/\/www.ecomusee-bresse71.fr\/contenu\/uploads\/2025\/03\/moulin-montjay-ecomusee-publigo-quentin-danel-074-1024x683.jpg\",\"datePublished\":\"2025-02-04T10:04:10+00:00\",\"dateModified\":\"2026-02-23T13:55:12+00:00\",\"description\":\"Offrez \u00e0 vos \u00e9l\u00e8ves une exp\u00e9rience immersive et enrichissante dans l'un des sites de l\u2019\u00c9comus\u00e9e de la Bresse Bourguignonne.\",\"breadcrumb\":{\"@id\":\"https:\/\/www.ecomusee-bresse71.fr\/en\/vous-etes\/enseignants-jeunes-ecoles-71\/#breadcrumb\"},\"inLanguage\":\"en-US\",\"potentialAction\":[{\"@type\":\"ReadAction\",\"target\":[\"https:\/\/www.ecomusee-bresse71.fr\/en\/vous-etes\/enseignants-jeunes-ecoles-71\/\"]}]},{\"@type\":\"ImageObject\",\"inLanguage\":\"en-US\",\"@id\":\"https:\/\/www.ecomusee-bresse71.fr\/en\/vous-etes\/enseignants-jeunes-ecoles-71\/#primaryimage\",\"url\":\"https:\/\/www.ecomusee-bresse71.fr\/contenu\/uploads\/2025\/03\/moulin-montjay-ecomusee-publigo-quentin-danel-074-1024x683.jpg\",\"contentUrl\":\"https:\/\/www.ecomusee-bresse71.fr\/contenu\/uploads\/2025\/03\/moulin-montjay-ecomusee-publigo-quentin-danel-074-1024x683.jpg\"},{\"@type\":\"BreadcrumbList\",\"@id\":\"https:\/\/www.ecomusee-bresse71.fr\/en\/vous-etes\/enseignants-jeunes-ecoles-71\/#breadcrumb\",\"itemListElement\":[{\"@type\":\"ListItem\",\"position\":1,\"name\":\"Home\",\"item\":\"https:\/\/www.ecomusee-bresse71.fr\/en\/\"},{\"@type\":\"ListItem\",\"position\":2,\"name\":\"Vous \u00eates ?\",\"item\":\"https:\/\/www.ecomusee-bresse71.fr\/en\/vous-etes\/\"},{\"@type\":\"ListItem\",\"position\":3,\"name\":\"Enseignants\"}]},{\"@type\":\"WebSite\",\"@id\":\"https:\/\/www.ecomusee-bresse71.fr\/en\/#website\",\"url\":\"https:\/\/www.ecomusee-bresse71.fr\/en\/\",\"name\":\"Ecomus\u00e9e de la Bresse Bourguignonne\",\"description\":\"\",\"potentialAction\":[{\"@type\":\"SearchAction\",\"target\":{\"@type\":\"EntryPoint\",\"urlTemplate\":\"https:\/\/www.ecomusee-bresse71.fr\/en\/?s={search_term_string}\"},\"query-input\":{\"@type\":\"PropertyValueSpecification\",\"valueRequired\":true,\"valueName\":\"search_term_string\"}}],\"inLanguage\":\"en-US\"}]}<\/script>\n<!-- \/ Yoast SEO plugin. -->","yoast_head_json":{"title":"D\u00e9couvrez l'Ecomus\u00e9e de la Bresse | Sorties scolaires","description":"Offrez \u00e0 vos \u00e9l\u00e8ves une exp\u00e9rience immersive et enrichissante dans l'un des sites de l\u2019\u00c9comus\u00e9e de la Bresse Bourguignonne.","robots":{"index":"index","follow":"follow","max-snippet":"max-snippet:-1","max-image-preview":"max-image-preview:large","max-video-preview":"max-video-preview:-1"},"canonical":"https:\/\/www.ecomusee-bresse71.fr\/en\/vous-etes\/enseignants-jeunes-ecoles-71\/","og_locale":"en_US","og_type":"article","og_title":"D\u00e9couvrez l'Ecomus\u00e9e de la Bresse | Sorties scolaires","og_description":"Offrez \u00e0 vos \u00e9l\u00e8ves une exp\u00e9rience immersive et enrichissante dans l'un des sites de l\u2019\u00c9comus\u00e9e de la Bresse Bourguignonne.","og_url":"https:\/\/www.ecomusee-bresse71.fr\/en\/vous-etes\/enseignants-jeunes-ecoles-71\/","og_site_name":"Ecomus\u00e9e de la Bresse Bourguignonne","article_modified_time":"2026-02-23T13:55:12+00:00","og_image":[{"width":1024,"height":683,"url":"https:\/\/www.ecomusee-bresse71.fr\/contenu\/uploads\/2025\/03\/moulin-montjay-ecomusee-publigo-quentin-danel-074-1024x683.jpg","type":"image\/jpeg"}],"twitter_card":"summary_large_image","twitter_misc":{"Est. reading time":"4 minutes"},"schema":{"@context":"https:\/\/schema.org","@graph":[{"@type":"WebPage","@id":"https:\/\/www.ecomusee-bresse71.fr\/en\/vous-etes\/enseignants-jeunes-ecoles-71\/","url":"https:\/\/www.ecomusee-bresse71.fr\/en\/vous-etes\/enseignants-jeunes-ecoles-71\/","name":"D\u00e9couvrez l'Ecomus\u00e9e de la Bresse | Sorties scolaires","isPartOf":{"@id":"https:\/\/www.ecomusee-bresse71.fr\/en\/#website"},"primaryImageOfPage":{"@id":"https:\/\/www.ecomusee-bresse71.fr\/en\/vous-etes\/enseignants-jeunes-ecoles-71\/#primaryimage"},"image":{"@id":"https:\/\/www.ecomusee-bresse71.fr\/en\/vous-etes\/enseignants-jeunes-ecoles-71\/#primaryimage"},"thumbnailUrl":"https:\/\/www.ecomusee-bresse71.fr\/contenu\/uploads\/2025\/03\/moulin-montjay-ecomusee-publigo-quentin-danel-074-1024x683.jpg","datePublished":"2025-02-04T10:04:10+00:00","dateModified":"2026-02-23T13:55:12+00:00","description":"Offrez \u00e0 vos \u00e9l\u00e8ves une exp\u00e9rience immersive et enrichissante dans l'un des sites de l\u2019\u00c9comus\u00e9e de la Bresse Bourguignonne.","breadcrumb":{"@id":"https:\/\/www.ecomusee-bresse71.fr\/en\/vous-etes\/enseignants-jeunes-ecoles-71\/#breadcrumb"},"inLanguage":"en-US","potentialAction":[{"@type":"ReadAction","target":["https:\/\/www.ecomusee-bresse71.fr\/en\/vous-etes\/enseignants-jeunes-ecoles-71\/"]}]},{"@type":"ImageObject","inLanguage":"en-US","@id":"https:\/\/www.ecomusee-bresse71.fr\/en\/vous-etes\/enseignants-jeunes-ecoles-71\/#primaryimage","url":"https:\/\/www.ecomusee-bresse71.fr\/contenu\/uploads\/2025\/03\/moulin-montjay-ecomusee-publigo-quentin-danel-074-1024x683.jpg","contentUrl":"https:\/\/www.ecomusee-bresse71.fr\/contenu\/uploads\/2025\/03\/moulin-montjay-ecomusee-publigo-quentin-danel-074-1024x683.jpg"},{"@type":"BreadcrumbList","@id":"https:\/\/www.ecomusee-bresse71.fr\/en\/vous-etes\/enseignants-jeunes-ecoles-71\/#breadcrumb","itemListElement":[{"@type":"ListItem","position":1,"name":"Home","item":"https:\/\/www.ecomusee-bresse71.fr\/en\/"},{"@type":"ListItem","position":2,"name":"Vous \u00eates ?","item":"https:\/\/www.ecomusee-bresse71.fr\/en\/vous-etes\/"},{"@type":"ListItem","position":3,"name":"Enseignants"}]},{"@type":"WebSite","@id":"https:\/\/www.ecomusee-bresse71.fr\/en\/#website","url":"https:\/\/www.ecomusee-bresse71.fr\/en\/","name":"Ecomus\u00e9e de la Bresse Bourguignonne","description":"","potentialAction":[{"@type":"SearchAction","target":{"@type":"EntryPoint","urlTemplate":"https:\/\/www.ecomusee-bresse71.fr\/en\/?s={search_term_string}"},"query-input":{"@type":"PropertyValueSpecification","valueRequired":true,"valueName":"search_term_string"}}],"inLanguage":"en-US"}]}},"_links":{"self":[{"href":"https:\/\/www.ecomusee-bresse71.fr\/en\/wp-json\/wp\/v2\/pages\/871"}],"collection":[{"href":"https:\/\/www.ecomusee-bresse71.fr\/en\/wp-json\/wp\/v2\/pages"}],"about":[{"href":"https:\/\/www.ecomusee-bresse71.fr\/en\/wp-json\/wp\/v2\/types\/page"}],"author":[{"embeddable":true,"href":"https:\/\/www.ecomusee-bresse71.fr\/en\/wp-json\/wp\/v2\/users\/7"}],"replies":[{"embeddable":true,"href":"https:\/\/www.ecomusee-bresse71.fr\/en\/wp-json\/wp\/v2\/comments?post=871"}],"version-history":[{"count":2,"href":"https:\/\/www.ecomusee-bresse71.fr\/en\/wp-json\/wp\/v2\/pages\/871\/revisions"}],"predecessor-version":[{"id":4996,"href":"https:\/\/www.ecomusee-bresse71.fr\/en\/wp-json\/wp\/v2\/pages\/871\/revisions\/4996"}],"up":[{"embeddable":true,"href":"https:\/\/www.ecomusee-bresse71.fr\/en\/wp-json\/wp\/v2\/pages\/889"}],"wp:attachment":[{"href":"https:\/\/www.ecomusee-bresse71.fr\/en\/wp-json\/wp\/v2\/media?parent=871"}],"curies":[{"name":"wp","href":"https:\/\/api.w.org\/{rel}","templated":true}]}}