{"id":888,"date":"2025-02-04T11:04:10","date_gmt":"2025-02-04T10:04:10","guid":{"rendered":"https:\/\/www.ecomusee-bresse71.fr\/infos-pratiques\/"},"modified":"2025-10-02T15:56:23","modified_gmt":"2025-10-02T13:56:23","slug":"infos-pratiques","status":"publish","type":"page","link":"https:\/\/www.ecomusee-bresse71.fr\/en\/infos-pratiques\/","title":{"rendered":"Informations pratiques"},"content":{"rendered":"\n<p>L\u2019ensemble de nos sites sont ouverts toute l\u2019ann\u00e9e sur r\u00e9servation et pour des \u00e9v\u00e9nements culturels ponctuels : <a href=\"https:\/\/www.ecomusee-bresse71.fr\/events\/event\/\"><strong>voir l&#8217;agenda.<\/strong><\/a><\/p>\n\n\n\n<p>Pour l\u2019ouverture des sites en continu au grand public consultez les rubriques ci-dessous&nbsp;:<\/p>\n\n\n\n<h2 class=\"wp-block-heading\">Les sites actuellement ouverts au grand public<\/h2>\n\n\n\n<ul class=\"wp-block-list\">\n<li><a href=\"https:\/\/www.ecomusee-bresse71.fr\/infos-pratiques\/tarifs-horaires-acces\/#chateau\"><strong>Ch\u00e2teau de Pierre-de-Bresse<\/strong><\/a><\/li>\n\n\n\n<li><a href=\"https:\/\/www.ecomusee-bresse71.fr\/infos-pratiques\/tarifs-horaires-acces\/#imprimerie\"><strong>Mus\u00e9e de l\u2019imprimerie \u00e0 Louhans<\/strong><\/a><\/li>\n\n\n\n<li><a href=\"https:\/\/www.ecomusee-bresse71.fr\/infos-pratiques\/tarifs-horaires-acces\/#imprimerie\"><strong>Mus\u00e9e des Beaux-arts \u00e0 Louhans<\/strong><\/a><\/li>\n<\/ul>\n\n\n\n<h2 class=\"wp-block-heading\">Les sites qui ouvrent bient\u00f4t au grand public&nbsp;:<\/h2>\n\n\n\n<p><\/p>\n\n\n\n<ul class=\"wp-block-list\">\n<li><a href=\"https:\/\/www.ecomusee-bresse71.fr\/infos-pratiques\/tarifs-horaires-acces\/#ble-pain\"><strong>Mus\u00e9e du bl\u00e9 et du pain \u00e0 Verdun-sur-le-Doubs<\/strong><\/a><\/li>\n<\/ul>\n\n\n\n<h2 class=\"wp-block-heading\">Les sites ouverts \u00e0 des occasions sp\u00e9cifiques&nbsp;:<\/h2>\n\n\n\n<ul class=\"wp-block-list\">\n<li><a href=\"https:\/\/www.ecomusee-bresse71.fr\/en\/musees-et-sites\/musee-de-la-foret-saint-martin-en-bresse\/\"><strong>Mus\u00e9e de la For\u00eat<\/strong><\/a><\/li>\n\n\n\n<li><a href=\"https:\/\/www.ecomusee-bresse71.fr\/en\/musees-et-sites\/maison-vigneronne-cuiseaux-71\/\"><strong>Maison vigneronne<\/strong><\/a><\/li>\n\n\n\n<li><a href=\"https:\/\/www.ecomusee-bresse71.fr\/en\/musees-et-sites\/moulin-de-la-croix-ratte-71\/\"><strong>Moulin de la Croix<\/strong><\/a><\/li>\n\n\n\n<li><a href=\"https:\/\/www.ecomusee-bresse71.fr\/en\/musees-et-sites\/tuilerie-varennes-saint-sauveur-71\/\"><strong>Tuilerie<\/strong><\/a><\/li>\n\n\n\n<li><a href=\"https:\/\/www.ecomusee-bresse71.fr\/en\/musees-et-sites\/domaine-plissonnier-saint-andre-en-bresse-71\/\"><strong>Domaine Plissonnier<\/strong><\/a><\/li>\n<\/ul>\n\n\n\n<h2 class=\"wp-block-heading\">Les sites en visite libre&nbsp;:<\/h2>\n\n\n\n<ul class=\"wp-block-list\">\n<li><a href=\"https:\/\/www.ecomusee-bresse71.fr\/en\/musees-et-sites\/galerie-des-moulins-meunerie-sagy-71\/\"><strong>Galerie des moulins<\/strong><\/a><\/li>\n<\/ul>\n\n\n\n<h2 class=\"wp-block-heading\">Les sites en fermeture temporaire pour mieux vous retrouver bient\u00f4t :<\/h2>\n\n\n\n<ul class=\"wp-block-list\">\n<li><a href=\"https:\/\/www.ecomusee-bresse71.fr\/infos-pratiques\/tarifs-horaires-acces\/#agriculture\"><strong>Mus\u00e9e de l\u2019agriculture \u00e0 Saint-Germain-du-Bois<\/strong><\/a><\/li>\n\n\n\n<li><a href=\"https:\/\/www.ecomusee-bresse71.fr\/infos-pratiques\/tarifs-horaires-acces\/#Champ-bressan\"><strong>Ferme du Champ bressan \u00e0 Romenay<\/strong><\/a><\/li>\n\n\n\n<li><a href=\"https:\/\/www.ecomusee-bresse71.fr\/infos-pratiques\/tarifs-horaires-acces\/#moulin-musee\"><strong>Moulin-mus\u00e9e \u00e0 M\u00e9netreuil<\/strong><\/a><\/li>\n<\/ul>\n\n\n\n<p><\/p>\n\n\n\n<h2 class=\"wp-block-heading\">Ch\u00e2teau d\u00e9partemental de Pierre-de-Bresse<\/h2>\n\n\n\n<p>5 ter avenue de la Gare, 71270 Pierre-de-Bresse<br>Ouvert sur r\u00e9servation toute l\u2019ann\u00e9e pour les groupes et pour des<a href=\"https:\/\/www.ecomusee-bresse71.fr\/events\/event\/\"><strong> \u00e9v\u00e9nements.<\/strong><\/a><\/p>\n\n\n\n<h3 class=\"wp-block-heading\">Ouvert en continu&nbsp;:<\/h3>\n\n\n\n<ul class=\"wp-block-list\">\n<li>du <strong>30 mars au 30 juin et&nbsp;du 1er&nbsp;septembre au 10 novembre<\/strong>&nbsp;: tous les jours <strong>de 14h \u00e0 18h<\/strong><\/li>\n\n\n\n<li><strong>1er&nbsp;juillet au 31 ao\u00fbt&nbsp;<\/strong>: tous les jours<strong> de 10h30 \u00e0 12h30 et de 13h30 \u00e0 18h30<\/strong> (avec des visites guid\u00e9es propos\u00e9es \u00e0 horaires fixes \u00e0 <strong>11h, 14h30 et 16h30)<\/strong><\/li>\n<\/ul>\n\n\n\n<p><a href=\"https:\/\/www.ecomusee-bresse71.fr\/en\/activites\/boutique-musee-bresse-bourgogne\/\"><strong>La boutique<\/strong><\/a> et le <strong><a href=\"https:\/\/www.ecomusee-bresse71.fr\/activites\/petite-restauration\/\">salon de th\u00e9<\/a> <\/strong>sont ouverts aux m\u00eames horaires et accessibles sans billets d\u2019entr\u00e9e. <\/p>\n\n\n\n<p>Le parc du ch\u00e2teau de Pierre-de-Bresse est un parc public ouvert en continu sans horaire.<\/p>\n\n\n\n<h3 class=\"wp-block-heading\">Tarifs&nbsp;du mus\u00e9e :<\/h3>\n\n\n\n<ul class=\"wp-block-list\">\n<li>Plein tarif&nbsp;: 8.50 \u20ac<\/li>\n\n\n\n<li>Tarif r\u00e9duit (\u00e9tudiant, demandeur d\u2019emploi) : 6 \u20ac<\/li>\n\n\n\n<li>De 12 \u00e0 18 ans : 4 \u20ac<\/li>\n\n\n\n<li>Gratuit jusqu\u2019\u00e0 12 ans, pour les adh\u00e9rents Ecomus\u00e9e, pour les personnes en situation de handicap, leur accompagnant et pour les porteurs de certaines cartes promotionnelles<\/li>\n\n\n\n<li>Audioguides : suppl\u00e9ment de 2 \u20ac<\/li>\n\n\n\n<li>Pour les tarifs des activit\u00e9s et \u00e9v\u00e9nements du ch\u00e2teau voir <a href=\"https:\/\/www.ecomusee-bresse71.fr\/events\/event\/\">l\u2019agenda<\/a><\/li>\n\n\n\n<li>Pour les tarifs de <a href=\"https:\/\/www.ecomusee-bresse71.fr\/en\/vous-etes\/enseignants-jeunes-ecoles-71\/\">groupes enfants<\/a> voir notre catalogue, idem pour les <a href=\"https:\/\/www.ecomusee-bresse71.fr\/en\/vous-etes\/entreprises-associations-adhesion-ecomusee\/\">groupes adultes<\/a> <\/li>\n\n\n\n<li>Pour les tarifs du <a href=\"https:\/\/www.ecomusee-bresse71.fr\/activites\/gite-de-groupe\/\">g\u00eete de groupes<\/a> voir la page d\u00e9di\u00e9e<\/li>\n\n\n\n<li>Pour les tarifs de <a href=\"https:\/\/www.ecomusee-bresse71.fr\/activites\/location-salle\/\">location de salle<\/a> voir la page d\u00e9di\u00e9e<\/li>\n<\/ul>\n\n\n\n<p><\/p>\n\n\n\n<h2 class=\"wp-block-heading\">Mus\u00e9e de l\u2019imprimerie et Mus\u00e9e des Beaux-arts<\/h2>\n\n\n\n<p>29 rue des D\u00f4danes, 71500 Louhans-Ch\u00e2teaurenaud<\/p>\n\n\n\n<h3 class=\"wp-block-heading\">Horaires d\u2019ouverture&nbsp;:<\/h3>\n\n\n\n<ul class=\"wp-block-list\">\n<li>Ouvert<strong> <\/strong>sur r\u00e9servation toute l\u2019ann\u00e9e pour les groupes et pour des <a href=\"https:\/\/www.ecomusee-bresse71.fr\/events\/event\/\">\u00e9v\u00e9nements<\/a><\/li>\n\n\n\n<li>Ouvert en continu <strong>du 3 mars jusqu\u2019au 29\u00a0d\u00e9cembre 2025<\/strong>, tous les jours sauf le mardi et le dimanche, de 14h \u00e0 17h<mark style=\"background-color:rgba(0, 0, 0, 0)\" class=\"has-inline-color has-vivid-red-color\">.<\/mark><\/li>\n<\/ul>\n\n\n\n<h3 class=\"wp-block-heading\">Tarifs&nbsp;du mus\u00e9e&nbsp;de l\u2019imprimerie :<\/h3>\n\n\n\n<ul class=\"wp-block-list\">\n<li>Plein tarif&nbsp;: 4.50 \u20ac (incluant un audioguide)<\/li>\n\n\n\n<li>De 12 \u00e0 18 ans&nbsp;: 2 \u20ac<\/li>\n\n\n\n<li>Gratuit\u00e9 jusqu\u2019\u00e0 12 ans, pour les adh\u00e9rents Ecomus\u00e9e, pour les personnes en situation de handicap, leur accompagnant et pour les porteurs de certaines cartes promotionnelles<\/li>\n<\/ul>\n\n\n\n<h3 class=\"wp-block-heading\">Tarifs du mus\u00e9e des Beaux-Arts&nbsp;:<\/h3>\n\n\n\n<ul class=\"wp-block-list\">\n<li>Gratuit<\/li>\n\n\n\n<li>Pour les tarifs de nos activit\u00e9s et \u00e9v\u00e9nements des mus\u00e9es <a href=\"https:\/\/www.ecomusee-bresse71.fr\/events\/event\/\"><strong>voir l\u2019agenda <\/strong><\/a><\/li>\n\n\n\n<li>Pour les tarifs de<a href=\"https:\/\/www.ecomusee-bresse71.fr\/en\/vous-etes\/enseignants-jeunes-ecoles-71\/\"><strong> groupes enfants<\/strong><\/a> et <a href=\"https:\/\/www.ecomusee-bresse71.fr\/contenu\/uploads\/2025\/06\/25-Brochure_Groupe-Adultes_BD.pdf\" target=\"_blank\" rel=\"noreferrer noopener\"><strong>groupes adultes<\/strong><\/a> consultez les pages d\u00e9di\u00e9es<\/li>\n<\/ul>\n\n\n\n<p>Ce site ne dispose pas d\u2019appareil \u00e0 carte bancaire, merci de pr\u00e9voir des esp\u00e8ces.<\/p>\n\n\n\n<p><\/p>\n\n\n\n<h2 class=\"wp-block-heading\">Moulin-mus\u00e9e<\/h2>\n\n\n\n<p>25 route de Montjay, 71470 M\u00e9netreuil<\/p>\n\n\n\n<h3 class=\"wp-block-heading\">Horaires d\u2019ouverture :<\/h3>\n\n\n\n<ul class=\"wp-block-list\">\n<li>Ouvert sur r\u00e9servation toute l\u2019ann\u00e9e pour les groupes et pour<strong> <a href=\"https:\/\/www.ecomusee-bresse71.fr\/events\/event\/\">des \u00e9v\u00e9nements.<\/a><\/strong><\/li>\n\n\n\n<li>Ouverture en continu <strong>du 4 juin au 28 septembre 2025<\/strong>, du<strong> mercredi au dimanche de 14h \u00e0 18h <\/strong>(avec des visites guid\u00e9es propos\u00e9es \u00e0 horaire fixe \u00e0 14h30)<\/li>\n<\/ul>\n\n\n\n<h3 class=\"wp-block-heading\">Tarifs du mus\u00e9e&nbsp;:<\/h3>\n\n\n\n<ul class=\"wp-block-list\">\n<li>Plein tarif&nbsp;: 4.50 \u20ac (incluant un audioguide)<\/li>\n\n\n\n<li>De 12 \u00e0 18 ans&nbsp;: 2 \u20ac<\/li>\n\n\n\n<li>Gratuit\u00e9 jusqu\u2019\u00e0 12 ans, pour les adh\u00e9rents Ecomus\u00e9e, pour les personnes en situation de handicap, leur accompagnant et pour les porteurs de certaines cartes promotionnelles. <\/li>\n\n\n\n<li>Pour les tarifs de<a href=\"https:\/\/www.ecomusee-bresse71.fr\/en\/vous-etes\/enseignants-jeunes-ecoles-71\/\"><strong> groupes enfants<\/strong><\/a> et <a href=\"https:\/\/www.ecomusee-bresse71.fr\/contenu\/uploads\/2025\/06\/25-Brochure_Groupe-Adultes_BD.pdf\" target=\"_blank\" rel=\"noreferrer noopener\"><strong>groupes adultes<\/strong><\/a> consultez les pages d\u00e9di\u00e9es<\/li>\n\n\n\n<li>Pour les tarifs de la petite restauration, cliquez <a href=\"https:\/\/www.ecomusee-bresse71.fr\/activites\/petite-restauration\/\">ici <\/a><\/li>\n\n\n\n<li>Plus de renseignements sur la boutique <a href=\"https:\/\/www.ecomusee-bresse71.fr\/en\/activites\/boutique-musee-bresse-bourgogne\/\">ici <\/a><\/li>\n<\/ul>\n\n\n\n<p>Ce site ne dispose pas d\u2019appareil \u00e0 carte bancaire, merci de pr\u00e9voir des esp\u00e8ces.<\/p>\n\n\n\n<p><\/p>\n\n\n\n<h2 class=\"wp-block-heading\">Ferme du champ Bressan<\/h2>\n\n\n\n<p>3928 route des Alpes, 71470 Romenay<\/p>\n\n\n\n<p><strong>Ouverture en continu du 16 mai au 28 septembre, du vendredi au dimanche, de 10h \u00e0 12h30 et 13h15 \u00e0 18h<\/strong><\/p>\n\n\n\n<h3 class=\"wp-block-heading\">Tarifs du mus\u00e9e&nbsp;:<\/h3>\n\n\n\n<ul class=\"wp-block-list\">\n<li>Plein tarif&nbsp;: 3,50 \u20ac<\/li>\n\n\n\n<li>Gratuit\u00e9&nbsp;: moins de 18 ans, \u00e9tudiant, demander d\u2019emploi, adh\u00e9rents Ecomus\u00e9e<\/li>\n\n\n\n<li>Viosioguide : 2 \u20ac en suppl\u00e9ment.<\/li>\n\n\n\n<li>Pour les tarifs des groupes se renseigner aupr\u00e8s de la <a href=\"https:\/\/www.romenay.fr\/\" target=\"_blank\" rel=\"noreferrer noopener\"><strong>municipalit\u00e9 de Romenay.<\/strong><\/a><\/li>\n<\/ul>\n\n\n\n<p>Ce site ne dispose pas d\u2019appareil \u00e0 carte bancaire, merci de pr\u00e9voir des esp\u00e8ces.<\/p>\n\n\n\n<p><\/p>\n\n\n\n<h2 class=\"wp-block-heading\">Mus\u00e9e du bl\u00e9 et du pain<\/h2>\n\n\n\n<p>2 rue de l\u2019Egalit\u00e9, 71350 Verdun-Ciel<\/p>\n\n\n\n<h3 class=\"wp-block-heading\">Horaires d\u2019ouverture :<\/h3>\n\n\n\n<ul class=\"wp-block-list\">\n<li>Horaires d&#8217;ouverture \u00e0 venir<\/li>\n<\/ul>\n\n\n\n<h3 class=\"wp-block-heading\">Tarifs individuels&nbsp;:<\/h3>\n\n\n\n<ul class=\"wp-block-list\">\n<li>Plein tarif&nbsp;: 3,50 \u20ac<\/li>\n\n\n\n<li>Gratuit\u00e9&nbsp;: moins de 18 ans, \u00e9tudiant, demander d\u2019emploi, adh\u00e9rents Ecomus\u00e9e<\/li>\n\n\n\n<li>Audioguide : 2 \u20ac en suppl\u00e9ment.<\/li>\n\n\n\n<li>Pour les tarifs de nos activit\u00e9s et \u00e9v\u00e9nements du mus\u00e9e <a href=\"https:\/\/www.ecomusee-bresse71.fr\/events\/event\/\"><strong>voir l\u2019agenda<\/strong><\/a><\/li>\n\n\n\n<li>Pour les tarifs de<a href=\"https:\/\/www.ecomusee-bresse71.fr\/en\/vous-etes\/enseignants-jeunes-ecoles-71\/\"><strong> groupes enfants<\/strong><\/a> et <a href=\"https:\/\/www.ecomusee-bresse71.fr\/contenu\/uploads\/2025\/06\/25-Brochure_Groupe-Adultes_BD.pdf\" target=\"_blank\" rel=\"noreferrer noopener\"><strong>groupes adultes<\/strong><\/a>, consultez les pages d\u00e9di\u00e9es<\/li>\n<\/ul>\n\n\n\n<p><\/p>\n\n\n\n<h2 class=\"wp-block-heading\">Mus\u00e9e de l\u2019agriculture<\/h2>\n\n\n\n<p>29 route de Sens, 71330 Saint-Germain-du-Bois<\/p>\n\n\n\n<h3 class=\"wp-block-heading\">Horaires d\u2019ouverture&nbsp;:<\/h3>\n\n\n\n<ul class=\"wp-block-list\">\n<li>Ouvert sur r\u00e9servation toute l\u2019ann\u00e9e pour les groupes et pour des <a href=\"https:\/\/www.ecomusee-bresse71.fr\/events\/event\/\"><strong>\u00e9v\u00e9nements<\/strong><\/a><\/li>\n\n\n\n<li>Ouverture en continu, du<strong> 6 juillet au 31 ao\u00fbt<\/strong>, du<strong> jeudi au dimanche, de 14h \u00e0 18h<\/strong><\/li>\n<\/ul>\n\n\n\n<h3 class=\"wp-block-heading\">Tarifs du mus\u00e9e&nbsp;:<\/h3>\n\n\n\n<ul class=\"wp-block-list\">\n<li>Plein tarif&nbsp;: 4.50 \u20ac (incluant un audioguide)<\/li>\n\n\n\n<li>De 12 \u00e0 18 ans&nbsp;: 2 \u20ac<\/li>\n\n\n\n<li>Gratuit\u00e9 jusqu\u2019\u00e0 12 ans, pour les adh\u00e9rents Ecomus\u00e9e, pour les personnes en situation de handicap, leur accompagnant et pour les porteurs de certaines cartes promotionnelles<\/li>\n\n\n\n<li>Pour les tarifs de nos activit\u00e9s et \u00e9v\u00e9nements du mus\u00e9e <a href=\"https:\/\/www.ecomusee-bresse71.fr\/events\/event\/\"><strong>voir l\u2019agenda.<\/strong><\/a><\/li>\n\n\n\n<li>Pour les tarifs de<a href=\"https:\/\/www.ecomusee-bresse71.fr\/en\/vous-etes\/enseignants-jeunes-ecoles-71\/\"><strong> groupes enfants<\/strong><\/a> et <a href=\"https:\/\/www.ecomusee-bresse71.fr\/contenu\/uploads\/2025\/06\/25-Brochure_Groupe-Adultes_BD.pdf\" target=\"_blank\" rel=\"noreferrer noopener\"><strong>groupes adultes<\/strong><\/a> consultez les pages d\u00e9di\u00e9es<\/li>\n\n\n\n<li>Plus de renseignements sur la boutique <a href=\"https:\/\/www.ecomusee-bresse71.fr\/en\/activites\/boutique-musee-bresse-bourgogne\/\">ici <\/a><\/li>\n<\/ul>\n\n\n\n<p>Ce site ne dispose pas d\u2019appareil \u00e0 carte bancaire, merci de pr\u00e9voir des esp\u00e8ces.<\/p>\n\n\n\n<p><\/p>\n\n\n\n<h2 class=\"wp-block-heading\">Mus\u00e9e de la For\u00eat<\/h2>\n\n\n\n<p>15 Rte de Longbois, 71620 Saint-Martin-en-Bresse<\/p>\n\n\n\n<h3 class=\"wp-block-heading\">Horaires d\u2019ouverture&nbsp;;<\/h3>\n\n\n\n<ul class=\"wp-block-list\">\n<li>Ouvert<strong> sur r\u00e9servation toute l\u2019ann\u00e9e pour les groupes<\/strong><\/li>\n\n\n\n<li><strong>Ouvert au grand public le premier dimanche du mois de septembre pour <a href=\"https:\/\/www.ecomusee-bresse71.fr\/events\/event\/\">la F\u00eate du Bois<\/a><\/strong> et pour des <a href=\"https:\/\/www.ecomusee-bresse71.fr\/events\/event\/\">\u00e9v\u00e9nements culturels<\/a><\/li>\n<\/ul>\n\n\n\n<h3 class=\"wp-block-heading\">Tarifs&nbsp;du mus\u00e9e :<\/h3>\n\n\n\n<ul class=\"wp-block-list\">\n<li>Pour les tarifs de nos activit\u00e9s et \u00e9v\u00e9nements au mus\u00e9e <a href=\"https:\/\/www.ecomusee-bresse71.fr\/events\/event\/\"><strong>voir l\u2019agenda<\/strong><\/a><\/li>\n\n\n\n<li>Pour les tarifs de<a href=\"https:\/\/www.ecomusee-bresse71.fr\/en\/vous-etes\/enseignants-jeunes-ecoles-71\/\"><strong> groupes enfants<\/strong><\/a> et <a href=\"https:\/\/www.ecomusee-bresse71.fr\/contenu\/uploads\/2025\/06\/25-Brochure_Groupe-Adultes_BD.pdf\" target=\"_blank\" rel=\"noreferrer noopener\"><strong>groupes adultes<\/strong><\/a> consultez les pages d\u00e9di\u00e9es<\/li>\n<\/ul>\n\n\n\n<p><\/p>\n\n\n\n<p><\/p>\n\n\n\n<h2 class=\"wp-block-heading\">Maison vigneronne<\/h2>\n\n\n\n<p>rue des lombards (Cour du ch\u00e2teau des Princes d\u2019Orange), 71480 Cuiseaux<\/p>\n\n\n\n<h3 class=\"wp-block-heading\">Horaires d\u2019ouverture&nbsp;:<\/h3>\n\n\n\n<ul class=\"wp-block-list\">\n<li>Ouvert sur r\u00e9servation toute l\u2019ann\u00e9e pour les <a href=\"https:\/\/www.ecomusee-bresse71.fr\/en\/vous-etes\/entreprises-associations-adhesion-ecomusee\/\">groupes<\/a><\/li>\n\n\n\n<li>Ouvert en \u00e9t\u00e9 pour les visites guid\u00e9es de la ville organis\u00e9e par l<strong>\u2019<a href=\"https:\/\/www.bresse-bourguignonne.com\/\">Office de Tourisme de la bresse bourguignonne<\/a><\/strong> et pour d\u2019autres \u00e9v\u00e9nements culturels<\/li>\n<\/ul>\n\n\n\n<h3 class=\"wp-block-heading\">Tarifs du mus\u00e9e&nbsp;:<\/h3>\n\n\n\n<p>Pour les tarifs de<a href=\"https:\/\/www.ecomusee-bresse71.fr\/en\/vous-etes\/enseignants-jeunes-ecoles-71\/\"><strong> groupes enfants<\/strong><\/a> et <a href=\"https:\/\/www.ecomusee-bresse71.fr\/contenu\/uploads\/2025\/06\/25-Brochure_Groupe-Adultes_BD.pdf\" target=\"_blank\" rel=\"noreferrer noopener\"><strong>groupes adultes<\/strong><\/a><\/p>\n\n\n\n<p><\/p>\n\n\n\n<h2 class=\"wp-block-heading\">Moulin de la Croix<\/h2>\n\n\n\n<p>470 Rte de Saint-Martin, 71500 Ratte<\/p>\n\n\n\n<p><strong>Horaires d\u2019ouverture&nbsp;:<\/strong><\/p>\n\n\n\n<ul class=\"wp-block-list\">\n<li>Ouvert sur r\u00e9servation toute l\u2019ann\u00e9e pour les groupes<\/li>\n\n\n\n<li>Ouvert au grand public pour les dimanches <strong>des <a href=\"https:\/\/www.patrimoinedepays-moulins.org\/\">Journ\u00e9es du Patrimoine de Pays et des Moulins<\/a> et des Journ\u00e9es europ\u00e9ennes du patrimoine<\/strong><\/li>\n<\/ul>\n\n\n\n<h3 class=\"wp-block-heading\">Tarifs du mus\u00e9e&nbsp;:<\/h3>\n\n\n\n<ul class=\"wp-block-list\">\n<li>Pour les tarifs de nos activit\u00e9s et \u00e9v\u00e9nements au Moulin de la Croix <a href=\"https:\/\/www.ecomusee-bresse71.fr\/events\/event\/\"><strong>voir l\u2019agenda<\/strong><\/a><\/li>\n\n\n\n<li>Pour les tarifs de<a href=\"https:\/\/www.ecomusee-bresse71.fr\/en\/vous-etes\/enseignants-jeunes-ecoles-71\/\"><strong> groupes enfants<\/strong><\/a> et <a href=\"https:\/\/www.ecomusee-bresse71.fr\/contenu\/uploads\/2025\/06\/25-Brochure_Groupe-Adultes_BD.pdf\" target=\"_blank\" rel=\"noreferrer noopener\"><strong>groupes adultes<\/strong><\/a>, consultez les pages d\u00e9di\u00e9es<\/li>\n<\/ul>\n\n\n\n<p><\/p>\n\n\n\n<h2 class=\"wp-block-heading\">Tuilerie<\/h2>\n\n\n\n<p>85 R\u00e9al, 71480 Varennes-Saint-Sauveur<\/p>\n\n\n\n<p>Situ\u00e9e \u00e0 l&#8217;entr\u00e9e Nord du village sur la route d\u00e9partementale 996 (Louhans &#8211; Bourg-en-Bresse)<\/p>\n\n\n\n<p><strong>Ouvert au grand public le dimanche des Journ\u00e9es europ\u00e9ennes du patrimoine<\/strong> et lors d&#8217;\u00e9v\u00e9nements organis\u00e9s par Les Amis de la Tuilerie<\/p>\n\n\n\n<h3 class=\"wp-block-heading\">Tarifs :<\/h3>\n\n\n\n<ul class=\"wp-block-list\">\n<li>Pour les tarifs de nos activit\u00e9s et \u00e9v\u00e9nements \u00e0 la tuilerie <a href=\"https:\/\/www.ecomusee-bresse71.fr\/events\/event\/\"><strong>voir l\u2019agenda<\/strong><\/a><\/li>\n\n\n\n<li><a href=\"https:\/\/www.varennes-saint-sauveur.fr\/locations.htm\" target=\"_blank\" rel=\"noreferrer noopener\"><strong>Tarifs de location de la tuilerie&nbsp;<\/strong><\/a><\/li>\n<\/ul>\n\n\n\n<p><\/p>\n\n\n\n<h2 class=\"wp-block-heading\">Domaine Plissonnier<\/h2>\n\n\n\n<p>17 route de Louhans, 71440 Saint-Andr\u00e9-en-Bresse&nbsp;<\/p>\n\n\n\n<h3 class=\"wp-block-heading\">Horaires d\u2019ouverture&nbsp;<\/h3>\n\n\n\n<ul class=\"wp-block-list\">\n<li>Ouvert sur r\u00e9servation toute l\u2019ann\u00e9e pour les groupes<\/li>\n\n\n\n<li>Ouvert au grand public pour le dimanche des Journ\u00e9es europ\u00e9ennes du patrimoine<\/li>\n<\/ul>\n\n\n\n<h4 class=\"wp-block-heading\">Tarifs<\/h4>\n\n\n\n<ul class=\"wp-block-list\">\n<li>Pour les tarifs de nos activit\u00e9s et \u00e9v\u00e9nements au Domaine <a href=\"https:\/\/www.ecomusee-bresse71.fr\/events\/event\/\"><strong>voir l\u2019agenda <\/strong><\/a><\/li>\n\n\n\n<li>Pour le tarif de location du g\u00eete de groupe voir sur <a href=\"https:\/\/www.grandsgites.com\/gite-71-domaine-plissonnier-1311.htm\" target=\"_blank\" rel=\"noreferrer noopener\"><strong>Grand G\u00eete<\/strong><\/a><\/li>\n<\/ul>\n\n\n\n<p><\/p>\n\n\n\n<h2 class=\"wp-block-heading\">Galerie des Moulins de Sagy<\/h2>\n\n\n\n<p>Rte des Galland, 71580 Sagy &#8211; (au centre du village, derri\u00e8re la biblioth\u00e8que)<\/p>\n\n\n\n<p><strong> Ce site est en acc\u00e8s libre<\/strong><\/p>\n","protected":false},"excerpt":{"rendered":"<p>L\u2019ensemble de nos sites sont ouverts toute l\u2019ann\u00e9e sur r\u00e9servation et pour des \u00e9v\u00e9nements culturels ponctuels : voir l&#8217;agenda. Pour [&hellip;]<\/p>\n","protected":false},"author":7,"featured_media":0,"parent":0,"menu_order":0,"comment_status":"closed","ping_status":"closed","template":"","meta":{"_acf_changed":false,"footnotes":""},"class_list":["post-888","page","type-page","status-publish","hentry"],"acf":[],"yoast_head":"<!-- This site is optimized with the Yoast SEO plugin v24.3 - https:\/\/yoast.com\/wordpress\/plugins\/seo\/ -->\n<title>Informations pratiques<\/title>\n<meta name=\"robots\" content=\"index, follow, max-snippet:-1, max-image-preview:large, max-video-preview:-1\" \/>\n<link rel=\"canonical\" href=\"https:\/\/www.ecomusee-bresse71.fr\/en\/infos-pratiques\/\" \/>\n<meta property=\"og:locale\" content=\"en_US\" \/>\n<meta property=\"og:type\" content=\"article\" \/>\n<meta property=\"og:title\" content=\"Informations pratiques\" \/>\n<meta property=\"og:description\" content=\"L\u2019ensemble de nos sites sont ouverts toute l\u2019ann\u00e9e sur r\u00e9servation et pour des \u00e9v\u00e9nements culturels ponctuels : voir l&#8217;agenda. Pour [&hellip;]\" \/>\n<meta property=\"og:url\" content=\"https:\/\/www.ecomusee-bresse71.fr\/en\/infos-pratiques\/\" \/>\n<meta property=\"og:site_name\" content=\"Ecomus\u00e9e de la Bresse Bourguignonne\" \/>\n<meta property=\"article:modified_time\" content=\"2025-10-02T13:56:23+00:00\" \/>\n<meta name=\"twitter:card\" content=\"summary_large_image\" \/>\n<meta name=\"twitter:label1\" content=\"Est. reading time\" \/>\n\t<meta name=\"twitter:data1\" content=\"7 minutes\" \/>\n<script type=\"application\/ld+json\" class=\"yoast-schema-graph\">{\"@context\":\"https:\/\/schema.org\",\"@graph\":[{\"@type\":\"WebPage\",\"@id\":\"https:\/\/www.ecomusee-bresse71.fr\/en\/infos-pratiques\/\",\"url\":\"https:\/\/www.ecomusee-bresse71.fr\/en\/infos-pratiques\/\",\"name\":\"Informations pratiques\",\"isPartOf\":{\"@id\":\"https:\/\/www.ecomusee-bresse71.fr\/en\/#website\"},\"datePublished\":\"2025-02-04T10:04:10+00:00\",\"dateModified\":\"2025-10-02T13:56:23+00:00\",\"breadcrumb\":{\"@id\":\"https:\/\/www.ecomusee-bresse71.fr\/en\/infos-pratiques\/#breadcrumb\"},\"inLanguage\":\"en-US\",\"potentialAction\":[{\"@type\":\"ReadAction\",\"target\":[\"https:\/\/www.ecomusee-bresse71.fr\/en\/infos-pratiques\/\"]}]},{\"@type\":\"BreadcrumbList\",\"@id\":\"https:\/\/www.ecomusee-bresse71.fr\/en\/infos-pratiques\/#breadcrumb\",\"itemListElement\":[{\"@type\":\"ListItem\",\"position\":1,\"name\":\"Home\",\"item\":\"https:\/\/www.ecomusee-bresse71.fr\/en\/\"},{\"@type\":\"ListItem\",\"position\":2,\"name\":\"Informations pratiques\"}]},{\"@type\":\"WebSite\",\"@id\":\"https:\/\/www.ecomusee-bresse71.fr\/en\/#website\",\"url\":\"https:\/\/www.ecomusee-bresse71.fr\/en\/\",\"name\":\"Ecomus\u00e9e de la Bresse Bourguignonne\",\"description\":\"\",\"potentialAction\":[{\"@type\":\"SearchAction\",\"target\":{\"@type\":\"EntryPoint\",\"urlTemplate\":\"https:\/\/www.ecomusee-bresse71.fr\/en\/?s={search_term_string}\"},\"query-input\":{\"@type\":\"PropertyValueSpecification\",\"valueRequired\":true,\"valueName\":\"search_term_string\"}}],\"inLanguage\":\"en-US\"}]}<\/script>\n<!-- \/ Yoast SEO plugin. -->","yoast_head_json":{"title":"Informations pratiques","robots":{"index":"index","follow":"follow","max-snippet":"max-snippet:-1","max-image-preview":"max-image-preview:large","max-video-preview":"max-video-preview:-1"},"canonical":"https:\/\/www.ecomusee-bresse71.fr\/en\/infos-pratiques\/","og_locale":"en_US","og_type":"article","og_title":"Informations pratiques","og_description":"L\u2019ensemble de nos sites sont ouverts toute l\u2019ann\u00e9e sur r\u00e9servation et pour des \u00e9v\u00e9nements culturels ponctuels : voir l&#8217;agenda. Pour [&hellip;]","og_url":"https:\/\/www.ecomusee-bresse71.fr\/en\/infos-pratiques\/","og_site_name":"Ecomus\u00e9e de la Bresse Bourguignonne","article_modified_time":"2025-10-02T13:56:23+00:00","twitter_card":"summary_large_image","twitter_misc":{"Est. reading time":"7 minutes"},"schema":{"@context":"https:\/\/schema.org","@graph":[{"@type":"WebPage","@id":"https:\/\/www.ecomusee-bresse71.fr\/en\/infos-pratiques\/","url":"https:\/\/www.ecomusee-bresse71.fr\/en\/infos-pratiques\/","name":"Informations pratiques","isPartOf":{"@id":"https:\/\/www.ecomusee-bresse71.fr\/en\/#website"},"datePublished":"2025-02-04T10:04:10+00:00","dateModified":"2025-10-02T13:56:23+00:00","breadcrumb":{"@id":"https:\/\/www.ecomusee-bresse71.fr\/en\/infos-pratiques\/#breadcrumb"},"inLanguage":"en-US","potentialAction":[{"@type":"ReadAction","target":["https:\/\/www.ecomusee-bresse71.fr\/en\/infos-pratiques\/"]}]},{"@type":"BreadcrumbList","@id":"https:\/\/www.ecomusee-bresse71.fr\/en\/infos-pratiques\/#breadcrumb","itemListElement":[{"@type":"ListItem","position":1,"name":"Home","item":"https:\/\/www.ecomusee-bresse71.fr\/en\/"},{"@type":"ListItem","position":2,"name":"Informations pratiques"}]},{"@type":"WebSite","@id":"https:\/\/www.ecomusee-bresse71.fr\/en\/#website","url":"https:\/\/www.ecomusee-bresse71.fr\/en\/","name":"Ecomus\u00e9e de la Bresse Bourguignonne","description":"","potentialAction":[{"@type":"SearchAction","target":{"@type":"EntryPoint","urlTemplate":"https:\/\/www.ecomusee-bresse71.fr\/en\/?s={search_term_string}"},"query-input":{"@type":"PropertyValueSpecification","valueRequired":true,"valueName":"search_term_string"}}],"inLanguage":"en-US"}]}},"_links":{"self":[{"href":"https:\/\/www.ecomusee-bresse71.fr\/en\/wp-json\/wp\/v2\/pages\/888"}],"collection":[{"href":"https:\/\/www.ecomusee-bresse71.fr\/en\/wp-json\/wp\/v2\/pages"}],"about":[{"href":"https:\/\/www.ecomusee-bresse71.fr\/en\/wp-json\/wp\/v2\/types\/page"}],"author":[{"embeddable":true,"href":"https:\/\/www.ecomusee-bresse71.fr\/en\/wp-json\/wp\/v2\/users\/7"}],"replies":[{"embeddable":true,"href":"https:\/\/www.ecomusee-bresse71.fr\/en\/wp-json\/wp\/v2\/comments?post=888"}],"version-history":[{"count":2,"href":"https:\/\/www.ecomusee-bresse71.fr\/en\/wp-json\/wp\/v2\/pages\/888\/revisions"}],"predecessor-version":[{"id":3608,"href":"https:\/\/www.ecomusee-bresse71.fr\/en\/wp-json\/wp\/v2\/pages\/888\/revisions\/3608"}],"wp:attachment":[{"href":"https:\/\/www.ecomusee-bresse71.fr\/en\/wp-json\/wp\/v2\/media?parent=888"}],"curies":[{"name":"wp","href":"https:\/\/api.w.org\/{rel}","templated":true}]}}