{"id":892,"date":"2025-02-04T11:04:09","date_gmt":"2025-02-04T10:04:09","guid":{"rendered":"https:\/\/www.ecomusee-bresse71.fr\/mediatheque-patrimoines-bressans-71\/"},"modified":"2026-04-24T10:30:25","modified_gmt":"2026-04-24T08:30:25","slug":"mediatheque-patrimoines-bressans-71","status":"publish","type":"page","link":"https:\/\/www.ecomusee-bresse71.fr\/en\/ecomusee\/mediatheque-patrimoines-bressans-71\/","title":{"rendered":"M\u00e9diath\u00e8que des patrimoines bressans"},"content":{"rendered":"\n<h2 class=\"wp-block-heading\">L&#8217;\u00c9comus\u00e9e de la Bresse bourguignonne, 40 ans de m\u00e9moire, de d\u00e9couvertes et de d\u00e9bats<\/h2>\n\n\n\n<p><strong>L\u2019\u00c9comus\u00e9e de Pierre-de-Bresse<\/strong> est un v\u00e9ritable tr\u00e9sor de m\u00e9moire locale ! Depuis <strong>quarante ans<\/strong>, il collecte et conserve une vari\u00e9t\u00e9 d\u2019objets :<strong> livres, t\u00e9moignages oraux, photographies, cartes postales<\/strong> et <strong>vid\u00e9os <\/strong>qui racontent <strong>l\u2019histoire du territoire bressan.<\/strong> Ces pr\u00e9cieux documents sont soigneusement rassembl\u00e9s et accessibles au public dans une m\u00e9diath\u00e8que situ\u00e9e sur le site du <a href=\"https:\/\/www.ecomusee-bresse71.fr\/en\/musees-et-sites\/chateau-pierre-de-bresse-71\/\"><strong>ch\u00e2teau de Pierre-de-Bresse.<\/strong><\/a><strong>&nbsp;<\/strong><\/p>\n\n\n\n<p><strong>Le catalogue d\u2019ouvrages sera prochainement en ligne&nbsp;<\/strong><\/p>\n\n\n\n<p>Si vous avez des questions ou souhaitez en savoir plus, n\u2019h\u00e9sitez pas \u00e0 <strong><a href=\"mailto:documentation@ecomusee-de-la-bresse.com\" target=\"_blank\" rel=\"noreferrer noopener\">contacter la m\u00e9diath\u00e8que<\/a><\/strong>.<\/p>\n\n\n\n<p>En plus de ses collections, <a href=\"https:\/\/www.ecomusee-bresse71.fr\/en\/ecomusee\/musee-patrimoine-bresse-bourgogne-71\/\"><strong>l\u2019\u00c9comus\u00e9e<\/strong><\/a> organise chaque ann\u00e9e une<strong> journ\u00e9e d\u2019\u00e9tude<\/strong> anim\u00e9e par des sp\u00e9cialistes et des habitants. Ces rencontres permettent de discuter de sujets d\u2019actualit\u00e9 li\u00e9s \u00e0 la <strong>r\u00e9gion <\/strong>et de favoriser les \u00e9changes.<\/p>\n\n\n\n<p>Vous pouvez t\u00e9l\u00e9charger les actes des derni\u00e8res journ\u00e9es d&#8217;\u00e9tude ci-dessous :<\/p>\n\n\n\n<ul class=\"wp-block-list\">\n<li><strong><a href=\"https:\/\/www.ecomusee-bresse71.fr\/contenu\/uploads\/2026\/03\/2024-11-Actes-Journee-etude-paysages-bressans_compressed-1.pdf\">2024 &#8211; Des paysages naturels ou culturels ? Exemples de la Bresse bourguignonne<\/a><\/strong><\/li>\n\n\n\n<li><strong><a href=\"https:\/\/www.ecomusee-bresse71.fr\/contenu\/uploads\/2026\/04\/Actes-JE-2023-Ecrire-lhistoire-de-la-Resistance-en-Bresse.pdf\">2023 : Ecrire l&#8217;histoire de la R\u00e9sistance en Bresse<\/a><\/strong><\/li>\n\n\n\n<li><strong><a href=\"https:\/\/www.ecomusee-bresse71.fr\/contenu\/uploads\/2025\/03\/Actes_JE_2021_avenir-Ecomuse.pdf\" target=\"_blank\" rel=\"noreferrer noopener\">2021 : L&#8217;avenir de l&#8217;\u00c9comus\u00e9e de la Bresse bourguignonne : comment faire vivre un \u00e9comus\u00e9e au XXe si\u00e8cle ?<\/a><\/strong><\/li>\n\n\n\n<li><strong><a href=\"https:\/\/www.ecomusee-bresse71.fr\/contenu\/uploads\/2025\/03\/Actes_JE_2018_Agriculture_alimentation_gastronomie.pdf\" target=\"_blank\" rel=\"noreferrer noopener\">2018 : Agriculture, alimentation, gastronomie : 2\u00e8me journ\u00e9e<\/a><\/strong><\/li>\n\n\n\n<li><strong><a href=\"https:\/\/www.ecomusee-bresse71.fr\/contenu\/uploads\/2025\/03\/Actes_JE_2017_Agriculture_alimentation_gastronomie.pdf\" target=\"_blank\" rel=\"noreferrer noopener\">2017 : Agriculture, alimentation, gastronomie : quelles valorisations pour les productions alimentaires bressanes ?<\/a><\/strong><\/li>\n\n\n\n<li><strong><a href=\"https:\/\/www.ecomusee-bresse71.fr\/contenu\/uploads\/2025\/03\/Actes_JE_2016_Musique.pdf\" target=\"_blank\" rel=\"noreferrer noopener\">2016 : La musique en tous ses \u00e9tats<\/a><\/strong><\/li>\n\n\n\n<li><strong><a href=\"https:\/\/www.ecomusee-bresse71.fr\/contenu\/uploads\/2025\/03\/Actes_JE_2015_archeo_Saone-Doubs.pdf\" target=\"_blank\" rel=\"noreferrer noopener\">2015 : Actualit\u00e9s arch\u00e9ologiques : entre Sa\u00f4ne et Doubs et au-del\u00e0<\/a><\/strong><\/li>\n\n\n\n<li><strong><a href=\"https:\/\/www.ecomusee-bresse71.fr\/contenu\/uploads\/2025\/03\/Actes_JE_2014_Imprimerie.pdf\" target=\"_blank\" rel=\"noreferrer noopener\">2014 : Imprimerie et arts graphiques, de Gutenberg au num\u00e9rique<\/a><\/strong><\/li>\n\n\n\n<li><strong><a href=\"https:\/\/www.ecomusee-bresse71.fr\/contenu\/uploads\/2025\/03\/Actes_JE_2013_Bois.pdf\" target=\"_blank\" rel=\"noreferrer noopener\">2013 : Essence d&#8217;arbres, qualit\u00e9 des bois et mobilier<\/a><\/strong><\/li>\n\n\n\n<li><strong><a href=\"https:\/\/www.ecomusee-bresse71.fr\/contenu\/uploads\/2025\/03\/Actes_JE_2012_Foret-bressane.pdf\" target=\"_blank\" rel=\"noreferrer noopener\">2012 : La for\u00eat bressane hier et aujourd&#8217;hui \u00e0 travers le regard d&#8217;historiens et d&#8217;acteurs de la fili\u00e8re bois<\/a><\/strong><\/li>\n\n\n\n<li><strong><a href=\"https:\/\/www.ecomusee-bresse71.fr\/contenu\/uploads\/2025\/03\/Actes_JE_2011_Foret-bocage.pdf\" target=\"_blank\" rel=\"noreferrer noopener\">2011 : For\u00eat, bocage et d\u00e9veloppement durable<\/a><\/strong><\/li>\n\n\n\n<li><strong><a href=\"https:\/\/www.ecomusee-bresse71.fr\/contenu\/uploads\/2025\/03\/Actes_JE_2010_Eau.pdf\" target=\"_blank\" rel=\"noreferrer noopener\">2010 : Eau, biodiversit\u00e9 et patrimoine<\/a><\/strong><\/li>\n<\/ul>\n\n\n\n<figure class=\"wp-block-image size-large\"><img loading=\"lazy\" decoding=\"async\" width=\"1024\" height=\"768\" src=\"https:\/\/www.ecomusee-bresse71.fr\/contenu\/uploads\/2025\/06\/Photo-10-1024x768.jpg\" alt=\"\" class=\"wp-image-1609\"\/><\/figure>\n\n\n\n<p><\/p>\n","protected":false},"excerpt":{"rendered":"<p>L&#8217;\u00c9comus\u00e9e de la Bresse bourguignonne, 40 ans de m\u00e9moire, de d\u00e9couvertes et de d\u00e9bats L\u2019\u00c9comus\u00e9e de Pierre-de-Bresse est un v\u00e9ritable [&hellip;]<\/p>\n","protected":false},"author":7,"featured_media":0,"parent":896,"menu_order":5,"comment_status":"closed","ping_status":"closed","template":"","meta":{"_acf_changed":false,"footnotes":""},"class_list":["post-892","page","type-page","status-publish","hentry"],"acf":[],"yoast_head":"<!-- This site is optimized with the Yoast SEO plugin v24.3 - https:\/\/yoast.com\/wordpress\/plugins\/seo\/ -->\n<title>Ecomus\u00e9e de la Bresse | M\u00e9diath\u00e8que des patrimoines bressans<\/title>\n<meta name=\"description\" content=\"A l&#039;Ecomus\u00e9e de la Bresse Bourguignonne, retrouvez 40 ans d&#039;ouvrages, t\u00e9moignages, photographies et vid\u00e9os sur le territoire Bressan.\" \/>\n<meta name=\"robots\" content=\"index, follow, max-snippet:-1, max-image-preview:large, max-video-preview:-1\" \/>\n<link rel=\"canonical\" href=\"https:\/\/www.ecomusee-bresse71.fr\/en\/ecomusee\/mediatheque-patrimoines-bressans-71\/\" \/>\n<meta property=\"og:locale\" content=\"en_US\" \/>\n<meta property=\"og:type\" content=\"article\" \/>\n<meta property=\"og:title\" content=\"Ecomus\u00e9e de la Bresse | M\u00e9diath\u00e8que des patrimoines bressans\" \/>\n<meta property=\"og:description\" content=\"A l&#039;Ecomus\u00e9e de la Bresse Bourguignonne, retrouvez 40 ans d&#039;ouvrages, t\u00e9moignages, photographies et vid\u00e9os sur le territoire Bressan.\" \/>\n<meta property=\"og:url\" content=\"https:\/\/www.ecomusee-bresse71.fr\/en\/ecomusee\/mediatheque-patrimoines-bressans-71\/\" \/>\n<meta property=\"og:site_name\" content=\"Ecomus\u00e9e de la Bresse Bourguignonne\" \/>\n<meta property=\"article:modified_time\" content=\"2026-04-24T08:30:25+00:00\" \/>\n<meta property=\"og:image\" content=\"https:\/\/www.ecomusee-bresse71.fr\/contenu\/uploads\/2025\/06\/Photo-10-scaled.jpg\" \/>\n\t<meta property=\"og:image:width\" content=\"2560\" \/>\n\t<meta property=\"og:image:height\" content=\"1920\" \/>\n\t<meta property=\"og:image:type\" content=\"image\/jpeg\" \/>\n<meta name=\"twitter:card\" content=\"summary_large_image\" \/>\n<meta name=\"twitter:label1\" content=\"Est. reading time\" \/>\n\t<meta name=\"twitter:data1\" content=\"2 minutes\" \/>\n<script type=\"application\/ld+json\" class=\"yoast-schema-graph\">{\"@context\":\"https:\/\/schema.org\",\"@graph\":[{\"@type\":\"WebPage\",\"@id\":\"https:\/\/www.ecomusee-bresse71.fr\/en\/ecomusee\/mediatheque-patrimoines-bressans-71\/\",\"url\":\"https:\/\/www.ecomusee-bresse71.fr\/en\/ecomusee\/mediatheque-patrimoines-bressans-71\/\",\"name\":\"Ecomus\u00e9e de la Bresse | M\u00e9diath\u00e8que des patrimoines bressans\",\"isPartOf\":{\"@id\":\"https:\/\/www.ecomusee-bresse71.fr\/en\/#website\"},\"primaryImageOfPage\":{\"@id\":\"https:\/\/www.ecomusee-bresse71.fr\/en\/ecomusee\/mediatheque-patrimoines-bressans-71\/#primaryimage\"},\"image\":{\"@id\":\"https:\/\/www.ecomusee-bresse71.fr\/en\/ecomusee\/mediatheque-patrimoines-bressans-71\/#primaryimage\"},\"thumbnailUrl\":\"https:\/\/www.ecomusee-bresse71.fr\/contenu\/uploads\/2025\/06\/Photo-10-1024x768.jpg\",\"datePublished\":\"2025-02-04T10:04:09+00:00\",\"dateModified\":\"2026-04-24T08:30:25+00:00\",\"description\":\"A l'Ecomus\u00e9e de la Bresse Bourguignonne, retrouvez 40 ans d'ouvrages, t\u00e9moignages, photographies et vid\u00e9os sur le territoire Bressan.\",\"breadcrumb\":{\"@id\":\"https:\/\/www.ecomusee-bresse71.fr\/en\/ecomusee\/mediatheque-patrimoines-bressans-71\/#breadcrumb\"},\"inLanguage\":\"en-US\",\"potentialAction\":[{\"@type\":\"ReadAction\",\"target\":[\"https:\/\/www.ecomusee-bresse71.fr\/en\/ecomusee\/mediatheque-patrimoines-bressans-71\/\"]}]},{\"@type\":\"ImageObject\",\"inLanguage\":\"en-US\",\"@id\":\"https:\/\/www.ecomusee-bresse71.fr\/en\/ecomusee\/mediatheque-patrimoines-bressans-71\/#primaryimage\",\"url\":\"https:\/\/www.ecomusee-bresse71.fr\/contenu\/uploads\/2025\/06\/Photo-10-1024x768.jpg\",\"contentUrl\":\"https:\/\/www.ecomusee-bresse71.fr\/contenu\/uploads\/2025\/06\/Photo-10-1024x768.jpg\"},{\"@type\":\"BreadcrumbList\",\"@id\":\"https:\/\/www.ecomusee-bresse71.fr\/en\/ecomusee\/mediatheque-patrimoines-bressans-71\/#breadcrumb\",\"itemListElement\":[{\"@type\":\"ListItem\",\"position\":1,\"name\":\"Home\",\"item\":\"https:\/\/www.ecomusee-bresse71.fr\/en\/\"},{\"@type\":\"ListItem\",\"position\":2,\"name\":\"Qui sommes-nous ?\",\"item\":\"https:\/\/www.ecomusee-bresse71.fr\/en\/ecomusee\/\"},{\"@type\":\"ListItem\",\"position\":3,\"name\":\"M\u00e9diath\u00e8que des patrimoines bressans\"}]},{\"@type\":\"WebSite\",\"@id\":\"https:\/\/www.ecomusee-bresse71.fr\/en\/#website\",\"url\":\"https:\/\/www.ecomusee-bresse71.fr\/en\/\",\"name\":\"Ecomus\u00e9e de la Bresse Bourguignonne\",\"description\":\"\",\"potentialAction\":[{\"@type\":\"SearchAction\",\"target\":{\"@type\":\"EntryPoint\",\"urlTemplate\":\"https:\/\/www.ecomusee-bresse71.fr\/en\/?s={search_term_string}\"},\"query-input\":{\"@type\":\"PropertyValueSpecification\",\"valueRequired\":true,\"valueName\":\"search_term_string\"}}],\"inLanguage\":\"en-US\"}]}<\/script>\n<!-- \/ Yoast SEO plugin. -->","yoast_head_json":{"title":"Ecomus\u00e9e de la Bresse | M\u00e9diath\u00e8que des patrimoines bressans","description":"A l'Ecomus\u00e9e de la Bresse Bourguignonne, retrouvez 40 ans d'ouvrages, t\u00e9moignages, photographies et vid\u00e9os sur le territoire Bressan.","robots":{"index":"index","follow":"follow","max-snippet":"max-snippet:-1","max-image-preview":"max-image-preview:large","max-video-preview":"max-video-preview:-1"},"canonical":"https:\/\/www.ecomusee-bresse71.fr\/en\/ecomusee\/mediatheque-patrimoines-bressans-71\/","og_locale":"en_US","og_type":"article","og_title":"Ecomus\u00e9e de la Bresse | M\u00e9diath\u00e8que des patrimoines bressans","og_description":"A l'Ecomus\u00e9e de la Bresse Bourguignonne, retrouvez 40 ans d'ouvrages, t\u00e9moignages, photographies et vid\u00e9os sur le territoire Bressan.","og_url":"https:\/\/www.ecomusee-bresse71.fr\/en\/ecomusee\/mediatheque-patrimoines-bressans-71\/","og_site_name":"Ecomus\u00e9e de la Bresse Bourguignonne","article_modified_time":"2026-04-24T08:30:25+00:00","og_image":[{"width":2560,"height":1920,"url":"https:\/\/www.ecomusee-bresse71.fr\/contenu\/uploads\/2025\/06\/Photo-10-scaled.jpg","type":"image\/jpeg"}],"twitter_card":"summary_large_image","twitter_misc":{"Est. reading time":"2 minutes"},"schema":{"@context":"https:\/\/schema.org","@graph":[{"@type":"WebPage","@id":"https:\/\/www.ecomusee-bresse71.fr\/en\/ecomusee\/mediatheque-patrimoines-bressans-71\/","url":"https:\/\/www.ecomusee-bresse71.fr\/en\/ecomusee\/mediatheque-patrimoines-bressans-71\/","name":"Ecomus\u00e9e de la Bresse | M\u00e9diath\u00e8que des patrimoines bressans","isPartOf":{"@id":"https:\/\/www.ecomusee-bresse71.fr\/en\/#website"},"primaryImageOfPage":{"@id":"https:\/\/www.ecomusee-bresse71.fr\/en\/ecomusee\/mediatheque-patrimoines-bressans-71\/#primaryimage"},"image":{"@id":"https:\/\/www.ecomusee-bresse71.fr\/en\/ecomusee\/mediatheque-patrimoines-bressans-71\/#primaryimage"},"thumbnailUrl":"https:\/\/www.ecomusee-bresse71.fr\/contenu\/uploads\/2025\/06\/Photo-10-1024x768.jpg","datePublished":"2025-02-04T10:04:09+00:00","dateModified":"2026-04-24T08:30:25+00:00","description":"A l'Ecomus\u00e9e de la Bresse Bourguignonne, retrouvez 40 ans d'ouvrages, t\u00e9moignages, photographies et vid\u00e9os sur le territoire Bressan.","breadcrumb":{"@id":"https:\/\/www.ecomusee-bresse71.fr\/en\/ecomusee\/mediatheque-patrimoines-bressans-71\/#breadcrumb"},"inLanguage":"en-US","potentialAction":[{"@type":"ReadAction","target":["https:\/\/www.ecomusee-bresse71.fr\/en\/ecomusee\/mediatheque-patrimoines-bressans-71\/"]}]},{"@type":"ImageObject","inLanguage":"en-US","@id":"https:\/\/www.ecomusee-bresse71.fr\/en\/ecomusee\/mediatheque-patrimoines-bressans-71\/#primaryimage","url":"https:\/\/www.ecomusee-bresse71.fr\/contenu\/uploads\/2025\/06\/Photo-10-1024x768.jpg","contentUrl":"https:\/\/www.ecomusee-bresse71.fr\/contenu\/uploads\/2025\/06\/Photo-10-1024x768.jpg"},{"@type":"BreadcrumbList","@id":"https:\/\/www.ecomusee-bresse71.fr\/en\/ecomusee\/mediatheque-patrimoines-bressans-71\/#breadcrumb","itemListElement":[{"@type":"ListItem","position":1,"name":"Home","item":"https:\/\/www.ecomusee-bresse71.fr\/en\/"},{"@type":"ListItem","position":2,"name":"Qui sommes-nous ?","item":"https:\/\/www.ecomusee-bresse71.fr\/en\/ecomusee\/"},{"@type":"ListItem","position":3,"name":"M\u00e9diath\u00e8que des patrimoines bressans"}]},{"@type":"WebSite","@id":"https:\/\/www.ecomusee-bresse71.fr\/en\/#website","url":"https:\/\/www.ecomusee-bresse71.fr\/en\/","name":"Ecomus\u00e9e de la Bresse Bourguignonne","description":"","potentialAction":[{"@type":"SearchAction","target":{"@type":"EntryPoint","urlTemplate":"https:\/\/www.ecomusee-bresse71.fr\/en\/?s={search_term_string}"},"query-input":{"@type":"PropertyValueSpecification","valueRequired":true,"valueName":"search_term_string"}}],"inLanguage":"en-US"}]}},"_links":{"self":[{"href":"https:\/\/www.ecomusee-bresse71.fr\/en\/wp-json\/wp\/v2\/pages\/892"}],"collection":[{"href":"https:\/\/www.ecomusee-bresse71.fr\/en\/wp-json\/wp\/v2\/pages"}],"about":[{"href":"https:\/\/www.ecomusee-bresse71.fr\/en\/wp-json\/wp\/v2\/types\/page"}],"author":[{"embeddable":true,"href":"https:\/\/www.ecomusee-bresse71.fr\/en\/wp-json\/wp\/v2\/users\/7"}],"replies":[{"embeddable":true,"href":"https:\/\/www.ecomusee-bresse71.fr\/en\/wp-json\/wp\/v2\/comments?post=892"}],"version-history":[{"count":2,"href":"https:\/\/www.ecomusee-bresse71.fr\/en\/wp-json\/wp\/v2\/pages\/892\/revisions"}],"predecessor-version":[{"id":5659,"href":"https:\/\/www.ecomusee-bresse71.fr\/en\/wp-json\/wp\/v2\/pages\/892\/revisions\/5659"}],"up":[{"embeddable":true,"href":"https:\/\/www.ecomusee-bresse71.fr\/en\/wp-json\/wp\/v2\/pages\/896"}],"wp:attachment":[{"href":"https:\/\/www.ecomusee-bresse71.fr\/en\/wp-json\/wp\/v2\/media?parent=892"}],"curies":[{"name":"wp","href":"https:\/\/api.w.org\/{rel}","templated":true}]}}