{"id":894,"date":"2025-02-04T11:04:09","date_gmt":"2025-02-04T10:04:09","guid":{"rendered":"https:\/\/www.ecomusee-bresse71.fr\/notre-association\/"},"modified":"2026-04-02T18:04:23","modified_gmt":"2026-04-02T16:04:23","slug":"notre-association","status":"publish","type":"page","link":"https:\/\/www.ecomusee-bresse71.fr\/en\/ecomusee\/notre-association\/","title":{"rendered":"Notre association"},"content":{"rendered":"\n<h2 class=\"wp-block-heading\">L\u2019\u00c9comus\u00e9e de la Bresse bourguignonne : une association engag\u00e9e pour le patrimoine<\/h2>\n\n\n\n<p><a href=\"https:\/\/www.ecomusee-bresse71.fr\/en\/ecomusee\/musee-patrimoine-bresse-bourgogne-71\/\"><strong>L\u2019\u00c9comus\u00e9e de la Bresse<\/strong><\/a> est une<strong> association loi 1910 <\/strong>reconnue d\u2019utilit\u00e9 publique. Son objectif est de<strong> pr\u00e9server, valoriser et transmettre<\/strong> <strong>tous les patrimoines bressans<\/strong>.<\/p>\n\n\n\n<p><a href=\"https:\/\/www.ecomusee-bresse71.fr\/contenu\/uploads\/2026\/04\/Rapport-activites-EBB-COMPLET-2025-BD.pdf\">T\u00e9l\u00e9charger le rapport d&#8217;activit\u00e9s 2025<\/a><\/p>\n\n\n\n<p>Son conseil d\u2019administration compos\u00e9 de <strong>21 membres <\/strong>est construit autour de trois comit\u00e9s dits \u00ab&nbsp;coll\u00e8ges&nbsp;\u00bb&nbsp;:<\/p>\n\n\n\n<ul class=\"wp-block-list\">\n<li>Le coll\u00e8ge des <strong>scientifiques<\/strong><\/li>\n\n\n\n<li>Le coll\u00e8ge des <strong>gestionnaires<\/strong><\/li>\n\n\n\n<li>Le coll\u00e8ge des <strong>usagers<\/strong><\/li>\n<\/ul>\n\n\n\n<p><em><a href=\"https:\/\/www.ecomusee-bresse71.fr\/contenu\/uploads\/2025\/06\/organigramme-conseil-administration-EBB-2025.pdf\">T\u00e9l\u00e9charger la liste des membres du conseil d\u2019administration<\/a><\/em><\/p>\n\n\n\n<p>Le fonctionnement quotidien de<strong> l\u2019\u00c9comus\u00e9e de la Bresse <\/strong>est assur\u00e9 par une \u00e9quipe de professionnels aux comp\u00e9tences vari\u00e9es. Cette \u00e9quipe est compos\u00e9e \u00e0 la fois de salari\u00e9s de droit priv\u00e9 et de fonctionnaires mis \u00e0 disposition par le <strong>D\u00e9partement de Sa\u00f4ne-et-Loire.<\/strong><\/p>\n\n\n\n<p><a href=\"https:\/\/www.ecomusee-bresse71.fr\/contenu\/uploads\/2025\/06\/organigramme-EBB-2025-2.pdf\"><em>T\u00e9l\u00e9charger l\u2019organigramme de l&#8217;\u00e9quipe de Pierre-de-Bresse<\/em><\/a><\/p>\n\n\n\n<figure class=\"wp-block-gallery has-nested-images columns-default is-cropped wp-block-gallery-1 is-layout-flex wp-block-gallery-is-layout-flex\">\n<figure class=\"wp-block-image size-large\"><a href=\"https:\/\/www.ecomusee-bresse71.fr\/contenu\/uploads\/2025\/03\/chateau-pierre-bresse-ecomusee-publigo-quentin-danel-055.jpg\"><img loading=\"lazy\" decoding=\"async\" width=\"1024\" height=\"683\" data-id=\"454\" src=\"https:\/\/www.ecomusee-bresse71.fr\/contenu\/uploads\/2025\/03\/chateau-pierre-bresse-ecomusee-publigo-quentin-danel-055-1024x683.jpg\" alt=\"\" class=\"wp-image-454\"\/><\/a><\/figure>\n\n\n\n<figure class=\"wp-block-image size-large\"><a href=\"https:\/\/www.ecomusee-bresse71.fr\/contenu\/uploads\/2025\/03\/chateau-pierre-bresse-ecomusee-publigo-quentin-danel-030.jpg\"><img loading=\"lazy\" decoding=\"async\" width=\"1024\" height=\"683\" data-id=\"456\" src=\"https:\/\/www.ecomusee-bresse71.fr\/contenu\/uploads\/2025\/03\/chateau-pierre-bresse-ecomusee-publigo-quentin-danel-030-1024x683.jpg\" alt=\"\" class=\"wp-image-456\"\/><\/a><\/figure>\n<\/figure>\n\n\n\n<p>&nbsp;<strong>Soutenir l\u2019\u00c9comus\u00e9e de la Bresse<\/strong><\/p>\n\n\n\n<p>L\u2019\u00c9comus\u00e9e de la Bresse d\u00e9fend des valeurs que vous partagez peut-\u00eatre. Vous pouvez soutenir nos actions <a href=\"https:\/\/www.ecomusee-bresse71.fr\/en\/adherer\/\">en adh\u00e9rant \u00e0 notre association<\/a> et b\u00e9n\u00e9ficier de tarifs privil\u00e9gi\u00e9s et de d\u00e9duction d\u2019imp\u00f4ts.<\/p>\n\n\n\n<ul class=\"wp-block-list\">\n<li><a href=\"https:\/\/www.ecomusee-bresse71.fr\/contenu\/uploads\/2025\/06\/Formulaire-adhesion-particulier-2025.pdf\" target=\"_blank\" rel=\"noreferrer noopener\"><strong>T\u00e9l\u00e9charger le formulaire d\u2019adh\u00e9sion \u00ab&nbsp;particuliers&nbsp;\u00bb<\/strong><\/a><\/li>\n\n\n\n<li><a href=\"https:\/\/www.ecomusee-bresse71.fr\/contenu\/uploads\/2025\/06\/Formulaire-adhesion-entreprise-association-2025.pdf\" target=\"_blank\" rel=\"noreferrer noopener\"><strong>T\u00e9l\u00e9charger le formulaire d\u2019adh\u00e9sion \u00ab&nbsp;Entreprises et Particuliers&nbsp;\u00bb<\/strong><\/a><\/li>\n<\/ul>\n","protected":false},"excerpt":{"rendered":"<p>L\u2019\u00c9comus\u00e9e de la Bresse bourguignonne : une association engag\u00e9e pour le patrimoine L\u2019\u00c9comus\u00e9e de la Bresse est une association loi [&hellip;]<\/p>\n","protected":false},"author":7,"featured_media":0,"parent":896,"menu_order":3,"comment_status":"closed","ping_status":"closed","template":"","meta":{"_acf_changed":false,"footnotes":""},"class_list":["post-894","page","type-page","status-publish","hentry"],"acf":[],"yoast_head":"<!-- This site is optimized with the Yoast SEO plugin v24.3 - https:\/\/yoast.com\/wordpress\/plugins\/seo\/ -->\n<title>Ecomus\u00e9e de la Bresse Bourguignonne : notre association<\/title>\n<meta name=\"description\" content=\"L\u2019\u00c9comus\u00e9e de la Bresse est une association loi 1910 qui pour objectif est de pr\u00e9server, valoriser et transmettre le patrimoine bressan.\" \/>\n<meta name=\"robots\" content=\"index, follow, max-snippet:-1, max-image-preview:large, max-video-preview:-1\" \/>\n<link rel=\"canonical\" href=\"https:\/\/www.ecomusee-bresse71.fr\/en\/ecomusee\/notre-association\/\" \/>\n<meta property=\"og:locale\" content=\"en_US\" \/>\n<meta property=\"og:type\" content=\"article\" \/>\n<meta property=\"og:title\" content=\"Ecomus\u00e9e de la Bresse Bourguignonne : notre association\" \/>\n<meta property=\"og:description\" content=\"L\u2019\u00c9comus\u00e9e de la Bresse est une association loi 1910 qui pour objectif est de pr\u00e9server, valoriser et transmettre le patrimoine bressan.\" \/>\n<meta property=\"og:url\" content=\"https:\/\/www.ecomusee-bresse71.fr\/en\/ecomusee\/notre-association\/\" \/>\n<meta property=\"og:site_name\" content=\"Ecomus\u00e9e de la Bresse Bourguignonne\" \/>\n<meta property=\"article:modified_time\" content=\"2026-04-02T16:04:23+00:00\" \/>\n<meta property=\"og:image\" content=\"https:\/\/www.ecomusee-bresse71.fr\/contenu\/uploads\/2025\/03\/chateau-pierre-bresse-ecomusee-publigo-quentin-danel-055-1024x683.jpg\" \/>\n\t<meta property=\"og:image:width\" content=\"1024\" \/>\n\t<meta property=\"og:image:height\" content=\"683\" \/>\n\t<meta property=\"og:image:type\" content=\"image\/jpeg\" \/>\n<meta name=\"twitter:card\" content=\"summary_large_image\" \/>\n<meta name=\"twitter:label1\" content=\"Est. reading time\" \/>\n\t<meta name=\"twitter:data1\" content=\"2 minutes\" \/>\n<script type=\"application\/ld+json\" class=\"yoast-schema-graph\">{\"@context\":\"https:\/\/schema.org\",\"@graph\":[{\"@type\":\"WebPage\",\"@id\":\"https:\/\/www.ecomusee-bresse71.fr\/en\/ecomusee\/notre-association\/\",\"url\":\"https:\/\/www.ecomusee-bresse71.fr\/en\/ecomusee\/notre-association\/\",\"name\":\"Ecomus\u00e9e de la Bresse Bourguignonne : notre association\",\"isPartOf\":{\"@id\":\"https:\/\/www.ecomusee-bresse71.fr\/en\/#website\"},\"primaryImageOfPage\":{\"@id\":\"https:\/\/www.ecomusee-bresse71.fr\/en\/ecomusee\/notre-association\/#primaryimage\"},\"image\":{\"@id\":\"https:\/\/www.ecomusee-bresse71.fr\/en\/ecomusee\/notre-association\/#primaryimage\"},\"thumbnailUrl\":\"https:\/\/www.ecomusee-bresse71.fr\/contenu\/uploads\/2025\/03\/chateau-pierre-bresse-ecomusee-publigo-quentin-danel-055-1024x683.jpg\",\"datePublished\":\"2025-02-04T10:04:09+00:00\",\"dateModified\":\"2026-04-02T16:04:23+00:00\",\"description\":\"L\u2019\u00c9comus\u00e9e de la Bresse est une association loi 1910 qui pour objectif est de pr\u00e9server, valoriser et transmettre le patrimoine bressan.\",\"breadcrumb\":{\"@id\":\"https:\/\/www.ecomusee-bresse71.fr\/en\/ecomusee\/notre-association\/#breadcrumb\"},\"inLanguage\":\"en-US\",\"potentialAction\":[{\"@type\":\"ReadAction\",\"target\":[\"https:\/\/www.ecomusee-bresse71.fr\/en\/ecomusee\/notre-association\/\"]}]},{\"@type\":\"ImageObject\",\"inLanguage\":\"en-US\",\"@id\":\"https:\/\/www.ecomusee-bresse71.fr\/en\/ecomusee\/notre-association\/#primaryimage\",\"url\":\"https:\/\/www.ecomusee-bresse71.fr\/contenu\/uploads\/2025\/03\/chateau-pierre-bresse-ecomusee-publigo-quentin-danel-055-1024x683.jpg\",\"contentUrl\":\"https:\/\/www.ecomusee-bresse71.fr\/contenu\/uploads\/2025\/03\/chateau-pierre-bresse-ecomusee-publigo-quentin-danel-055-1024x683.jpg\"},{\"@type\":\"BreadcrumbList\",\"@id\":\"https:\/\/www.ecomusee-bresse71.fr\/en\/ecomusee\/notre-association\/#breadcrumb\",\"itemListElement\":[{\"@type\":\"ListItem\",\"position\":1,\"name\":\"Home\",\"item\":\"https:\/\/www.ecomusee-bresse71.fr\/en\/\"},{\"@type\":\"ListItem\",\"position\":2,\"name\":\"Qui sommes-nous ?\",\"item\":\"https:\/\/www.ecomusee-bresse71.fr\/en\/ecomusee\/\"},{\"@type\":\"ListItem\",\"position\":3,\"name\":\"Notre association\"}]},{\"@type\":\"WebSite\",\"@id\":\"https:\/\/www.ecomusee-bresse71.fr\/en\/#website\",\"url\":\"https:\/\/www.ecomusee-bresse71.fr\/en\/\",\"name\":\"Ecomus\u00e9e de la Bresse Bourguignonne\",\"description\":\"\",\"potentialAction\":[{\"@type\":\"SearchAction\",\"target\":{\"@type\":\"EntryPoint\",\"urlTemplate\":\"https:\/\/www.ecomusee-bresse71.fr\/en\/?s={search_term_string}\"},\"query-input\":{\"@type\":\"PropertyValueSpecification\",\"valueRequired\":true,\"valueName\":\"search_term_string\"}}],\"inLanguage\":\"en-US\"}]}<\/script>\n<!-- \/ Yoast SEO plugin. -->","yoast_head_json":{"title":"Ecomus\u00e9e de la Bresse Bourguignonne : notre association","description":"L\u2019\u00c9comus\u00e9e de la Bresse est une association loi 1910 qui pour objectif est de pr\u00e9server, valoriser et transmettre le patrimoine bressan.","robots":{"index":"index","follow":"follow","max-snippet":"max-snippet:-1","max-image-preview":"max-image-preview:large","max-video-preview":"max-video-preview:-1"},"canonical":"https:\/\/www.ecomusee-bresse71.fr\/en\/ecomusee\/notre-association\/","og_locale":"en_US","og_type":"article","og_title":"Ecomus\u00e9e de la Bresse Bourguignonne : notre association","og_description":"L\u2019\u00c9comus\u00e9e de la Bresse est une association loi 1910 qui pour objectif est de pr\u00e9server, valoriser et transmettre le patrimoine bressan.","og_url":"https:\/\/www.ecomusee-bresse71.fr\/en\/ecomusee\/notre-association\/","og_site_name":"Ecomus\u00e9e de la Bresse Bourguignonne","article_modified_time":"2026-04-02T16:04:23+00:00","og_image":[{"width":1024,"height":683,"url":"https:\/\/www.ecomusee-bresse71.fr\/contenu\/uploads\/2025\/03\/chateau-pierre-bresse-ecomusee-publigo-quentin-danel-055-1024x683.jpg","type":"image\/jpeg"}],"twitter_card":"summary_large_image","twitter_misc":{"Est. reading time":"2 minutes"},"schema":{"@context":"https:\/\/schema.org","@graph":[{"@type":"WebPage","@id":"https:\/\/www.ecomusee-bresse71.fr\/en\/ecomusee\/notre-association\/","url":"https:\/\/www.ecomusee-bresse71.fr\/en\/ecomusee\/notre-association\/","name":"Ecomus\u00e9e de la Bresse Bourguignonne : notre association","isPartOf":{"@id":"https:\/\/www.ecomusee-bresse71.fr\/en\/#website"},"primaryImageOfPage":{"@id":"https:\/\/www.ecomusee-bresse71.fr\/en\/ecomusee\/notre-association\/#primaryimage"},"image":{"@id":"https:\/\/www.ecomusee-bresse71.fr\/en\/ecomusee\/notre-association\/#primaryimage"},"thumbnailUrl":"https:\/\/www.ecomusee-bresse71.fr\/contenu\/uploads\/2025\/03\/chateau-pierre-bresse-ecomusee-publigo-quentin-danel-055-1024x683.jpg","datePublished":"2025-02-04T10:04:09+00:00","dateModified":"2026-04-02T16:04:23+00:00","description":"L\u2019\u00c9comus\u00e9e de la Bresse est une association loi 1910 qui pour objectif est de pr\u00e9server, valoriser et transmettre le patrimoine bressan.","breadcrumb":{"@id":"https:\/\/www.ecomusee-bresse71.fr\/en\/ecomusee\/notre-association\/#breadcrumb"},"inLanguage":"en-US","potentialAction":[{"@type":"ReadAction","target":["https:\/\/www.ecomusee-bresse71.fr\/en\/ecomusee\/notre-association\/"]}]},{"@type":"ImageObject","inLanguage":"en-US","@id":"https:\/\/www.ecomusee-bresse71.fr\/en\/ecomusee\/notre-association\/#primaryimage","url":"https:\/\/www.ecomusee-bresse71.fr\/contenu\/uploads\/2025\/03\/chateau-pierre-bresse-ecomusee-publigo-quentin-danel-055-1024x683.jpg","contentUrl":"https:\/\/www.ecomusee-bresse71.fr\/contenu\/uploads\/2025\/03\/chateau-pierre-bresse-ecomusee-publigo-quentin-danel-055-1024x683.jpg"},{"@type":"BreadcrumbList","@id":"https:\/\/www.ecomusee-bresse71.fr\/en\/ecomusee\/notre-association\/#breadcrumb","itemListElement":[{"@type":"ListItem","position":1,"name":"Home","item":"https:\/\/www.ecomusee-bresse71.fr\/en\/"},{"@type":"ListItem","position":2,"name":"Qui sommes-nous ?","item":"https:\/\/www.ecomusee-bresse71.fr\/en\/ecomusee\/"},{"@type":"ListItem","position":3,"name":"Notre association"}]},{"@type":"WebSite","@id":"https:\/\/www.ecomusee-bresse71.fr\/en\/#website","url":"https:\/\/www.ecomusee-bresse71.fr\/en\/","name":"Ecomus\u00e9e de la Bresse Bourguignonne","description":"","potentialAction":[{"@type":"SearchAction","target":{"@type":"EntryPoint","urlTemplate":"https:\/\/www.ecomusee-bresse71.fr\/en\/?s={search_term_string}"},"query-input":{"@type":"PropertyValueSpecification","valueRequired":true,"valueName":"search_term_string"}}],"inLanguage":"en-US"}]}},"_links":{"self":[{"href":"https:\/\/www.ecomusee-bresse71.fr\/en\/wp-json\/wp\/v2\/pages\/894"}],"collection":[{"href":"https:\/\/www.ecomusee-bresse71.fr\/en\/wp-json\/wp\/v2\/pages"}],"about":[{"href":"https:\/\/www.ecomusee-bresse71.fr\/en\/wp-json\/wp\/v2\/types\/page"}],"author":[{"embeddable":true,"href":"https:\/\/www.ecomusee-bresse71.fr\/en\/wp-json\/wp\/v2\/users\/7"}],"replies":[{"embeddable":true,"href":"https:\/\/www.ecomusee-bresse71.fr\/en\/wp-json\/wp\/v2\/comments?post=894"}],"version-history":[{"count":2,"href":"https:\/\/www.ecomusee-bresse71.fr\/en\/wp-json\/wp\/v2\/pages\/894\/revisions"}],"predecessor-version":[{"id":5460,"href":"https:\/\/www.ecomusee-bresse71.fr\/en\/wp-json\/wp\/v2\/pages\/894\/revisions\/5460"}],"up":[{"embeddable":true,"href":"https:\/\/www.ecomusee-bresse71.fr\/en\/wp-json\/wp\/v2\/pages\/896"}],"wp:attachment":[{"href":"https:\/\/www.ecomusee-bresse71.fr\/en\/wp-json\/wp\/v2\/media?parent=894"}],"curies":[{"name":"wp","href":"https:\/\/api.w.org\/{rel}","templated":true}]}}