{"id":895,"date":"2025-02-04T11:04:09","date_gmt":"2025-02-04T10:04:09","guid":{"rendered":"https:\/\/www.ecomusee-bresse71.fr\/bresse-jura-bourgogne-saone-71\/"},"modified":"2025-06-23T16:05:41","modified_gmt":"2025-06-23T14:05:41","slug":"bresse-jura-bourgogne-saone-71","status":"publish","type":"page","link":"https:\/\/www.ecomusee-bresse71.fr\/en\/ecomusee\/bresse-jura-bourgogne-saone-71\/","title":{"rendered":"La Bresse bourguignonne"},"content":{"rendered":"\n<p>La <strong>Bresse <\/strong>est une vaste r\u00e9gion reconnue depuis le d\u00e9but du<strong> XXe si\u00e8cle<\/strong> pour son riche <strong>patrimoine<\/strong>. Elle est notamment c\u00e9l\u00e8bre pour son embl\u00e9matique<strong> poulet de Bresse<\/strong>, mais aussi pour ses <strong>fermes \u00e0 pans de bois, <\/strong>sa culture du ma\u00efs, ses <strong>patois <\/strong>et ses <strong>costumes traditionnels<\/strong>.<\/p>\n\n\n\n<figure class=\"wp-block-gallery has-nested-images columns-default is-cropped wp-block-gallery-1 is-layout-flex wp-block-gallery-is-layout-flex\">\n<figure class=\"wp-block-image size-large\"><a href=\"https:\/\/www.ecomusee-bresse71.fr\/contenu\/uploads\/2025\/06\/Photo-12.jpg\"><img loading=\"lazy\" decoding=\"async\" width=\"1024\" height=\"683\" data-id=\"1579\" src=\"https:\/\/www.ecomusee-bresse71.fr\/contenu\/uploads\/2025\/06\/Photo-12-1024x683.jpg\" alt=\"\" class=\"wp-image-1579\"\/><\/a><\/figure>\n\n\n\n<figure class=\"wp-block-image size-large\"><a href=\"https:\/\/www.ecomusee-bresse71.fr\/contenu\/uploads\/2025\/06\/Photo-17.jpg\"><img loading=\"lazy\" decoding=\"async\" width=\"1024\" height=\"622\" data-id=\"1581\" src=\"https:\/\/www.ecomusee-bresse71.fr\/contenu\/uploads\/2025\/06\/Photo-17-1024x622.jpg\" alt=\"\" class=\"wp-image-1581\"\/><\/a><\/figure>\n\n\n\n<figure class=\"wp-block-image size-large\"><a href=\"https:\/\/www.ecomusee-bresse71.fr\/contenu\/uploads\/2025\/06\/Photo-24-scaled.jpg\"><img loading=\"lazy\" decoding=\"async\" width=\"1024\" height=\"768\" data-id=\"1583\" src=\"https:\/\/www.ecomusee-bresse71.fr\/contenu\/uploads\/2025\/06\/Photo-24-1024x768.jpg\" alt=\"\" class=\"wp-image-1583\"\/><\/a><\/figure>\n<\/figure>\n\n\n\n<h2 class=\"wp-block-heading\">Un territoire atypique bord\u00e9 par le Jura et la vall\u00e9e de la Sa\u00f4ne<\/h2>\n\n\n\n<p>La<strong> Bresse bourguignonne<\/strong>, situ\u00e9e \u00e0 l\u2019est de la <strong>Sa\u00f4ne-et-Loire<\/strong>, dans l\u2019ancienne r\u00e9gion <strong>Bourgogne<\/strong>, se distingue par son histoire singuli\u00e8re. Bord\u00e9e par le <strong>Jura <\/strong>et la <strong>vall\u00e9e de la Sa\u00f4ne<\/strong>, elle a longtemps \u00e9t\u00e9 pr\u00e9serv\u00e9e des grandes transformations du <strong>XXe si\u00e8cle<\/strong>. Faisant de cette histoire un atout, la <strong>Bresse bourguignonne <\/strong>est un aujourd\u2019hui un <strong>territorial rural <\/strong>plein de charme, sachant tirer le meilleur parti de ses patrimoines et de la modernit\u00e9.<\/p>\n\n\n\n<p>Pour en savoir plus, rendez-vous sur le <a href=\"https:\/\/www.bresse-bourguignonne.com\/\" target=\"_blank\" rel=\"noreferrer noopener\"><strong>site de l&#8217;Office de Tourisme.<\/strong><\/a><\/p>\n\n\n\n<p><\/p>\n","protected":false},"excerpt":{"rendered":"<p>La Bresse est une vaste r\u00e9gion reconnue depuis le d\u00e9but du XXe si\u00e8cle pour son riche patrimoine. Elle est notamment [&hellip;]<\/p>\n","protected":false},"author":7,"featured_media":0,"parent":896,"menu_order":2,"comment_status":"closed","ping_status":"closed","template":"","meta":{"_acf_changed":false,"footnotes":""},"class_list":["post-895","page","type-page","status-publish","hentry"],"acf":[],"yoast_head":"<!-- This site is optimized with the Yoast SEO plugin v24.3 - https:\/\/yoast.com\/wordpress\/plugins\/seo\/ -->\n<title>La Bresse Bourguignonne | Ecomus\u00e9e de la Bresse<\/title>\n<meta name=\"description\" content=\"La Bresse est une vaste r\u00e9gion qui, depuis le d\u00e9but du XXe si\u00e8cle, est connue au niveau national pour ses patrimoines embl\u00e9matiques.\" \/>\n<meta name=\"robots\" content=\"index, follow, max-snippet:-1, max-image-preview:large, max-video-preview:-1\" \/>\n<link rel=\"canonical\" href=\"https:\/\/www.ecomusee-bresse71.fr\/en\/ecomusee\/bresse-jura-bourgogne-saone-71\/\" \/>\n<meta property=\"og:locale\" content=\"en_US\" \/>\n<meta property=\"og:type\" content=\"article\" \/>\n<meta property=\"og:title\" content=\"La Bresse Bourguignonne | Ecomus\u00e9e de la Bresse\" \/>\n<meta property=\"og:description\" content=\"La Bresse est une vaste r\u00e9gion qui, depuis le d\u00e9but du XXe si\u00e8cle, est connue au niveau national pour ses patrimoines embl\u00e9matiques.\" \/>\n<meta property=\"og:url\" content=\"https:\/\/www.ecomusee-bresse71.fr\/en\/ecomusee\/bresse-jura-bourgogne-saone-71\/\" \/>\n<meta property=\"og:site_name\" content=\"Ecomus\u00e9e de la Bresse Bourguignonne\" \/>\n<meta property=\"article:modified_time\" content=\"2025-06-23T14:05:41+00:00\" \/>\n<meta property=\"og:image\" content=\"https:\/\/www.ecomusee-bresse71.fr\/contenu\/uploads\/2025\/06\/Photo-12-1024x683.jpg\" \/>\n\t<meta property=\"og:image:width\" content=\"1024\" \/>\n\t<meta property=\"og:image:height\" content=\"683\" \/>\n\t<meta property=\"og:image:type\" content=\"image\/jpeg\" \/>\n<meta name=\"twitter:card\" content=\"summary_large_image\" \/>\n<meta name=\"twitter:label1\" content=\"Est. reading time\" \/>\n\t<meta name=\"twitter:data1\" content=\"2 minutes\" \/>\n<script type=\"application\/ld+json\" class=\"yoast-schema-graph\">{\"@context\":\"https:\/\/schema.org\",\"@graph\":[{\"@type\":\"WebPage\",\"@id\":\"https:\/\/www.ecomusee-bresse71.fr\/en\/ecomusee\/bresse-jura-bourgogne-saone-71\/\",\"url\":\"https:\/\/www.ecomusee-bresse71.fr\/en\/ecomusee\/bresse-jura-bourgogne-saone-71\/\",\"name\":\"La Bresse Bourguignonne | Ecomus\u00e9e de la Bresse\",\"isPartOf\":{\"@id\":\"https:\/\/www.ecomusee-bresse71.fr\/en\/#website\"},\"primaryImageOfPage\":{\"@id\":\"https:\/\/www.ecomusee-bresse71.fr\/en\/ecomusee\/bresse-jura-bourgogne-saone-71\/#primaryimage\"},\"image\":{\"@id\":\"https:\/\/www.ecomusee-bresse71.fr\/en\/ecomusee\/bresse-jura-bourgogne-saone-71\/#primaryimage\"},\"thumbnailUrl\":\"https:\/\/www.ecomusee-bresse71.fr\/contenu\/uploads\/2025\/06\/Photo-12-1024x683.jpg\",\"datePublished\":\"2025-02-04T10:04:09+00:00\",\"dateModified\":\"2025-06-23T14:05:41+00:00\",\"description\":\"La Bresse est une vaste r\u00e9gion qui, depuis le d\u00e9but du XXe si\u00e8cle, est connue au niveau national pour ses patrimoines embl\u00e9matiques.\",\"breadcrumb\":{\"@id\":\"https:\/\/www.ecomusee-bresse71.fr\/en\/ecomusee\/bresse-jura-bourgogne-saone-71\/#breadcrumb\"},\"inLanguage\":\"en-US\",\"potentialAction\":[{\"@type\":\"ReadAction\",\"target\":[\"https:\/\/www.ecomusee-bresse71.fr\/en\/ecomusee\/bresse-jura-bourgogne-saone-71\/\"]}]},{\"@type\":\"ImageObject\",\"inLanguage\":\"en-US\",\"@id\":\"https:\/\/www.ecomusee-bresse71.fr\/en\/ecomusee\/bresse-jura-bourgogne-saone-71\/#primaryimage\",\"url\":\"https:\/\/www.ecomusee-bresse71.fr\/contenu\/uploads\/2025\/06\/Photo-12-1024x683.jpg\",\"contentUrl\":\"https:\/\/www.ecomusee-bresse71.fr\/contenu\/uploads\/2025\/06\/Photo-12-1024x683.jpg\"},{\"@type\":\"BreadcrumbList\",\"@id\":\"https:\/\/www.ecomusee-bresse71.fr\/en\/ecomusee\/bresse-jura-bourgogne-saone-71\/#breadcrumb\",\"itemListElement\":[{\"@type\":\"ListItem\",\"position\":1,\"name\":\"Home\",\"item\":\"https:\/\/www.ecomusee-bresse71.fr\/en\/\"},{\"@type\":\"ListItem\",\"position\":2,\"name\":\"Qui sommes-nous ?\",\"item\":\"https:\/\/www.ecomusee-bresse71.fr\/en\/ecomusee\/\"},{\"@type\":\"ListItem\",\"position\":3,\"name\":\"La Bresse bourguignonne\"}]},{\"@type\":\"WebSite\",\"@id\":\"https:\/\/www.ecomusee-bresse71.fr\/en\/#website\",\"url\":\"https:\/\/www.ecomusee-bresse71.fr\/en\/\",\"name\":\"Ecomus\u00e9e de la Bresse Bourguignonne\",\"description\":\"\",\"potentialAction\":[{\"@type\":\"SearchAction\",\"target\":{\"@type\":\"EntryPoint\",\"urlTemplate\":\"https:\/\/www.ecomusee-bresse71.fr\/en\/?s={search_term_string}\"},\"query-input\":{\"@type\":\"PropertyValueSpecification\",\"valueRequired\":true,\"valueName\":\"search_term_string\"}}],\"inLanguage\":\"en-US\"}]}<\/script>\n<!-- \/ Yoast SEO plugin. -->","yoast_head_json":{"title":"La Bresse Bourguignonne | Ecomus\u00e9e de la Bresse","description":"La Bresse est une vaste r\u00e9gion qui, depuis le d\u00e9but du XXe si\u00e8cle, est connue au niveau national pour ses patrimoines embl\u00e9matiques.","robots":{"index":"index","follow":"follow","max-snippet":"max-snippet:-1","max-image-preview":"max-image-preview:large","max-video-preview":"max-video-preview:-1"},"canonical":"https:\/\/www.ecomusee-bresse71.fr\/en\/ecomusee\/bresse-jura-bourgogne-saone-71\/","og_locale":"en_US","og_type":"article","og_title":"La Bresse Bourguignonne | Ecomus\u00e9e de la Bresse","og_description":"La Bresse est une vaste r\u00e9gion qui, depuis le d\u00e9but du XXe si\u00e8cle, est connue au niveau national pour ses patrimoines embl\u00e9matiques.","og_url":"https:\/\/www.ecomusee-bresse71.fr\/en\/ecomusee\/bresse-jura-bourgogne-saone-71\/","og_site_name":"Ecomus\u00e9e de la Bresse Bourguignonne","article_modified_time":"2025-06-23T14:05:41+00:00","og_image":[{"width":1024,"height":683,"url":"https:\/\/www.ecomusee-bresse71.fr\/contenu\/uploads\/2025\/06\/Photo-12-1024x683.jpg","type":"image\/jpeg"}],"twitter_card":"summary_large_image","twitter_misc":{"Est. reading time":"2 minutes"},"schema":{"@context":"https:\/\/schema.org","@graph":[{"@type":"WebPage","@id":"https:\/\/www.ecomusee-bresse71.fr\/en\/ecomusee\/bresse-jura-bourgogne-saone-71\/","url":"https:\/\/www.ecomusee-bresse71.fr\/en\/ecomusee\/bresse-jura-bourgogne-saone-71\/","name":"La Bresse Bourguignonne | Ecomus\u00e9e de la Bresse","isPartOf":{"@id":"https:\/\/www.ecomusee-bresse71.fr\/en\/#website"},"primaryImageOfPage":{"@id":"https:\/\/www.ecomusee-bresse71.fr\/en\/ecomusee\/bresse-jura-bourgogne-saone-71\/#primaryimage"},"image":{"@id":"https:\/\/www.ecomusee-bresse71.fr\/en\/ecomusee\/bresse-jura-bourgogne-saone-71\/#primaryimage"},"thumbnailUrl":"https:\/\/www.ecomusee-bresse71.fr\/contenu\/uploads\/2025\/06\/Photo-12-1024x683.jpg","datePublished":"2025-02-04T10:04:09+00:00","dateModified":"2025-06-23T14:05:41+00:00","description":"La Bresse est une vaste r\u00e9gion qui, depuis le d\u00e9but du XXe si\u00e8cle, est connue au niveau national pour ses patrimoines embl\u00e9matiques.","breadcrumb":{"@id":"https:\/\/www.ecomusee-bresse71.fr\/en\/ecomusee\/bresse-jura-bourgogne-saone-71\/#breadcrumb"},"inLanguage":"en-US","potentialAction":[{"@type":"ReadAction","target":["https:\/\/www.ecomusee-bresse71.fr\/en\/ecomusee\/bresse-jura-bourgogne-saone-71\/"]}]},{"@type":"ImageObject","inLanguage":"en-US","@id":"https:\/\/www.ecomusee-bresse71.fr\/en\/ecomusee\/bresse-jura-bourgogne-saone-71\/#primaryimage","url":"https:\/\/www.ecomusee-bresse71.fr\/contenu\/uploads\/2025\/06\/Photo-12-1024x683.jpg","contentUrl":"https:\/\/www.ecomusee-bresse71.fr\/contenu\/uploads\/2025\/06\/Photo-12-1024x683.jpg"},{"@type":"BreadcrumbList","@id":"https:\/\/www.ecomusee-bresse71.fr\/en\/ecomusee\/bresse-jura-bourgogne-saone-71\/#breadcrumb","itemListElement":[{"@type":"ListItem","position":1,"name":"Home","item":"https:\/\/www.ecomusee-bresse71.fr\/en\/"},{"@type":"ListItem","position":2,"name":"Qui sommes-nous ?","item":"https:\/\/www.ecomusee-bresse71.fr\/en\/ecomusee\/"},{"@type":"ListItem","position":3,"name":"La Bresse bourguignonne"}]},{"@type":"WebSite","@id":"https:\/\/www.ecomusee-bresse71.fr\/en\/#website","url":"https:\/\/www.ecomusee-bresse71.fr\/en\/","name":"Ecomus\u00e9e de la Bresse Bourguignonne","description":"","potentialAction":[{"@type":"SearchAction","target":{"@type":"EntryPoint","urlTemplate":"https:\/\/www.ecomusee-bresse71.fr\/en\/?s={search_term_string}"},"query-input":{"@type":"PropertyValueSpecification","valueRequired":true,"valueName":"search_term_string"}}],"inLanguage":"en-US"}]}},"_links":{"self":[{"href":"https:\/\/www.ecomusee-bresse71.fr\/en\/wp-json\/wp\/v2\/pages\/895"}],"collection":[{"href":"https:\/\/www.ecomusee-bresse71.fr\/en\/wp-json\/wp\/v2\/pages"}],"about":[{"href":"https:\/\/www.ecomusee-bresse71.fr\/en\/wp-json\/wp\/v2\/types\/page"}],"author":[{"embeddable":true,"href":"https:\/\/www.ecomusee-bresse71.fr\/en\/wp-json\/wp\/v2\/users\/7"}],"replies":[{"embeddable":true,"href":"https:\/\/www.ecomusee-bresse71.fr\/en\/wp-json\/wp\/v2\/comments?post=895"}],"version-history":[{"count":2,"href":"https:\/\/www.ecomusee-bresse71.fr\/en\/wp-json\/wp\/v2\/pages\/895\/revisions"}],"predecessor-version":[{"id":2258,"href":"https:\/\/www.ecomusee-bresse71.fr\/en\/wp-json\/wp\/v2\/pages\/895\/revisions\/2258"}],"up":[{"embeddable":true,"href":"https:\/\/www.ecomusee-bresse71.fr\/en\/wp-json\/wp\/v2\/pages\/896"}],"wp:attachment":[{"href":"https:\/\/www.ecomusee-bresse71.fr\/en\/wp-json\/wp\/v2\/media?parent=895"}],"curies":[{"name":"wp","href":"https:\/\/api.w.org\/{rel}","templated":true}]}}