{"id":897,"date":"2025-02-04T11:04:09","date_gmt":"2025-02-04T10:04:09","guid":{"rendered":"https:\/\/www.ecomusee-bresse71.fr\/musees-et-sites\/moulin-musee-menetreuil-71\/"},"modified":"2026-04-20T11:14:44","modified_gmt":"2026-04-20T09:14:44","slug":"moulin-musee-menetreuil-71","status":"publish","type":"page","link":"https:\/\/www.ecomusee-bresse71.fr\/en\/musees-et-sites\/moulin-musee-menetreuil-71\/","title":{"rendered":"Moulin-mus\u00e9e"},"content":{"rendered":"\n<p>Dans une b\u00e2tisse construite sur quatre niveaux, dans un coin de campagne enchanteur, le <strong>Moulin-mus\u00e9e \u00e0 M\u00e9netreuil<\/strong> offre une immersion dans l\u2019univers de la <strong>meunerie <\/strong>et met en valeur une ressource indispensable&nbsp;: l\u2019eau. Vous <strong>d\u00e9couvrirez les techniques de fabrication des farines<\/strong> \u00e0 travers une machinerie encore en fonctionnement&nbsp;: <strong>meules, tr\u00e9mies, convertisseurs, broyeurs<\/strong> ou encore plansichter.<\/p>\n\n\n\n<p>Ensuite, un<strong> parcours ludique et interactif <\/strong>pr\u00e9sente l\u2019importance de l\u2019eau dans les soci\u00e9t\u00e9s humaines. Sources d\u2019\u00e9nergie pour les <strong>moulins<\/strong>, elle est \u00e9galement indispensable \u00e0 de nombreuses activit\u00e9s humaines tout comme aux \u00e9cosyst\u00e8mes fragilis\u00e9s de notre plan\u00e8te.<\/p>\n\n\n\n<figure class=\"wp-block-gallery has-nested-images columns-4 is-cropped wp-block-gallery-1 is-layout-flex wp-block-gallery-is-layout-flex\">\n<figure class=\"wp-block-image size-large\"><a href=\"https:\/\/www.ecomusee-bresse71.fr\/contenu\/uploads\/2025\/06\/Photo-31-scaled.jpg\"><img loading=\"lazy\" decoding=\"async\" width=\"1024\" height=\"683\" data-id=\"1716\" src=\"https:\/\/www.ecomusee-bresse71.fr\/contenu\/uploads\/2025\/06\/Photo-31-1024x683.jpg\" alt=\"\" class=\"wp-image-1716\"\/><\/a><\/figure>\n\n\n\n<figure class=\"wp-block-image size-large\"><a href=\"https:\/\/www.ecomusee-bresse71.fr\/contenu\/uploads\/2025\/06\/Photo-30-scaled.jpg\"><img loading=\"lazy\" decoding=\"async\" width=\"1024\" height=\"683\" data-id=\"1714\" src=\"https:\/\/www.ecomusee-bresse71.fr\/contenu\/uploads\/2025\/06\/Photo-30-1024x683.jpg\" alt=\"\" class=\"wp-image-1714\"\/><\/a><\/figure>\n\n\n\n<figure class=\"wp-block-image size-large\"><a href=\"https:\/\/www.ecomusee-bresse71.fr\/contenu\/uploads\/2025\/06\/Photo-29-scaled.jpg\"><img loading=\"lazy\" decoding=\"async\" width=\"1024\" height=\"683\" data-id=\"1712\" src=\"https:\/\/www.ecomusee-bresse71.fr\/contenu\/uploads\/2025\/06\/Photo-29-1024x683.jpg\" alt=\"\" class=\"wp-image-1712\"\/><\/a><\/figure>\n\n\n\n<figure class=\"wp-block-image size-large\"><a href=\"https:\/\/www.ecomusee-bresse71.fr\/contenu\/uploads\/2025\/06\/Photo-32-scaled.jpg\"><img loading=\"lazy\" decoding=\"async\" width=\"1024\" height=\"683\" data-id=\"1710\" src=\"https:\/\/www.ecomusee-bresse71.fr\/contenu\/uploads\/2025\/06\/Photo-32-1024x683.jpg\" alt=\"\" class=\"wp-image-1710\"\/><\/a><\/figure>\n<\/figure>\n\n\n\n<h2 class=\"wp-block-heading\">Les activit\u00e9s \u00e0 d\u00e9couvrir sur place<\/h2>\n\n\n\n<ul class=\"wp-block-list\">\n<li><strong>Audioguide<\/strong> (fr, ang, all, ner)<\/li>\n\n\n\n<li><strong>Visite guid\u00e9e \u00e0 horaire fixe<\/strong>, tous les jours \u00e0 14h30 pendant la periode d&#8217;ouverture au grand public (voir le d\u00e9tail dans la rubrique &#8220;informations pratiques&#8221; en bas de cette page)<\/li>\n\n\n\n<li>Tous <strong>les \u00e9v\u00e9nements<\/strong> du moulin-mus\u00e9e : <a href=\"https:\/\/www.ecomusee-bresse71.fr\/events\/event\/\"><strong>voir l\u2019agenda<\/strong><\/a><\/li>\n\n\n\n<li>D\u00e9couvrir nos <strong><a href=\"https:\/\/www.ecomusee-bresse71.fr\/en\/vous-etes\/familles-activites-vacances-bresse-bourguignonne\/\">offres pour les familles<\/a><\/strong><\/li>\n\n\n\n<li>D\u00e9couvrir nos <a href=\"https:\/\/www.ecomusee-bresse71.fr\/contenu\/uploads\/2025\/06\/25-Brochure_Groupe-Adultes_BD.pdf\" target=\"_blank\" rel=\"noreferrer noopener\"><strong>offres groupes adultes<\/strong><\/a><\/li>\n\n\n\n<li>D\u00e9couvrir nos <a href=\"https:\/\/www.ecomusee-bresse71.fr\/contenu\/uploads\/2025\/06\/25_Brochure_promotionnelle_scolaire.pdf\" target=\"_blank\" rel=\"noreferrer noopener\"><strong>offres groupes scolaires<\/strong><\/a><\/li>\n\n\n\n<li><strong>Espace pique-nique<\/strong><\/li>\n\n\n\n<li><strong>Petite restauration<\/strong> de boissons chaudes et biscuits sucr\u00e9es<\/li>\n\n\n\n<li>Petite <strong>boutique de produits locaux<\/strong><\/li>\n<\/ul>\n\n\n\n<div style=\"height:48px\" aria-hidden=\"true\" class=\"wp-block-spacer\"><\/div>\n\n\n\n<figure class=\"wp-block-embed is-type-video is-provider-youtube wp-block-embed-youtube wp-embed-aspect-16-9 wp-has-aspect-ratio\"><div class=\"wp-block-embed__wrapper\">\n<iframe loading=\"lazy\" title=\"Le moulin mus\u00e9e de M\u00e9netreuil : nouvelle mus\u00e9ographie\" width=\"960\" height=\"540\" src=\"https:\/\/www.youtube.com\/embed\/w5URzlLjbCQ?feature=oembed\" frameborder=\"0\" allow=\"accelerometer; autoplay; clipboard-write; encrypted-media; gyroscope; picture-in-picture; web-share\" referrerpolicy=\"strict-origin-when-cross-origin\" allowfullscreen><\/iframe>\n<\/div><\/figure>\n","protected":false},"excerpt":{"rendered":"<p>Dans une b\u00e2tisse construite sur quatre niveaux, dans un coin de campagne enchanteur, le Moulin-mus\u00e9e \u00e0 M\u00e9netreuil offre une immersion [&hellip;]<\/p>\n","protected":false},"author":7,"featured_media":0,"parent":890,"menu_order":4,"comment_status":"closed","ping_status":"closed","template":"","meta":{"_acf_changed":false,"footnotes":""},"class_list":["post-897","page","type-page","status-publish","hentry"],"acf":[],"yoast_head":"<!-- This site is optimized with the Yoast SEO plugin v24.3 - https:\/\/yoast.com\/wordpress\/plugins\/seo\/ -->\n<title>Moulin mus\u00e9e de M\u00e9netreuil | Ecomus\u00e9e Bresse Bourguignonne<\/title>\n<meta name=\"description\" content=\"Voyagez au coeur de la meunerie et de l&#039;eau au Moulin-Mus\u00e9e de M\u00e9netreuil, avec l&#039;Ecomus\u00e9e de la Bresse Bourguignonne.\" \/>\n<meta name=\"robots\" content=\"index, follow, max-snippet:-1, max-image-preview:large, max-video-preview:-1\" \/>\n<link rel=\"canonical\" href=\"https:\/\/www.ecomusee-bresse71.fr\/en\/musees-et-sites\/moulin-musee-menetreuil-71\/\" \/>\n<meta property=\"og:locale\" content=\"en_US\" \/>\n<meta property=\"og:type\" content=\"article\" \/>\n<meta property=\"og:title\" content=\"Moulin mus\u00e9e de M\u00e9netreuil | Ecomus\u00e9e Bresse Bourguignonne\" \/>\n<meta property=\"og:description\" content=\"Voyagez au coeur de la meunerie et de l&#039;eau au Moulin-Mus\u00e9e de M\u00e9netreuil, avec l&#039;Ecomus\u00e9e de la Bresse Bourguignonne.\" \/>\n<meta property=\"og:url\" content=\"https:\/\/www.ecomusee-bresse71.fr\/en\/musees-et-sites\/moulin-musee-menetreuil-71\/\" \/>\n<meta property=\"og:site_name\" content=\"Ecomus\u00e9e de la Bresse Bourguignonne\" \/>\n<meta property=\"article:modified_time\" content=\"2026-04-20T09:14:44+00:00\" \/>\n<meta property=\"og:image\" content=\"https:\/\/www.ecomusee-bresse71.fr\/contenu\/uploads\/2025\/06\/Photo-31-scaled.jpg\" \/>\n\t<meta property=\"og:image:width\" content=\"2560\" \/>\n\t<meta property=\"og:image:height\" content=\"1707\" \/>\n\t<meta property=\"og:image:type\" content=\"image\/jpeg\" \/>\n<meta name=\"twitter:card\" content=\"summary_large_image\" \/>\n<meta name=\"twitter:label1\" content=\"Est. reading time\" \/>\n\t<meta name=\"twitter:data1\" content=\"2 minutes\" \/>\n<script type=\"application\/ld+json\" class=\"yoast-schema-graph\">{\"@context\":\"https:\/\/schema.org\",\"@graph\":[{\"@type\":\"WebPage\",\"@id\":\"https:\/\/www.ecomusee-bresse71.fr\/en\/musees-et-sites\/moulin-musee-menetreuil-71\/\",\"url\":\"https:\/\/www.ecomusee-bresse71.fr\/en\/musees-et-sites\/moulin-musee-menetreuil-71\/\",\"name\":\"Moulin mus\u00e9e de M\u00e9netreuil | Ecomus\u00e9e Bresse Bourguignonne\",\"isPartOf\":{\"@id\":\"https:\/\/www.ecomusee-bresse71.fr\/en\/#website\"},\"primaryImageOfPage\":{\"@id\":\"https:\/\/www.ecomusee-bresse71.fr\/en\/musees-et-sites\/moulin-musee-menetreuil-71\/#primaryimage\"},\"image\":{\"@id\":\"https:\/\/www.ecomusee-bresse71.fr\/en\/musees-et-sites\/moulin-musee-menetreuil-71\/#primaryimage\"},\"thumbnailUrl\":\"https:\/\/www.ecomusee-bresse71.fr\/contenu\/uploads\/2025\/06\/Photo-31-1024x683.jpg\",\"datePublished\":\"2025-02-04T10:04:09+00:00\",\"dateModified\":\"2026-04-20T09:14:44+00:00\",\"description\":\"Voyagez au coeur de la meunerie et de l'eau au Moulin-Mus\u00e9e de M\u00e9netreuil, avec l'Ecomus\u00e9e de la Bresse Bourguignonne.\",\"breadcrumb\":{\"@id\":\"https:\/\/www.ecomusee-bresse71.fr\/en\/musees-et-sites\/moulin-musee-menetreuil-71\/#breadcrumb\"},\"inLanguage\":\"en-US\",\"potentialAction\":[{\"@type\":\"ReadAction\",\"target\":[\"https:\/\/www.ecomusee-bresse71.fr\/en\/musees-et-sites\/moulin-musee-menetreuil-71\/\"]}]},{\"@type\":\"ImageObject\",\"inLanguage\":\"en-US\",\"@id\":\"https:\/\/www.ecomusee-bresse71.fr\/en\/musees-et-sites\/moulin-musee-menetreuil-71\/#primaryimage\",\"url\":\"https:\/\/www.ecomusee-bresse71.fr\/contenu\/uploads\/2025\/06\/Photo-31-1024x683.jpg\",\"contentUrl\":\"https:\/\/www.ecomusee-bresse71.fr\/contenu\/uploads\/2025\/06\/Photo-31-1024x683.jpg\"},{\"@type\":\"BreadcrumbList\",\"@id\":\"https:\/\/www.ecomusee-bresse71.fr\/en\/musees-et-sites\/moulin-musee-menetreuil-71\/#breadcrumb\",\"itemListElement\":[{\"@type\":\"ListItem\",\"position\":1,\"name\":\"Home\",\"item\":\"https:\/\/www.ecomusee-bresse71.fr\/en\/\"},{\"@type\":\"ListItem\",\"position\":2,\"name\":\"Mus\u00e9es et sites\",\"item\":\"https:\/\/www.ecomusee-bresse71.fr\/en\/musees-et-sites\/\"},{\"@type\":\"ListItem\",\"position\":3,\"name\":\"Moulin-mus\u00e9e\"}]},{\"@type\":\"WebSite\",\"@id\":\"https:\/\/www.ecomusee-bresse71.fr\/en\/#website\",\"url\":\"https:\/\/www.ecomusee-bresse71.fr\/en\/\",\"name\":\"Ecomus\u00e9e de la Bresse Bourguignonne\",\"description\":\"\",\"potentialAction\":[{\"@type\":\"SearchAction\",\"target\":{\"@type\":\"EntryPoint\",\"urlTemplate\":\"https:\/\/www.ecomusee-bresse71.fr\/en\/?s={search_term_string}\"},\"query-input\":{\"@type\":\"PropertyValueSpecification\",\"valueRequired\":true,\"valueName\":\"search_term_string\"}}],\"inLanguage\":\"en-US\"}]}<\/script>\n<!-- \/ Yoast SEO plugin. -->","yoast_head_json":{"title":"Moulin mus\u00e9e de M\u00e9netreuil | Ecomus\u00e9e Bresse Bourguignonne","description":"Voyagez au coeur de la meunerie et de l'eau au Moulin-Mus\u00e9e de M\u00e9netreuil, avec l'Ecomus\u00e9e de la Bresse Bourguignonne.","robots":{"index":"index","follow":"follow","max-snippet":"max-snippet:-1","max-image-preview":"max-image-preview:large","max-video-preview":"max-video-preview:-1"},"canonical":"https:\/\/www.ecomusee-bresse71.fr\/en\/musees-et-sites\/moulin-musee-menetreuil-71\/","og_locale":"en_US","og_type":"article","og_title":"Moulin mus\u00e9e de M\u00e9netreuil | Ecomus\u00e9e Bresse Bourguignonne","og_description":"Voyagez au coeur de la meunerie et de l'eau au Moulin-Mus\u00e9e de M\u00e9netreuil, avec l'Ecomus\u00e9e de la Bresse Bourguignonne.","og_url":"https:\/\/www.ecomusee-bresse71.fr\/en\/musees-et-sites\/moulin-musee-menetreuil-71\/","og_site_name":"Ecomus\u00e9e de la Bresse Bourguignonne","article_modified_time":"2026-04-20T09:14:44+00:00","og_image":[{"width":2560,"height":1707,"url":"https:\/\/www.ecomusee-bresse71.fr\/contenu\/uploads\/2025\/06\/Photo-31-scaled.jpg","type":"image\/jpeg"}],"twitter_card":"summary_large_image","twitter_misc":{"Est. reading time":"2 minutes"},"schema":{"@context":"https:\/\/schema.org","@graph":[{"@type":"WebPage","@id":"https:\/\/www.ecomusee-bresse71.fr\/en\/musees-et-sites\/moulin-musee-menetreuil-71\/","url":"https:\/\/www.ecomusee-bresse71.fr\/en\/musees-et-sites\/moulin-musee-menetreuil-71\/","name":"Moulin mus\u00e9e de M\u00e9netreuil | Ecomus\u00e9e Bresse Bourguignonne","isPartOf":{"@id":"https:\/\/www.ecomusee-bresse71.fr\/en\/#website"},"primaryImageOfPage":{"@id":"https:\/\/www.ecomusee-bresse71.fr\/en\/musees-et-sites\/moulin-musee-menetreuil-71\/#primaryimage"},"image":{"@id":"https:\/\/www.ecomusee-bresse71.fr\/en\/musees-et-sites\/moulin-musee-menetreuil-71\/#primaryimage"},"thumbnailUrl":"https:\/\/www.ecomusee-bresse71.fr\/contenu\/uploads\/2025\/06\/Photo-31-1024x683.jpg","datePublished":"2025-02-04T10:04:09+00:00","dateModified":"2026-04-20T09:14:44+00:00","description":"Voyagez au coeur de la meunerie et de l'eau au Moulin-Mus\u00e9e de M\u00e9netreuil, avec l'Ecomus\u00e9e de la Bresse Bourguignonne.","breadcrumb":{"@id":"https:\/\/www.ecomusee-bresse71.fr\/en\/musees-et-sites\/moulin-musee-menetreuil-71\/#breadcrumb"},"inLanguage":"en-US","potentialAction":[{"@type":"ReadAction","target":["https:\/\/www.ecomusee-bresse71.fr\/en\/musees-et-sites\/moulin-musee-menetreuil-71\/"]}]},{"@type":"ImageObject","inLanguage":"en-US","@id":"https:\/\/www.ecomusee-bresse71.fr\/en\/musees-et-sites\/moulin-musee-menetreuil-71\/#primaryimage","url":"https:\/\/www.ecomusee-bresse71.fr\/contenu\/uploads\/2025\/06\/Photo-31-1024x683.jpg","contentUrl":"https:\/\/www.ecomusee-bresse71.fr\/contenu\/uploads\/2025\/06\/Photo-31-1024x683.jpg"},{"@type":"BreadcrumbList","@id":"https:\/\/www.ecomusee-bresse71.fr\/en\/musees-et-sites\/moulin-musee-menetreuil-71\/#breadcrumb","itemListElement":[{"@type":"ListItem","position":1,"name":"Home","item":"https:\/\/www.ecomusee-bresse71.fr\/en\/"},{"@type":"ListItem","position":2,"name":"Mus\u00e9es et sites","item":"https:\/\/www.ecomusee-bresse71.fr\/en\/musees-et-sites\/"},{"@type":"ListItem","position":3,"name":"Moulin-mus\u00e9e"}]},{"@type":"WebSite","@id":"https:\/\/www.ecomusee-bresse71.fr\/en\/#website","url":"https:\/\/www.ecomusee-bresse71.fr\/en\/","name":"Ecomus\u00e9e de la Bresse Bourguignonne","description":"","potentialAction":[{"@type":"SearchAction","target":{"@type":"EntryPoint","urlTemplate":"https:\/\/www.ecomusee-bresse71.fr\/en\/?s={search_term_string}"},"query-input":{"@type":"PropertyValueSpecification","valueRequired":true,"valueName":"search_term_string"}}],"inLanguage":"en-US"}]}},"_links":{"self":[{"href":"https:\/\/www.ecomusee-bresse71.fr\/en\/wp-json\/wp\/v2\/pages\/897"}],"collection":[{"href":"https:\/\/www.ecomusee-bresse71.fr\/en\/wp-json\/wp\/v2\/pages"}],"about":[{"href":"https:\/\/www.ecomusee-bresse71.fr\/en\/wp-json\/wp\/v2\/types\/page"}],"author":[{"embeddable":true,"href":"https:\/\/www.ecomusee-bresse71.fr\/en\/wp-json\/wp\/v2\/users\/7"}],"replies":[{"embeddable":true,"href":"https:\/\/www.ecomusee-bresse71.fr\/en\/wp-json\/wp\/v2\/comments?post=897"}],"version-history":[{"count":2,"href":"https:\/\/www.ecomusee-bresse71.fr\/en\/wp-json\/wp\/v2\/pages\/897\/revisions"}],"predecessor-version":[{"id":5349,"href":"https:\/\/www.ecomusee-bresse71.fr\/en\/wp-json\/wp\/v2\/pages\/897\/revisions\/5349"}],"up":[{"embeddable":true,"href":"https:\/\/www.ecomusee-bresse71.fr\/en\/wp-json\/wp\/v2\/pages\/890"}],"wp:attachment":[{"href":"https:\/\/www.ecomusee-bresse71.fr\/en\/wp-json\/wp\/v2\/media?parent=897"}],"curies":[{"name":"wp","href":"https:\/\/api.w.org\/{rel}","templated":true}]}}