{"id":898,"date":"2025-02-04T11:04:09","date_gmt":"2025-02-04T10:04:09","guid":{"rendered":"https:\/\/www.ecomusee-bresse71.fr\/musees-et-sites\/chateau-pierre-de-bresse-71\/"},"modified":"2026-04-27T08:46:44","modified_gmt":"2026-04-27T06:46:44","slug":"chateau-pierre-de-bresse-71","status":"publish","type":"page","link":"https:\/\/www.ecomusee-bresse71.fr\/en\/musees-et-sites\/chateau-pierre-de-bresse-71\/","title":{"rendered":"Ch\u00e2teau de Pierre-de-Bresse"},"content":{"rendered":"\n<p>\u00c9difi\u00e9 au <strong>XVIIe <\/strong>si\u00e8cle par la puissante famille de <strong>Thiard<\/strong>, l\u2019architecture classique du <strong>ch\u00e2teau de Pierre-de-Bresse<\/strong>, propri\u00e9t\u00e9 du <a href=\"https:\/\/www.saoneetloire.fr\/\">D\u00e9partement de Sa\u00f4ne-et-Loire<\/a>, est inspir\u00e9e du<strong> ch\u00e2teau de Versailles<\/strong>. <\/p>\n\n\n\n<p>Install\u00e9 au <strong>Nord de la Bresse bourguignonne,<\/strong> le ch\u00e2teau est le si\u00e8ge de l\u2019\u00c9comus\u00e9e de la Bresse. Ce mus\u00e9e vous d\u00e9voile toutes les facettes de la <strong>Bresse<\/strong>, cette plaine bocag\u00e8re aux<strong> savoir-faire <\/strong>typiques et parcourue d\u2019innombrables \u00e9tangs et rivi\u00e8res.<\/p>\n\n\n\n<p>En fin de visite savourez une boisson fraiche dans l<strong>e salon de th\u00e9<\/strong> du <strong>ch\u00e2teau <\/strong>ou profitez d\u2019une promenade dans le<strong> parc de 30 hectares<\/strong> qui entoure le monument. Le Ch\u00e2teau de Pierre-de-Bresse fait partie de la <a href=\"https:\/\/www.chateauxenbourgognedusud.com\/pierredebresse\/\">Route des ch\u00e2teaux de la Bourgogne du Sud<\/a>.<\/p>\n\n\n\n<p>Le ch\u00e2teau de Pierre-de-Bresse est aussi le point de d\u00e9part id\u00e9al pour explorer <a href=\"https:\/\/www.ecomusee-bresse71.fr\/en\/musees-et-sites\/\">les autres sites<\/a> g\u00e9r\u00e9s par l\u2019\u00c9comus\u00e9e de la Bresse : moulins, mus\u00e9e de l&#8217;imprimerie, mus\u00e9e des beaux-arts, ferme, tuilerie \u2026 autant de visites qui compl\u00e8tent et enrichissent votre d\u00e9couverte du territoire.<\/p>\n\n\n\n<figure class=\"wp-block-image size-large\"><img loading=\"lazy\" decoding=\"async\" width=\"1024\" height=\"768\" src=\"https:\/\/www.ecomusee-bresse71.fr\/contenu\/uploads\/2025\/06\/Photo-13-1024x768.jpg\" alt=\"\" class=\"wp-image-1616\"\/><\/figure>\n\n\n\n<div style=\"height:48px\" aria-hidden=\"true\" class=\"wp-block-spacer\"><\/div>\n\n\n\n<h2 class=\"wp-block-heading\">Les activit\u00e9s \u00e0 d\u00e9couvrir sur place<\/h2>\n\n\n\n<ul class=\"wp-block-list\">\n<li><strong>Audioguides<\/strong> (FR, ANG, ALL, NER)<\/li>\n\n\n\n<li><strong>Visites guid\u00e9es \u00e0 horaires fixes<\/strong> : tous les week-ends et jours f\u00e9ri\u00e9s en basse saison &#8211; tous les jours en haute saison (plus de d\u00e9tails dans la rubrique &#8220;informations pratiques&#8221; en bas de cette page)<\/li>\n\n\n\n<li>Ev\u00e9nements divers et <strong>ateliers &#8220;En famille&#8221; <\/strong>: <a href=\"https:\/\/www.ecomusee-bresse71.fr\/events\/event\/\">voir la page d\u00e9di\u00e9e<\/a><\/li>\n\n\n\n<li>Visite guid\u00e9e ou atelier pour <strong>les groupe enfants<\/strong> : <a href=\"https:\/\/www.ecomusee-bresse71.fr\/en\/vous-etes\/enseignants-jeunes-ecoles-71\/\">voir notre brochure<\/a><\/li>\n\n\n\n<li>Visite guid\u00e9e ou atelier pour <strong>les groupes adultes :<\/strong> <a href=\"https:\/\/www.ecomusee-bresse71.fr\/en\/vous-etes\/entreprises-associations-adhesion-ecomusee\/\">voir notre brochure<\/a><\/li>\n\n\n\n<li>D\u00e9couverte des <a href=\"https:\/\/www.ecomusee-bresse71.fr\/en\/activites\/expositions-temporaires\/\"><strong>expositions temporaires<\/strong><\/a><\/li>\n\n\n\n<li>La <a href=\"https:\/\/www.ecomusee-bresse71.fr\/en\/activites\/boutique-musee-bresse-bourgogne\/\"><strong>boutique de produits locaux<\/strong><\/a> et artisanats bressans<\/li>\n\n\n\n<li>Le <a href=\"https:\/\/www.ecomusee-bresse71.fr\/en\/activites\/snacks\/\"><strong>salon de th\u00e9<\/strong><\/a><\/li>\n\n\n\n<li>Location du <strong>g\u00eete de groupe<\/strong> : <a href=\"https:\/\/www.ecomusee-bresse71.fr\/en\/activites\/group-accommodation\/\">voir la page d\u00e9di\u00e9e<\/a><\/li>\n\n\n\n<li><strong>S\u00e9minaire<\/strong> et location de salle : <a href=\"https:\/\/www.ecomusee-bresse71.fr\/en\/activites\/room-rental\/\">voir la page d\u00e9di\u00e9e<\/a><\/li>\n\n\n\n<li>D\u00e9couverte de la <a href=\"https:\/\/www.ecomusee-bresse71.fr\/en\/ecomusee\/mediatheque-patrimoines-bressans-71\/\"><strong>m\u00e9diath\u00e8que des patrimoines bressans<\/strong><\/a><\/li>\n\n\n\n<li>Le parc, ses animaux et ses espaces de pique-nique<\/li>\n<\/ul>\n\n\n\n<p><strong>Horaires et tarifs en bas de cette page<\/strong><\/p>\n\n\n\n<div style=\"height:48px\" aria-hidden=\"true\" class=\"wp-block-spacer\"><\/div>\n\n\n\n<figure class=\"wp-block-image size-large is-style-default\"><img loading=\"lazy\" decoding=\"async\" width=\"1024\" height=\"683\" src=\"https:\/\/www.ecomusee-bresse71.fr\/contenu\/uploads\/2025\/06\/Photo-14-1024x683.jpg\" alt=\"\" class=\"wp-image-1618\"\/><\/figure>\n\n\n\n<div style=\"height:48px\" aria-hidden=\"true\" class=\"wp-block-spacer\"><\/div>\n\n\n\n<div style=\"height:48px\" aria-hidden=\"true\" class=\"wp-block-spacer\"><\/div>\n\n\n\n<figure class=\"wp-block-gallery has-nested-images columns-default is-cropped wp-block-gallery-1 is-layout-flex wp-block-gallery-is-layout-flex\">\n<figure class=\"wp-block-image size-large\"><a href=\"https:\/\/www.ecomusee-bresse71.fr\/contenu\/uploads\/2025\/06\/Photo-15.jpg\"><img loading=\"lazy\" decoding=\"async\" width=\"1024\" height=\"683\" data-id=\"1622\" src=\"https:\/\/www.ecomusee-bresse71.fr\/contenu\/uploads\/2025\/06\/Photo-15-1024x683.jpg\" alt=\"\" class=\"wp-image-1622\"\/><\/a><\/figure>\n<\/figure>\n","protected":false},"excerpt":{"rendered":"<p>\u00c9difi\u00e9 au XVIIe si\u00e8cle par la puissante famille de Thiard, l\u2019architecture classique du ch\u00e2teau de Pierre-de-Bresse, propri\u00e9t\u00e9 du D\u00e9partement de [&hellip;]<\/p>\n","protected":false},"author":7,"featured_media":0,"parent":890,"menu_order":1,"comment_status":"closed","ping_status":"closed","template":"","meta":{"_acf_changed":false,"footnotes":""},"class_list":["post-898","page","type-page","status-publish","hentry"],"acf":[],"yoast_head":"<!-- This site is optimized with the Yoast SEO plugin v24.3 - https:\/\/yoast.com\/wordpress\/plugins\/seo\/ -->\n<title>Ecomus\u00e9e Bresse Bourguignonne | Chateau de Pierre-de-Bresse<\/title>\n<meta name=\"description\" content=\"L&#039;Ecomus\u00e9e vous propose de venir d\u00e9couvrir le ch\u00e2teau de Pierre-de-Bresse, inspir\u00e9 du ch\u00e2teau de Versailles et install\u00e9 au nord de la Bresse.\" \/>\n<meta name=\"robots\" content=\"index, follow, max-snippet:-1, max-image-preview:large, max-video-preview:-1\" \/>\n<link rel=\"canonical\" href=\"https:\/\/www.ecomusee-bresse71.fr\/en\/musees-et-sites\/chateau-pierre-de-bresse-71\/\" \/>\n<meta property=\"og:locale\" content=\"en_US\" \/>\n<meta property=\"og:type\" content=\"article\" \/>\n<meta property=\"og:title\" content=\"Ecomus\u00e9e Bresse Bourguignonne | Chateau de Pierre-de-Bresse\" \/>\n<meta property=\"og:description\" content=\"L&#039;Ecomus\u00e9e vous propose de venir d\u00e9couvrir le ch\u00e2teau de Pierre-de-Bresse, inspir\u00e9 du ch\u00e2teau de Versailles et install\u00e9 au nord de la Bresse.\" \/>\n<meta property=\"og:url\" content=\"https:\/\/www.ecomusee-bresse71.fr\/en\/musees-et-sites\/chateau-pierre-de-bresse-71\/\" \/>\n<meta property=\"og:site_name\" content=\"Ecomus\u00e9e de la Bresse Bourguignonne\" \/>\n<meta property=\"article:modified_time\" content=\"2026-04-27T06:46:44+00:00\" \/>\n<meta property=\"og:image\" content=\"https:\/\/www.ecomusee-bresse71.fr\/contenu\/uploads\/2025\/06\/Photo-13-scaled.jpg\" \/>\n\t<meta property=\"og:image:width\" content=\"2560\" \/>\n\t<meta property=\"og:image:height\" content=\"1920\" \/>\n\t<meta property=\"og:image:type\" content=\"image\/jpeg\" \/>\n<meta name=\"twitter:card\" content=\"summary_large_image\" \/>\n<meta name=\"twitter:label1\" content=\"Est. reading time\" \/>\n\t<meta name=\"twitter:data1\" content=\"3 minutes\" \/>\n<script type=\"application\/ld+json\" class=\"yoast-schema-graph\">{\"@context\":\"https:\/\/schema.org\",\"@graph\":[{\"@type\":\"WebPage\",\"@id\":\"https:\/\/www.ecomusee-bresse71.fr\/en\/musees-et-sites\/chateau-pierre-de-bresse-71\/\",\"url\":\"https:\/\/www.ecomusee-bresse71.fr\/en\/musees-et-sites\/chateau-pierre-de-bresse-71\/\",\"name\":\"Ecomus\u00e9e Bresse Bourguignonne | Chateau de Pierre-de-Bresse\",\"isPartOf\":{\"@id\":\"https:\/\/www.ecomusee-bresse71.fr\/en\/#website\"},\"primaryImageOfPage\":{\"@id\":\"https:\/\/www.ecomusee-bresse71.fr\/en\/musees-et-sites\/chateau-pierre-de-bresse-71\/#primaryimage\"},\"image\":{\"@id\":\"https:\/\/www.ecomusee-bresse71.fr\/en\/musees-et-sites\/chateau-pierre-de-bresse-71\/#primaryimage\"},\"thumbnailUrl\":\"https:\/\/www.ecomusee-bresse71.fr\/contenu\/uploads\/2025\/06\/Photo-13-1024x768.jpg\",\"datePublished\":\"2025-02-04T10:04:09+00:00\",\"dateModified\":\"2026-04-27T06:46:44+00:00\",\"description\":\"L'Ecomus\u00e9e vous propose de venir d\u00e9couvrir le ch\u00e2teau de Pierre-de-Bresse, inspir\u00e9 du ch\u00e2teau de Versailles et install\u00e9 au nord de la Bresse.\",\"breadcrumb\":{\"@id\":\"https:\/\/www.ecomusee-bresse71.fr\/en\/musees-et-sites\/chateau-pierre-de-bresse-71\/#breadcrumb\"},\"inLanguage\":\"en-US\",\"potentialAction\":[{\"@type\":\"ReadAction\",\"target\":[\"https:\/\/www.ecomusee-bresse71.fr\/en\/musees-et-sites\/chateau-pierre-de-bresse-71\/\"]}]},{\"@type\":\"ImageObject\",\"inLanguage\":\"en-US\",\"@id\":\"https:\/\/www.ecomusee-bresse71.fr\/en\/musees-et-sites\/chateau-pierre-de-bresse-71\/#primaryimage\",\"url\":\"https:\/\/www.ecomusee-bresse71.fr\/contenu\/uploads\/2025\/06\/Photo-13-1024x768.jpg\",\"contentUrl\":\"https:\/\/www.ecomusee-bresse71.fr\/contenu\/uploads\/2025\/06\/Photo-13-1024x768.jpg\"},{\"@type\":\"BreadcrumbList\",\"@id\":\"https:\/\/www.ecomusee-bresse71.fr\/en\/musees-et-sites\/chateau-pierre-de-bresse-71\/#breadcrumb\",\"itemListElement\":[{\"@type\":\"ListItem\",\"position\":1,\"name\":\"Home\",\"item\":\"https:\/\/www.ecomusee-bresse71.fr\/en\/\"},{\"@type\":\"ListItem\",\"position\":2,\"name\":\"Mus\u00e9es et sites\",\"item\":\"https:\/\/www.ecomusee-bresse71.fr\/en\/musees-et-sites\/\"},{\"@type\":\"ListItem\",\"position\":3,\"name\":\"Ch\u00e2teau de Pierre-de-Bresse\"}]},{\"@type\":\"WebSite\",\"@id\":\"https:\/\/www.ecomusee-bresse71.fr\/en\/#website\",\"url\":\"https:\/\/www.ecomusee-bresse71.fr\/en\/\",\"name\":\"Ecomus\u00e9e de la Bresse Bourguignonne\",\"description\":\"\",\"potentialAction\":[{\"@type\":\"SearchAction\",\"target\":{\"@type\":\"EntryPoint\",\"urlTemplate\":\"https:\/\/www.ecomusee-bresse71.fr\/en\/?s={search_term_string}\"},\"query-input\":{\"@type\":\"PropertyValueSpecification\",\"valueRequired\":true,\"valueName\":\"search_term_string\"}}],\"inLanguage\":\"en-US\"}]}<\/script>\n<!-- \/ Yoast SEO plugin. -->","yoast_head_json":{"title":"Ecomus\u00e9e Bresse Bourguignonne | Chateau de Pierre-de-Bresse","description":"L'Ecomus\u00e9e vous propose de venir d\u00e9couvrir le ch\u00e2teau de Pierre-de-Bresse, inspir\u00e9 du ch\u00e2teau de Versailles et install\u00e9 au nord de la Bresse.","robots":{"index":"index","follow":"follow","max-snippet":"max-snippet:-1","max-image-preview":"max-image-preview:large","max-video-preview":"max-video-preview:-1"},"canonical":"https:\/\/www.ecomusee-bresse71.fr\/en\/musees-et-sites\/chateau-pierre-de-bresse-71\/","og_locale":"en_US","og_type":"article","og_title":"Ecomus\u00e9e Bresse Bourguignonne | Chateau de Pierre-de-Bresse","og_description":"L'Ecomus\u00e9e vous propose de venir d\u00e9couvrir le ch\u00e2teau de Pierre-de-Bresse, inspir\u00e9 du ch\u00e2teau de Versailles et install\u00e9 au nord de la Bresse.","og_url":"https:\/\/www.ecomusee-bresse71.fr\/en\/musees-et-sites\/chateau-pierre-de-bresse-71\/","og_site_name":"Ecomus\u00e9e de la Bresse Bourguignonne","article_modified_time":"2026-04-27T06:46:44+00:00","og_image":[{"width":2560,"height":1920,"url":"https:\/\/www.ecomusee-bresse71.fr\/contenu\/uploads\/2025\/06\/Photo-13-scaled.jpg","type":"image\/jpeg"}],"twitter_card":"summary_large_image","twitter_misc":{"Est. reading time":"3 minutes"},"schema":{"@context":"https:\/\/schema.org","@graph":[{"@type":"WebPage","@id":"https:\/\/www.ecomusee-bresse71.fr\/en\/musees-et-sites\/chateau-pierre-de-bresse-71\/","url":"https:\/\/www.ecomusee-bresse71.fr\/en\/musees-et-sites\/chateau-pierre-de-bresse-71\/","name":"Ecomus\u00e9e Bresse Bourguignonne | Chateau de Pierre-de-Bresse","isPartOf":{"@id":"https:\/\/www.ecomusee-bresse71.fr\/en\/#website"},"primaryImageOfPage":{"@id":"https:\/\/www.ecomusee-bresse71.fr\/en\/musees-et-sites\/chateau-pierre-de-bresse-71\/#primaryimage"},"image":{"@id":"https:\/\/www.ecomusee-bresse71.fr\/en\/musees-et-sites\/chateau-pierre-de-bresse-71\/#primaryimage"},"thumbnailUrl":"https:\/\/www.ecomusee-bresse71.fr\/contenu\/uploads\/2025\/06\/Photo-13-1024x768.jpg","datePublished":"2025-02-04T10:04:09+00:00","dateModified":"2026-04-27T06:46:44+00:00","description":"L'Ecomus\u00e9e vous propose de venir d\u00e9couvrir le ch\u00e2teau de Pierre-de-Bresse, inspir\u00e9 du ch\u00e2teau de Versailles et install\u00e9 au nord de la Bresse.","breadcrumb":{"@id":"https:\/\/www.ecomusee-bresse71.fr\/en\/musees-et-sites\/chateau-pierre-de-bresse-71\/#breadcrumb"},"inLanguage":"en-US","potentialAction":[{"@type":"ReadAction","target":["https:\/\/www.ecomusee-bresse71.fr\/en\/musees-et-sites\/chateau-pierre-de-bresse-71\/"]}]},{"@type":"ImageObject","inLanguage":"en-US","@id":"https:\/\/www.ecomusee-bresse71.fr\/en\/musees-et-sites\/chateau-pierre-de-bresse-71\/#primaryimage","url":"https:\/\/www.ecomusee-bresse71.fr\/contenu\/uploads\/2025\/06\/Photo-13-1024x768.jpg","contentUrl":"https:\/\/www.ecomusee-bresse71.fr\/contenu\/uploads\/2025\/06\/Photo-13-1024x768.jpg"},{"@type":"BreadcrumbList","@id":"https:\/\/www.ecomusee-bresse71.fr\/en\/musees-et-sites\/chateau-pierre-de-bresse-71\/#breadcrumb","itemListElement":[{"@type":"ListItem","position":1,"name":"Home","item":"https:\/\/www.ecomusee-bresse71.fr\/en\/"},{"@type":"ListItem","position":2,"name":"Mus\u00e9es et sites","item":"https:\/\/www.ecomusee-bresse71.fr\/en\/musees-et-sites\/"},{"@type":"ListItem","position":3,"name":"Ch\u00e2teau de Pierre-de-Bresse"}]},{"@type":"WebSite","@id":"https:\/\/www.ecomusee-bresse71.fr\/en\/#website","url":"https:\/\/www.ecomusee-bresse71.fr\/en\/","name":"Ecomus\u00e9e de la Bresse Bourguignonne","description":"","potentialAction":[{"@type":"SearchAction","target":{"@type":"EntryPoint","urlTemplate":"https:\/\/www.ecomusee-bresse71.fr\/en\/?s={search_term_string}"},"query-input":{"@type":"PropertyValueSpecification","valueRequired":true,"valueName":"search_term_string"}}],"inLanguage":"en-US"}]}},"_links":{"self":[{"href":"https:\/\/www.ecomusee-bresse71.fr\/en\/wp-json\/wp\/v2\/pages\/898"}],"collection":[{"href":"https:\/\/www.ecomusee-bresse71.fr\/en\/wp-json\/wp\/v2\/pages"}],"about":[{"href":"https:\/\/www.ecomusee-bresse71.fr\/en\/wp-json\/wp\/v2\/types\/page"}],"author":[{"embeddable":true,"href":"https:\/\/www.ecomusee-bresse71.fr\/en\/wp-json\/wp\/v2\/users\/7"}],"replies":[{"embeddable":true,"href":"https:\/\/www.ecomusee-bresse71.fr\/en\/wp-json\/wp\/v2\/comments?post=898"}],"version-history":[{"count":2,"href":"https:\/\/www.ecomusee-bresse71.fr\/en\/wp-json\/wp\/v2\/pages\/898\/revisions"}],"predecessor-version":[{"id":5441,"href":"https:\/\/www.ecomusee-bresse71.fr\/en\/wp-json\/wp\/v2\/pages\/898\/revisions\/5441"}],"up":[{"embeddable":true,"href":"https:\/\/www.ecomusee-bresse71.fr\/en\/wp-json\/wp\/v2\/pages\/890"}],"wp:attachment":[{"href":"https:\/\/www.ecomusee-bresse71.fr\/en\/wp-json\/wp\/v2\/media?parent=898"}],"curies":[{"name":"wp","href":"https:\/\/api.w.org\/{rel}","templated":true}]}}