{"id":899,"date":"2025-02-04T11:04:09","date_gmt":"2025-02-04T10:04:09","guid":{"rendered":"https:\/\/www.ecomusee-bresse71.fr\/musees-et-sites\/musee-de-lagriculture\/"},"modified":"2026-03-31T11:41:21","modified_gmt":"2026-03-31T09:41:21","slug":"musee-de-lagriculture","status":"publish","type":"page","link":"https:\/\/www.ecomusee-bresse71.fr\/en\/musees-et-sites\/musee-de-lagriculture\/","title":{"rendered":"Mus\u00e9e de l&#8217;agriculture"},"content":{"rendered":"\n<p>En parcourant les halles de cette ancienne grange aujourd\u2019hui r\u00e9habilit\u00e9e en Mus\u00e9e de l\u2019agriculture, red\u00e9couvrez l\u2019agriculture et l\u2019alimentation d\u2019autrefois. En admirant les premiers tracteurs \u00ab&nbsp;made in Bresse&nbsp;\u00bb, les outils d\u2019antan ou l\u2019histoire des nourritures d\u2019autrefois vous comprendrez l\u2019impact des cultures paysannes dans la vie actuelle<\/p>\n\n\n\n<h2 class=\"wp-block-heading\">Les activit\u00e9s \u00e0 d\u00e9couvrir sur place<\/h2>\n\n\n\n<ul class=\"wp-block-list\">\n<li>Audioguide (fr, ang, all, nl)<\/li>\n\n\n\n<li>D\u00e9couvrir toutes les animations du mus\u00e9e (ateliers, f\u00eates, nocturnes, etc) : <a href=\"https:\/\/www.ecomusee-bresse71.fr\/en\/activites\/\"><strong>voir l&#8217;agenda<\/strong><\/a> <\/li>\n\n\n\n<li>D\u00e9couvrir nos <a href=\"https:\/\/www.ecomusee-bresse71.fr\/contenu\/uploads\/2025\/06\/25-Brochure_Groupe-Adultes_BD.pdf\" target=\"_blank\" rel=\"noreferrer noopener\"><strong>offres groupes adultes<\/strong><\/a><\/li>\n\n\n\n<li>D\u00e9couvrir nos <a href=\"https:\/\/www.ecomusee-bresse71.fr\/contenu\/uploads\/2025\/06\/25_Brochure_promotionnelle_scolaire.pdf\" target=\"_blank\" rel=\"noreferrer noopener\"><strong>offres groupes enfants<\/strong><\/a><\/li>\n<\/ul>\n\n\n\n<figure class=\"wp-block-gallery has-nested-images columns-default is-cropped wp-block-gallery-1 is-layout-flex wp-block-gallery-is-layout-flex\">\n<figure class=\"wp-block-image size-large\"><a href=\"https:\/\/www.ecomusee-bresse71.fr\/contenu\/uploads\/2025\/03\/MAISON-DE-LAGRICULTURE-HD-76-scaled.jpg\"><img loading=\"lazy\" decoding=\"async\" width=\"1024\" height=\"576\" data-id=\"799\" src=\"https:\/\/www.ecomusee-bresse71.fr\/contenu\/uploads\/2025\/03\/MAISON-DE-LAGRICULTURE-HD-76-1024x576.jpg\" alt=\"\" class=\"wp-image-799\"\/><\/a><\/figure>\n\n\n\n<figure class=\"wp-block-image size-large\"><a href=\"https:\/\/www.ecomusee-bresse71.fr\/contenu\/uploads\/2025\/03\/MAISON-DE-LAGRICULTURE-HD-51-scaled.jpg\"><img loading=\"lazy\" decoding=\"async\" width=\"1024\" height=\"576\" data-id=\"801\" src=\"https:\/\/www.ecomusee-bresse71.fr\/contenu\/uploads\/2025\/03\/MAISON-DE-LAGRICULTURE-HD-51-1024x576.jpg\" alt=\"\" class=\"wp-image-801\"\/><\/a><\/figure>\n\n\n\n<figure class=\"wp-block-image size-large\"><a href=\"https:\/\/www.ecomusee-bresse71.fr\/contenu\/uploads\/2025\/03\/MAISON-DE-LAGRICULTURE-HD-62-scaled.jpg\"><img loading=\"lazy\" decoding=\"async\" width=\"1024\" height=\"576\" data-id=\"793\" src=\"https:\/\/www.ecomusee-bresse71.fr\/contenu\/uploads\/2025\/03\/MAISON-DE-LAGRICULTURE-HD-62-1024x576.jpg\" alt=\"\" class=\"wp-image-793\"\/><\/a><\/figure>\n\n\n\n<figure class=\"wp-block-image size-large\"><a href=\"https:\/\/www.ecomusee-bresse71.fr\/contenu\/uploads\/2025\/03\/MAISON-DE-LAGRICULTURE-HD-30-scaled.jpg\"><img loading=\"lazy\" decoding=\"async\" width=\"1024\" height=\"576\" data-id=\"797\" src=\"https:\/\/www.ecomusee-bresse71.fr\/contenu\/uploads\/2025\/03\/MAISON-DE-LAGRICULTURE-HD-30-1024x576.jpg\" alt=\"\" class=\"wp-image-797\"\/><\/a><\/figure>\n\n\n\n<figure class=\"wp-block-image size-large\"><a href=\"https:\/\/www.ecomusee-bresse71.fr\/contenu\/uploads\/2025\/03\/MAISON-DE-LAGRICULTURE-HD-110-scaled.jpg\"><img loading=\"lazy\" decoding=\"async\" width=\"1024\" height=\"576\" data-id=\"795\" src=\"https:\/\/www.ecomusee-bresse71.fr\/contenu\/uploads\/2025\/03\/MAISON-DE-LAGRICULTURE-HD-110-1024x576.jpg\" alt=\"\" class=\"wp-image-795\"\/><\/a><\/figure>\n<\/figure>\n\n\n\n<p><\/p>\n\n\n\n<figure class=\"wp-block-embed is-type-video is-provider-youtube wp-block-embed-youtube wp-embed-aspect-16-9 wp-has-aspect-ratio\"><div class=\"wp-block-embed__wrapper\">\n<iframe loading=\"lazy\" title=\"D\u00e9couvrez l&#039;agriculture bressane \u00e0 Saint-Germain-du-Bois\" width=\"960\" height=\"540\" src=\"https:\/\/www.youtube.com\/embed\/ywZRuvzWMu4?feature=oembed\" frameborder=\"0\" allow=\"accelerometer; autoplay; clipboard-write; encrypted-media; gyroscope; picture-in-picture; web-share\" referrerpolicy=\"strict-origin-when-cross-origin\" allowfullscreen><\/iframe>\n<\/div><\/figure>\n","protected":false},"excerpt":{"rendered":"<p>En parcourant les halles de cette ancienne grange aujourd\u2019hui r\u00e9habilit\u00e9e en Mus\u00e9e de l\u2019agriculture, red\u00e9couvrez l\u2019agriculture et l\u2019alimentation d\u2019autrefois. En [&hellip;]<\/p>\n","protected":false},"author":7,"featured_media":0,"parent":890,"menu_order":7,"comment_status":"closed","ping_status":"closed","template":"","meta":{"_acf_changed":false,"footnotes":""},"class_list":["post-899","page","type-page","status-publish","hentry"],"acf":[],"yoast_head":"<!-- This site is optimized with the Yoast SEO plugin v24.3 - https:\/\/yoast.com\/wordpress\/plugins\/seo\/ -->\n<title>Mus\u00e9e de l&#039;agriculture | Ecomus\u00e9e de la Bresse Bourguignonne<\/title>\n<meta name=\"robots\" content=\"index, follow, max-snippet:-1, max-image-preview:large, max-video-preview:-1\" \/>\n<link rel=\"canonical\" href=\"https:\/\/www.ecomusee-bresse71.fr\/en\/musees-et-sites\/musee-de-lagriculture\/\" \/>\n<meta property=\"og:locale\" content=\"en_US\" \/>\n<meta property=\"og:type\" content=\"article\" \/>\n<meta property=\"og:title\" content=\"Mus\u00e9e de l&#039;agriculture | Ecomus\u00e9e de la Bresse Bourguignonne\" \/>\n<meta property=\"og:description\" content=\"En parcourant les halles de cette ancienne grange aujourd\u2019hui r\u00e9habilit\u00e9e en Mus\u00e9e de l\u2019agriculture, red\u00e9couvrez l\u2019agriculture et l\u2019alimentation d\u2019autrefois. En [&hellip;]\" \/>\n<meta property=\"og:url\" content=\"https:\/\/www.ecomusee-bresse71.fr\/en\/musees-et-sites\/musee-de-lagriculture\/\" \/>\n<meta property=\"og:site_name\" content=\"Ecomus\u00e9e de la Bresse Bourguignonne\" \/>\n<meta property=\"article:modified_time\" content=\"2026-03-31T09:41:21+00:00\" \/>\n<meta property=\"og:image\" content=\"https:\/\/www.ecomusee-bresse71.fr\/contenu\/uploads\/2025\/03\/MAISON-DE-LAGRICULTURE-HD-76-scaled.jpg\" \/>\n\t<meta property=\"og:image:width\" content=\"2560\" \/>\n\t<meta property=\"og:image:height\" content=\"1440\" \/>\n\t<meta property=\"og:image:type\" content=\"image\/jpeg\" \/>\n<meta name=\"twitter:card\" content=\"summary_large_image\" \/>\n<meta name=\"twitter:label1\" content=\"Est. reading time\" \/>\n\t<meta name=\"twitter:data1\" content=\"2 minutes\" \/>\n<script type=\"application\/ld+json\" class=\"yoast-schema-graph\">{\"@context\":\"https:\/\/schema.org\",\"@graph\":[{\"@type\":\"WebPage\",\"@id\":\"https:\/\/www.ecomusee-bresse71.fr\/en\/musees-et-sites\/musee-de-lagriculture\/\",\"url\":\"https:\/\/www.ecomusee-bresse71.fr\/en\/musees-et-sites\/musee-de-lagriculture\/\",\"name\":\"Mus\u00e9e de l'agriculture | Ecomus\u00e9e de la Bresse Bourguignonne\",\"isPartOf\":{\"@id\":\"https:\/\/www.ecomusee-bresse71.fr\/en\/#website\"},\"primaryImageOfPage\":{\"@id\":\"https:\/\/www.ecomusee-bresse71.fr\/en\/musees-et-sites\/musee-de-lagriculture\/#primaryimage\"},\"image\":{\"@id\":\"https:\/\/www.ecomusee-bresse71.fr\/en\/musees-et-sites\/musee-de-lagriculture\/#primaryimage\"},\"thumbnailUrl\":\"https:\/\/www.ecomusee-bresse71.fr\/contenu\/uploads\/2025\/03\/MAISON-DE-LAGRICULTURE-HD-76-1024x576.jpg\",\"datePublished\":\"2025-02-04T10:04:09+00:00\",\"dateModified\":\"2026-03-31T09:41:21+00:00\",\"breadcrumb\":{\"@id\":\"https:\/\/www.ecomusee-bresse71.fr\/en\/musees-et-sites\/musee-de-lagriculture\/#breadcrumb\"},\"inLanguage\":\"en-US\",\"potentialAction\":[{\"@type\":\"ReadAction\",\"target\":[\"https:\/\/www.ecomusee-bresse71.fr\/en\/musees-et-sites\/musee-de-lagriculture\/\"]}]},{\"@type\":\"ImageObject\",\"inLanguage\":\"en-US\",\"@id\":\"https:\/\/www.ecomusee-bresse71.fr\/en\/musees-et-sites\/musee-de-lagriculture\/#primaryimage\",\"url\":\"https:\/\/www.ecomusee-bresse71.fr\/contenu\/uploads\/2025\/03\/MAISON-DE-LAGRICULTURE-HD-76-1024x576.jpg\",\"contentUrl\":\"https:\/\/www.ecomusee-bresse71.fr\/contenu\/uploads\/2025\/03\/MAISON-DE-LAGRICULTURE-HD-76-1024x576.jpg\"},{\"@type\":\"BreadcrumbList\",\"@id\":\"https:\/\/www.ecomusee-bresse71.fr\/en\/musees-et-sites\/musee-de-lagriculture\/#breadcrumb\",\"itemListElement\":[{\"@type\":\"ListItem\",\"position\":1,\"name\":\"Home\",\"item\":\"https:\/\/www.ecomusee-bresse71.fr\/en\/\"},{\"@type\":\"ListItem\",\"position\":2,\"name\":\"Mus\u00e9es et sites\",\"item\":\"https:\/\/www.ecomusee-bresse71.fr\/en\/musees-et-sites\/\"},{\"@type\":\"ListItem\",\"position\":3,\"name\":\"Mus\u00e9e de l&rsquo;agriculture\"}]},{\"@type\":\"WebSite\",\"@id\":\"https:\/\/www.ecomusee-bresse71.fr\/en\/#website\",\"url\":\"https:\/\/www.ecomusee-bresse71.fr\/en\/\",\"name\":\"Ecomus\u00e9e de la Bresse Bourguignonne\",\"description\":\"\",\"potentialAction\":[{\"@type\":\"SearchAction\",\"target\":{\"@type\":\"EntryPoint\",\"urlTemplate\":\"https:\/\/www.ecomusee-bresse71.fr\/en\/?s={search_term_string}\"},\"query-input\":{\"@type\":\"PropertyValueSpecification\",\"valueRequired\":true,\"valueName\":\"search_term_string\"}}],\"inLanguage\":\"en-US\"}]}<\/script>\n<!-- \/ Yoast SEO plugin. -->","yoast_head_json":{"title":"Mus\u00e9e de l'agriculture | Ecomus\u00e9e de la Bresse Bourguignonne","robots":{"index":"index","follow":"follow","max-snippet":"max-snippet:-1","max-image-preview":"max-image-preview:large","max-video-preview":"max-video-preview:-1"},"canonical":"https:\/\/www.ecomusee-bresse71.fr\/en\/musees-et-sites\/musee-de-lagriculture\/","og_locale":"en_US","og_type":"article","og_title":"Mus\u00e9e de l'agriculture | Ecomus\u00e9e de la Bresse Bourguignonne","og_description":"En parcourant les halles de cette ancienne grange aujourd\u2019hui r\u00e9habilit\u00e9e en Mus\u00e9e de l\u2019agriculture, red\u00e9couvrez l\u2019agriculture et l\u2019alimentation d\u2019autrefois. En [&hellip;]","og_url":"https:\/\/www.ecomusee-bresse71.fr\/en\/musees-et-sites\/musee-de-lagriculture\/","og_site_name":"Ecomus\u00e9e de la Bresse Bourguignonne","article_modified_time":"2026-03-31T09:41:21+00:00","og_image":[{"width":2560,"height":1440,"url":"https:\/\/www.ecomusee-bresse71.fr\/contenu\/uploads\/2025\/03\/MAISON-DE-LAGRICULTURE-HD-76-scaled.jpg","type":"image\/jpeg"}],"twitter_card":"summary_large_image","twitter_misc":{"Est. reading time":"2 minutes"},"schema":{"@context":"https:\/\/schema.org","@graph":[{"@type":"WebPage","@id":"https:\/\/www.ecomusee-bresse71.fr\/en\/musees-et-sites\/musee-de-lagriculture\/","url":"https:\/\/www.ecomusee-bresse71.fr\/en\/musees-et-sites\/musee-de-lagriculture\/","name":"Mus\u00e9e de l'agriculture | Ecomus\u00e9e de la Bresse Bourguignonne","isPartOf":{"@id":"https:\/\/www.ecomusee-bresse71.fr\/en\/#website"},"primaryImageOfPage":{"@id":"https:\/\/www.ecomusee-bresse71.fr\/en\/musees-et-sites\/musee-de-lagriculture\/#primaryimage"},"image":{"@id":"https:\/\/www.ecomusee-bresse71.fr\/en\/musees-et-sites\/musee-de-lagriculture\/#primaryimage"},"thumbnailUrl":"https:\/\/www.ecomusee-bresse71.fr\/contenu\/uploads\/2025\/03\/MAISON-DE-LAGRICULTURE-HD-76-1024x576.jpg","datePublished":"2025-02-04T10:04:09+00:00","dateModified":"2026-03-31T09:41:21+00:00","breadcrumb":{"@id":"https:\/\/www.ecomusee-bresse71.fr\/en\/musees-et-sites\/musee-de-lagriculture\/#breadcrumb"},"inLanguage":"en-US","potentialAction":[{"@type":"ReadAction","target":["https:\/\/www.ecomusee-bresse71.fr\/en\/musees-et-sites\/musee-de-lagriculture\/"]}]},{"@type":"ImageObject","inLanguage":"en-US","@id":"https:\/\/www.ecomusee-bresse71.fr\/en\/musees-et-sites\/musee-de-lagriculture\/#primaryimage","url":"https:\/\/www.ecomusee-bresse71.fr\/contenu\/uploads\/2025\/03\/MAISON-DE-LAGRICULTURE-HD-76-1024x576.jpg","contentUrl":"https:\/\/www.ecomusee-bresse71.fr\/contenu\/uploads\/2025\/03\/MAISON-DE-LAGRICULTURE-HD-76-1024x576.jpg"},{"@type":"BreadcrumbList","@id":"https:\/\/www.ecomusee-bresse71.fr\/en\/musees-et-sites\/musee-de-lagriculture\/#breadcrumb","itemListElement":[{"@type":"ListItem","position":1,"name":"Home","item":"https:\/\/www.ecomusee-bresse71.fr\/en\/"},{"@type":"ListItem","position":2,"name":"Mus\u00e9es et sites","item":"https:\/\/www.ecomusee-bresse71.fr\/en\/musees-et-sites\/"},{"@type":"ListItem","position":3,"name":"Mus\u00e9e de l&rsquo;agriculture"}]},{"@type":"WebSite","@id":"https:\/\/www.ecomusee-bresse71.fr\/en\/#website","url":"https:\/\/www.ecomusee-bresse71.fr\/en\/","name":"Ecomus\u00e9e de la Bresse Bourguignonne","description":"","potentialAction":[{"@type":"SearchAction","target":{"@type":"EntryPoint","urlTemplate":"https:\/\/www.ecomusee-bresse71.fr\/en\/?s={search_term_string}"},"query-input":{"@type":"PropertyValueSpecification","valueRequired":true,"valueName":"search_term_string"}}],"inLanguage":"en-US"}]}},"_links":{"self":[{"href":"https:\/\/www.ecomusee-bresse71.fr\/en\/wp-json\/wp\/v2\/pages\/899"}],"collection":[{"href":"https:\/\/www.ecomusee-bresse71.fr\/en\/wp-json\/wp\/v2\/pages"}],"about":[{"href":"https:\/\/www.ecomusee-bresse71.fr\/en\/wp-json\/wp\/v2\/types\/page"}],"author":[{"embeddable":true,"href":"https:\/\/www.ecomusee-bresse71.fr\/en\/wp-json\/wp\/v2\/users\/7"}],"replies":[{"embeddable":true,"href":"https:\/\/www.ecomusee-bresse71.fr\/en\/wp-json\/wp\/v2\/comments?post=899"}],"version-history":[{"count":2,"href":"https:\/\/www.ecomusee-bresse71.fr\/en\/wp-json\/wp\/v2\/pages\/899\/revisions"}],"predecessor-version":[{"id":5372,"href":"https:\/\/www.ecomusee-bresse71.fr\/en\/wp-json\/wp\/v2\/pages\/899\/revisions\/5372"}],"up":[{"embeddable":true,"href":"https:\/\/www.ecomusee-bresse71.fr\/en\/wp-json\/wp\/v2\/pages\/890"}],"wp:attachment":[{"href":"https:\/\/www.ecomusee-bresse71.fr\/en\/wp-json\/wp\/v2\/media?parent=899"}],"curies":[{"name":"wp","href":"https:\/\/api.w.org\/{rel}","templated":true}]}}