{"id":900,"date":"2025-02-04T11:04:09","date_gmt":"2025-02-04T10:04:09","guid":{"rendered":"https:\/\/www.ecomusee-bresse71.fr\/musees-et-sites\/musee-du-ble-et-du-pain-louhans-71\/"},"modified":"2026-03-31T11:22:09","modified_gmt":"2026-03-31T09:22:09","slug":"musee-du-ble-et-du-pain-louhans-71","status":"publish","type":"page","link":"https:\/\/www.ecomusee-bresse71.fr\/en\/musees-et-sites\/musee-du-ble-et-du-pain-louhans-71\/","title":{"rendered":"Mus\u00e9e du bl\u00e9 et du pain"},"content":{"rendered":"\n<p><br><strong>Mus\u00e9e temporairement ferm\u00e9. En attente d&#8217;une date de r\u00e9ouverture.<\/strong><\/p>\n\n\n\n<p><strong>Le mus\u00e9e du bl\u00e9 et du pain<\/strong> est situ\u00e9 dans une belle <strong>demeure du XVIIIe si\u00e8cle<\/strong> au c\u0153ur du village historique de<strong> Verdun-Ciel<\/strong>. L\u2019exposition riche de ses reconstitutions pr\u00e9sente la grande histoire de la <strong>culture des c\u00e9r\u00e9ales<\/strong>, de la <strong>meunerie<\/strong> et de la <strong>boulangerie<\/strong>. Dans le <strong>fournil<\/strong>, <strong>pains et brioches <\/strong>sont confectionn\u00e9s, cuits sur place et d\u00e9gust\u00e9s lors des <strong>animations.<\/strong><\/p>\n\n\n\n<figure class=\"wp-block-gallery has-nested-images columns-default is-cropped wp-block-gallery-1 is-layout-flex wp-block-gallery-is-layout-flex\">\n<figure class=\"wp-block-image size-large\"><a href=\"https:\/\/www.ecomusee-bresse71.fr\/contenu\/uploads\/2025\/03\/MUSEE-DU-BLE-ET-DU-PAIN-HD-106-scaled.jpg\"><img loading=\"lazy\" decoding=\"async\" width=\"1024\" height=\"576\" data-id=\"851\" src=\"https:\/\/www.ecomusee-bresse71.fr\/contenu\/uploads\/2025\/03\/MUSEE-DU-BLE-ET-DU-PAIN-HD-106-1024x576.jpg\" alt=\"\" class=\"wp-image-851\"\/><\/a><\/figure>\n\n\n\n<figure class=\"wp-block-image size-large\"><a href=\"https:\/\/www.ecomusee-bresse71.fr\/contenu\/uploads\/2025\/03\/MUSEE-DU-BLE-ET-DU-PAIN-HD-47-scaled.jpg\"><img loading=\"lazy\" decoding=\"async\" width=\"1024\" height=\"576\" data-id=\"853\" src=\"https:\/\/www.ecomusee-bresse71.fr\/contenu\/uploads\/2025\/03\/MUSEE-DU-BLE-ET-DU-PAIN-HD-47-1024x576.jpg\" alt=\"\" class=\"wp-image-853\"\/><\/a><\/figure>\n<\/figure>\n\n\n\n<h2 class=\"wp-block-heading\">Explorez la collection en ligne :<\/h2>\n\n\n\n<p>D\u00e9couvrez une partie de la collection du Mus\u00e9e du Bl\u00e9 et du Pain \u00e0 travers une visite virtuelle sur Google Arts &amp; Culture : <a href=\"https:\/\/artsandculture.google.com\/partner\/mus%C3%A9e-du-bl%C3%A9-et-du-pain\">Cliquer ici<\/a><\/p>\n\n\n\n<figure class=\"wp-block-gallery has-nested-images columns-default is-cropped wp-block-gallery-2 is-layout-flex wp-block-gallery-is-layout-flex\">\n<figure class=\"wp-block-image size-large\"><a href=\"https:\/\/www.ecomusee-bresse71.fr\/contenu\/uploads\/2025\/03\/MUSEE-DU-BLE-ET-DU-PAIN-HD-37-scaled.jpg\"><img loading=\"lazy\" decoding=\"async\" width=\"1024\" height=\"576\" data-id=\"841\" src=\"https:\/\/www.ecomusee-bresse71.fr\/contenu\/uploads\/2025\/03\/MUSEE-DU-BLE-ET-DU-PAIN-HD-37-1024x576.jpg\" alt=\"\" class=\"wp-image-841\"\/><\/a><\/figure>\n\n\n\n<figure class=\"wp-block-image size-large\"><a href=\"https:\/\/www.ecomusee-bresse71.fr\/contenu\/uploads\/2025\/03\/MUSEE-DU-BLE-ET-DU-PAIN-HD-5-scaled.jpg\"><img loading=\"lazy\" decoding=\"async\" width=\"1024\" height=\"576\" data-id=\"845\" src=\"https:\/\/www.ecomusee-bresse71.fr\/contenu\/uploads\/2025\/03\/MUSEE-DU-BLE-ET-DU-PAIN-HD-5-1024x576.jpg\" alt=\"\" class=\"wp-image-845\"\/><\/a><\/figure>\n\n\n\n<figure class=\"wp-block-image size-large\"><a href=\"https:\/\/www.ecomusee-bresse71.fr\/contenu\/uploads\/2025\/03\/MUSEE-DU-BLE-ET-DU-PAIN-HD-23-scaled.jpg\"><img loading=\"lazy\" decoding=\"async\" width=\"1024\" height=\"576\" data-id=\"847\" src=\"https:\/\/www.ecomusee-bresse71.fr\/contenu\/uploads\/2025\/03\/MUSEE-DU-BLE-ET-DU-PAIN-HD-23-1024x576.jpg\" alt=\"\" class=\"wp-image-847\"\/><\/a><\/figure>\n\n\n\n<figure class=\"wp-block-image size-large\"><a href=\"https:\/\/www.ecomusee-bresse71.fr\/contenu\/uploads\/2025\/03\/MUSEE-DU-BLE-ET-DU-PAIN-HD-130-scaled.jpg\"><img loading=\"lazy\" decoding=\"async\" width=\"1024\" height=\"576\" data-id=\"843\" src=\"https:\/\/www.ecomusee-bresse71.fr\/contenu\/uploads\/2025\/03\/MUSEE-DU-BLE-ET-DU-PAIN-HD-130-1024x576.jpg\" alt=\"\" class=\"wp-image-843\"\/><\/a><\/figure>\n\n\n\n<figure class=\"wp-block-image size-large\"><a href=\"https:\/\/www.ecomusee-bresse71.fr\/contenu\/uploads\/2025\/03\/MUSEE-DU-BLE-ET-DU-PAIN-HD-49-scaled.jpg\"><img loading=\"lazy\" decoding=\"async\" width=\"1024\" height=\"576\" data-id=\"849\" src=\"https:\/\/www.ecomusee-bresse71.fr\/contenu\/uploads\/2025\/03\/MUSEE-DU-BLE-ET-DU-PAIN-HD-49-1024x576.jpg\" alt=\"\" class=\"wp-image-849\"\/><\/a><\/figure>\n<\/figure>\n\n\n\n<h4 class=\"wp-block-heading\"><\/h4>\n","protected":false},"excerpt":{"rendered":"<p>Mus\u00e9e temporairement ferm\u00e9. En attente d&#8217;une date de r\u00e9ouverture. Le mus\u00e9e du bl\u00e9 et du pain est situ\u00e9 dans une [&hellip;]<\/p>\n","protected":false},"author":7,"featured_media":0,"parent":890,"menu_order":6,"comment_status":"closed","ping_status":"closed","template":"","meta":{"_acf_changed":false,"footnotes":""},"class_list":["post-900","page","type-page","status-publish","hentry"],"acf":[],"yoast_head":"<!-- This site is optimized with the Yoast SEO plugin v24.3 - https:\/\/yoast.com\/wordpress\/plugins\/seo\/ -->\n<title>Mus\u00e9e du bl\u00e9 et du pain | Ecomus\u00e9e Bresse Bourguignonne (71)<\/title>\n<meta name=\"description\" content=\"\u00c0 Verdun-sur-le-Doubs, le Mus\u00e9e du bl\u00e9 et du pain vous fait profiter d&#039;une immersion au coeur des traditions c\u00e9r\u00e9ali\u00e8res.\" \/>\n<meta name=\"robots\" content=\"index, follow, max-snippet:-1, max-image-preview:large, max-video-preview:-1\" \/>\n<link rel=\"canonical\" href=\"https:\/\/www.ecomusee-bresse71.fr\/en\/musees-et-sites\/musee-du-ble-et-du-pain-louhans-71\/\" \/>\n<meta property=\"og:locale\" content=\"en_US\" \/>\n<meta property=\"og:type\" content=\"article\" \/>\n<meta property=\"og:title\" content=\"Mus\u00e9e du bl\u00e9 et du pain | Ecomus\u00e9e Bresse Bourguignonne (71)\" \/>\n<meta property=\"og:description\" content=\"\u00c0 Verdun-sur-le-Doubs, le Mus\u00e9e du bl\u00e9 et du pain vous fait profiter d&#039;une immersion au coeur des traditions c\u00e9r\u00e9ali\u00e8res.\" \/>\n<meta property=\"og:url\" content=\"https:\/\/www.ecomusee-bresse71.fr\/en\/musees-et-sites\/musee-du-ble-et-du-pain-louhans-71\/\" \/>\n<meta property=\"og:site_name\" content=\"Ecomus\u00e9e de la Bresse Bourguignonne\" \/>\n<meta property=\"article:modified_time\" content=\"2026-03-31T09:22:09+00:00\" \/>\n<meta property=\"og:image\" content=\"https:\/\/www.ecomusee-bresse71.fr\/contenu\/uploads\/2025\/03\/MUSEE-DU-BLE-ET-DU-PAIN-HD-106-scaled.jpg\" \/>\n\t<meta property=\"og:image:width\" content=\"2560\" \/>\n\t<meta property=\"og:image:height\" content=\"1440\" \/>\n\t<meta property=\"og:image:type\" content=\"image\/jpeg\" \/>\n<meta name=\"twitter:card\" content=\"summary_large_image\" \/>\n<meta name=\"twitter:label1\" content=\"Est. reading time\" \/>\n\t<meta name=\"twitter:data1\" content=\"3 minutes\" \/>\n<script type=\"application\/ld+json\" class=\"yoast-schema-graph\">{\"@context\":\"https:\/\/schema.org\",\"@graph\":[{\"@type\":\"WebPage\",\"@id\":\"https:\/\/www.ecomusee-bresse71.fr\/en\/musees-et-sites\/musee-du-ble-et-du-pain-louhans-71\/\",\"url\":\"https:\/\/www.ecomusee-bresse71.fr\/en\/musees-et-sites\/musee-du-ble-et-du-pain-louhans-71\/\",\"name\":\"Mus\u00e9e du bl\u00e9 et du pain | Ecomus\u00e9e Bresse Bourguignonne (71)\",\"isPartOf\":{\"@id\":\"https:\/\/www.ecomusee-bresse71.fr\/en\/#website\"},\"primaryImageOfPage\":{\"@id\":\"https:\/\/www.ecomusee-bresse71.fr\/en\/musees-et-sites\/musee-du-ble-et-du-pain-louhans-71\/#primaryimage\"},\"image\":{\"@id\":\"https:\/\/www.ecomusee-bresse71.fr\/en\/musees-et-sites\/musee-du-ble-et-du-pain-louhans-71\/#primaryimage\"},\"thumbnailUrl\":\"https:\/\/www.ecomusee-bresse71.fr\/contenu\/uploads\/2025\/03\/MUSEE-DU-BLE-ET-DU-PAIN-HD-106-1024x576.jpg\",\"datePublished\":\"2025-02-04T10:04:09+00:00\",\"dateModified\":\"2026-03-31T09:22:09+00:00\",\"description\":\"\u00c0 Verdun-sur-le-Doubs, le Mus\u00e9e du bl\u00e9 et du pain vous fait profiter d'une immersion au coeur des traditions c\u00e9r\u00e9ali\u00e8res.\",\"breadcrumb\":{\"@id\":\"https:\/\/www.ecomusee-bresse71.fr\/en\/musees-et-sites\/musee-du-ble-et-du-pain-louhans-71\/#breadcrumb\"},\"inLanguage\":\"en-US\",\"potentialAction\":[{\"@type\":\"ReadAction\",\"target\":[\"https:\/\/www.ecomusee-bresse71.fr\/en\/musees-et-sites\/musee-du-ble-et-du-pain-louhans-71\/\"]}]},{\"@type\":\"ImageObject\",\"inLanguage\":\"en-US\",\"@id\":\"https:\/\/www.ecomusee-bresse71.fr\/en\/musees-et-sites\/musee-du-ble-et-du-pain-louhans-71\/#primaryimage\",\"url\":\"https:\/\/www.ecomusee-bresse71.fr\/contenu\/uploads\/2025\/03\/MUSEE-DU-BLE-ET-DU-PAIN-HD-106-1024x576.jpg\",\"contentUrl\":\"https:\/\/www.ecomusee-bresse71.fr\/contenu\/uploads\/2025\/03\/MUSEE-DU-BLE-ET-DU-PAIN-HD-106-1024x576.jpg\"},{\"@type\":\"BreadcrumbList\",\"@id\":\"https:\/\/www.ecomusee-bresse71.fr\/en\/musees-et-sites\/musee-du-ble-et-du-pain-louhans-71\/#breadcrumb\",\"itemListElement\":[{\"@type\":\"ListItem\",\"position\":1,\"name\":\"Home\",\"item\":\"https:\/\/www.ecomusee-bresse71.fr\/en\/\"},{\"@type\":\"ListItem\",\"position\":2,\"name\":\"Mus\u00e9es et sites\",\"item\":\"https:\/\/www.ecomusee-bresse71.fr\/en\/musees-et-sites\/\"},{\"@type\":\"ListItem\",\"position\":3,\"name\":\"Mus\u00e9e du bl\u00e9 et du pain\"}]},{\"@type\":\"WebSite\",\"@id\":\"https:\/\/www.ecomusee-bresse71.fr\/en\/#website\",\"url\":\"https:\/\/www.ecomusee-bresse71.fr\/en\/\",\"name\":\"Ecomus\u00e9e de la Bresse Bourguignonne\",\"description\":\"\",\"potentialAction\":[{\"@type\":\"SearchAction\",\"target\":{\"@type\":\"EntryPoint\",\"urlTemplate\":\"https:\/\/www.ecomusee-bresse71.fr\/en\/?s={search_term_string}\"},\"query-input\":{\"@type\":\"PropertyValueSpecification\",\"valueRequired\":true,\"valueName\":\"search_term_string\"}}],\"inLanguage\":\"en-US\"}]}<\/script>\n<!-- \/ Yoast SEO plugin. -->","yoast_head_json":{"title":"Mus\u00e9e du bl\u00e9 et du pain | Ecomus\u00e9e Bresse Bourguignonne (71)","description":"\u00c0 Verdun-sur-le-Doubs, le Mus\u00e9e du bl\u00e9 et du pain vous fait profiter d'une immersion au coeur des traditions c\u00e9r\u00e9ali\u00e8res.","robots":{"index":"index","follow":"follow","max-snippet":"max-snippet:-1","max-image-preview":"max-image-preview:large","max-video-preview":"max-video-preview:-1"},"canonical":"https:\/\/www.ecomusee-bresse71.fr\/en\/musees-et-sites\/musee-du-ble-et-du-pain-louhans-71\/","og_locale":"en_US","og_type":"article","og_title":"Mus\u00e9e du bl\u00e9 et du pain | Ecomus\u00e9e Bresse Bourguignonne (71)","og_description":"\u00c0 Verdun-sur-le-Doubs, le Mus\u00e9e du bl\u00e9 et du pain vous fait profiter d'une immersion au coeur des traditions c\u00e9r\u00e9ali\u00e8res.","og_url":"https:\/\/www.ecomusee-bresse71.fr\/en\/musees-et-sites\/musee-du-ble-et-du-pain-louhans-71\/","og_site_name":"Ecomus\u00e9e de la Bresse Bourguignonne","article_modified_time":"2026-03-31T09:22:09+00:00","og_image":[{"width":2560,"height":1440,"url":"https:\/\/www.ecomusee-bresse71.fr\/contenu\/uploads\/2025\/03\/MUSEE-DU-BLE-ET-DU-PAIN-HD-106-scaled.jpg","type":"image\/jpeg"}],"twitter_card":"summary_large_image","twitter_misc":{"Est. reading time":"3 minutes"},"schema":{"@context":"https:\/\/schema.org","@graph":[{"@type":"WebPage","@id":"https:\/\/www.ecomusee-bresse71.fr\/en\/musees-et-sites\/musee-du-ble-et-du-pain-louhans-71\/","url":"https:\/\/www.ecomusee-bresse71.fr\/en\/musees-et-sites\/musee-du-ble-et-du-pain-louhans-71\/","name":"Mus\u00e9e du bl\u00e9 et du pain | Ecomus\u00e9e Bresse Bourguignonne (71)","isPartOf":{"@id":"https:\/\/www.ecomusee-bresse71.fr\/en\/#website"},"primaryImageOfPage":{"@id":"https:\/\/www.ecomusee-bresse71.fr\/en\/musees-et-sites\/musee-du-ble-et-du-pain-louhans-71\/#primaryimage"},"image":{"@id":"https:\/\/www.ecomusee-bresse71.fr\/en\/musees-et-sites\/musee-du-ble-et-du-pain-louhans-71\/#primaryimage"},"thumbnailUrl":"https:\/\/www.ecomusee-bresse71.fr\/contenu\/uploads\/2025\/03\/MUSEE-DU-BLE-ET-DU-PAIN-HD-106-1024x576.jpg","datePublished":"2025-02-04T10:04:09+00:00","dateModified":"2026-03-31T09:22:09+00:00","description":"\u00c0 Verdun-sur-le-Doubs, le Mus\u00e9e du bl\u00e9 et du pain vous fait profiter d'une immersion au coeur des traditions c\u00e9r\u00e9ali\u00e8res.","breadcrumb":{"@id":"https:\/\/www.ecomusee-bresse71.fr\/en\/musees-et-sites\/musee-du-ble-et-du-pain-louhans-71\/#breadcrumb"},"inLanguage":"en-US","potentialAction":[{"@type":"ReadAction","target":["https:\/\/www.ecomusee-bresse71.fr\/en\/musees-et-sites\/musee-du-ble-et-du-pain-louhans-71\/"]}]},{"@type":"ImageObject","inLanguage":"en-US","@id":"https:\/\/www.ecomusee-bresse71.fr\/en\/musees-et-sites\/musee-du-ble-et-du-pain-louhans-71\/#primaryimage","url":"https:\/\/www.ecomusee-bresse71.fr\/contenu\/uploads\/2025\/03\/MUSEE-DU-BLE-ET-DU-PAIN-HD-106-1024x576.jpg","contentUrl":"https:\/\/www.ecomusee-bresse71.fr\/contenu\/uploads\/2025\/03\/MUSEE-DU-BLE-ET-DU-PAIN-HD-106-1024x576.jpg"},{"@type":"BreadcrumbList","@id":"https:\/\/www.ecomusee-bresse71.fr\/en\/musees-et-sites\/musee-du-ble-et-du-pain-louhans-71\/#breadcrumb","itemListElement":[{"@type":"ListItem","position":1,"name":"Home","item":"https:\/\/www.ecomusee-bresse71.fr\/en\/"},{"@type":"ListItem","position":2,"name":"Mus\u00e9es et sites","item":"https:\/\/www.ecomusee-bresse71.fr\/en\/musees-et-sites\/"},{"@type":"ListItem","position":3,"name":"Mus\u00e9e du bl\u00e9 et du pain"}]},{"@type":"WebSite","@id":"https:\/\/www.ecomusee-bresse71.fr\/en\/#website","url":"https:\/\/www.ecomusee-bresse71.fr\/en\/","name":"Ecomus\u00e9e de la Bresse Bourguignonne","description":"","potentialAction":[{"@type":"SearchAction","target":{"@type":"EntryPoint","urlTemplate":"https:\/\/www.ecomusee-bresse71.fr\/en\/?s={search_term_string}"},"query-input":{"@type":"PropertyValueSpecification","valueRequired":true,"valueName":"search_term_string"}}],"inLanguage":"en-US"}]}},"_links":{"self":[{"href":"https:\/\/www.ecomusee-bresse71.fr\/en\/wp-json\/wp\/v2\/pages\/900"}],"collection":[{"href":"https:\/\/www.ecomusee-bresse71.fr\/en\/wp-json\/wp\/v2\/pages"}],"about":[{"href":"https:\/\/www.ecomusee-bresse71.fr\/en\/wp-json\/wp\/v2\/types\/page"}],"author":[{"embeddable":true,"href":"https:\/\/www.ecomusee-bresse71.fr\/en\/wp-json\/wp\/v2\/users\/7"}],"replies":[{"embeddable":true,"href":"https:\/\/www.ecomusee-bresse71.fr\/en\/wp-json\/wp\/v2\/comments?post=900"}],"version-history":[{"count":2,"href":"https:\/\/www.ecomusee-bresse71.fr\/en\/wp-json\/wp\/v2\/pages\/900\/revisions"}],"predecessor-version":[{"id":5333,"href":"https:\/\/www.ecomusee-bresse71.fr\/en\/wp-json\/wp\/v2\/pages\/900\/revisions\/5333"}],"up":[{"embeddable":true,"href":"https:\/\/www.ecomusee-bresse71.fr\/en\/wp-json\/wp\/v2\/pages\/890"}],"wp:attachment":[{"href":"https:\/\/www.ecomusee-bresse71.fr\/en\/wp-json\/wp\/v2\/media?parent=900"}],"curies":[{"name":"wp","href":"https:\/\/api.w.org\/{rel}","templated":true}]}}