{"id":903,"date":"2025-02-04T11:04:09","date_gmt":"2025-02-04T10:04:09","guid":{"rendered":"https:\/\/www.ecomusee-bresse71.fr\/musees-et-sites\/musee-de-la-foret-saint-martin-en-bresse\/"},"modified":"2026-03-31T11:26:16","modified_gmt":"2026-03-31T09:26:16","slug":"musee-de-la-foret-saint-martin-en-bresse","status":"publish","type":"page","link":"https:\/\/www.ecomusee-bresse71.fr\/en\/musees-et-sites\/musee-de-la-foret-saint-martin-en-bresse\/","title":{"rendered":"Mus\u00e9e de la for\u00eat"},"content":{"rendered":"\n<p>Ce site de m\u00e9moire, install\u00e9 dans une ancienne \u00e9cole \u00e0 <strong>l\u2019architecture atypique<\/strong>, invite \u00e0 explorer les liens qui unissent les hommes \u00e0 la for\u00eat depuis des si\u00e8cles. Les<strong> m\u00e9tiers du bois <\/strong>et de la <strong>for\u00eat <\/strong>sont pr\u00e9sent\u00e9s avec des ateliers complets reconstitu\u00e9s&nbsp;:<strong> menuisier, charron, sabotier, charpentier<\/strong>, etc. L\u2019exposition permet \u00e9galement de d\u00e9couvrir la riche biodiversit\u00e9 de nos for\u00eats et le bocage bressan.<\/p>\n\n\n\n<figure class=\"wp-block-gallery has-nested-images columns-default is-cropped wp-block-gallery-1 is-layout-flex wp-block-gallery-is-layout-flex\">\n<figure class=\"wp-block-image size-large\"><a href=\"https:\/\/www.ecomusee-bresse71.fr\/contenu\/uploads\/2025\/06\/Photo-42-scaled.jpg\"><img loading=\"lazy\" decoding=\"async\" width=\"1024\" height=\"576\" data-id=\"1757\" src=\"https:\/\/www.ecomusee-bresse71.fr\/contenu\/uploads\/2025\/06\/Photo-42-1024x576.jpg\" alt=\"\" class=\"wp-image-1757\"\/><\/a><\/figure>\n<\/figure>\n\n\n\n<h2 class=\"wp-block-heading\">Les activit\u00e9s \u00e0 d\u00e9couvrir sur place :<\/h2>\n\n\n\n<ul class=\"wp-block-list\">\n<li>Ouvert au grand public, le premier dimanche du mois de septembre pour la F\u00eate du Bois : <a href=\"https:\/\/www.ecomusee-bresse71.fr\/events\/event\/\"><strong>acc\u00e9dez \u00e0 l\u2019agenda<\/strong><\/a><\/li>\n\n\n\n<li>D\u00e9couvrir nos <a href=\"https:\/\/www.ecomusee-bresse71.fr\/contenu\/uploads\/2025\/06\/25-Brochure_Groupe-Adultes_BD.pdf\" target=\"_blank\" rel=\"noreferrer noopener\"><strong>offres groupes adultes<\/strong><\/a><\/li>\n\n\n\n<li>D\u00e9couvrir nos <a href=\"https:\/\/www.ecomusee-bresse71.fr\/contenu\/uploads\/2025\/06\/25_Brochure_promotionnelle_scolaire.pdf\" target=\"_blank\" rel=\"noreferrer noopener\"><strong>offres groupes scolaires<\/strong><\/a><\/li>\n<\/ul>\n\n\n\n<h2 class=\"wp-block-heading\">D\u00e9couvrez \u00e0 c\u00f4t\u00e9 du mus\u00e9e, le sentier dit \u00ab\u00a0du Long Bois\u00a0\u00bb<\/h2>\n\n\n\n<p>Pr\u00e8s de l\u2019antenne, d\u00e9couvrez un <strong>lavoir <\/strong>du<strong> XIXe si\u00e8cle <\/strong>et un <strong>arboretum de saules <\/strong>en hommage au \u00ab <strong>sauge <\/strong>\u00bb <strong>bressan<\/strong>. Puis, p\u00e9n\u00e9trez dans la <strong>for\u00eat <\/strong>et suivez deux sentiers pour observer la <strong>faune <\/strong>et la <strong>flore <\/strong>ainsi que des reconstitutions des m\u00e9tiers embl\u00e9matiques de la for\u00eat.<\/p>\n\n\n\n<figure class=\"wp-block-gallery has-nested-images columns-default is-cropped wp-block-gallery-2 is-layout-flex wp-block-gallery-is-layout-flex\">\n<figure class=\"wp-block-image size-large\"><a href=\"https:\/\/www.ecomusee-bresse71.fr\/contenu\/uploads\/2025\/03\/MAISON-DE-LA-FORET-HD-19-scaled.jpg\"><img loading=\"lazy\" decoding=\"async\" width=\"1024\" height=\"576\" data-id=\"823\" src=\"https:\/\/www.ecomusee-bresse71.fr\/contenu\/uploads\/2025\/03\/MAISON-DE-LA-FORET-HD-19-1024x576.jpg\" alt=\"\" class=\"wp-image-823\"\/><\/a><\/figure>\n\n\n\n<figure class=\"wp-block-image size-large\"><a href=\"https:\/\/www.ecomusee-bresse71.fr\/contenu\/uploads\/2025\/03\/MAISON-DE-LA-FORET-HD-11-scaled.jpg\"><img loading=\"lazy\" decoding=\"async\" width=\"1024\" height=\"576\" data-id=\"821\" src=\"https:\/\/www.ecomusee-bresse71.fr\/contenu\/uploads\/2025\/03\/MAISON-DE-LA-FORET-HD-11-1024x576.jpg\" alt=\"\" class=\"wp-image-821\"\/><\/a><\/figure>\n\n\n\n<figure class=\"wp-block-image size-large\"><a href=\"https:\/\/www.ecomusee-bresse71.fr\/contenu\/uploads\/2025\/03\/MAISON-DE-LA-FORET-HD-125-scaled.jpg\"><img loading=\"lazy\" decoding=\"async\" width=\"1024\" height=\"576\" data-id=\"819\" src=\"https:\/\/www.ecomusee-bresse71.fr\/contenu\/uploads\/2025\/03\/MAISON-DE-LA-FORET-HD-125-1024x576.jpg\" alt=\"\" class=\"wp-image-819\"\/><\/a><\/figure>\n\n\n\n<figure class=\"wp-block-image size-large\"><a href=\"https:\/\/www.ecomusee-bresse71.fr\/contenu\/uploads\/2025\/03\/MAISON-DE-LA-FORET-HD-107-scaled.jpg\"><img loading=\"lazy\" decoding=\"async\" width=\"1024\" height=\"576\" data-id=\"827\" src=\"https:\/\/www.ecomusee-bresse71.fr\/contenu\/uploads\/2025\/03\/MAISON-DE-LA-FORET-HD-107-1024x576.jpg\" alt=\"\" class=\"wp-image-827\"\/><\/a><\/figure>\n\n\n\n<figure class=\"wp-block-image size-large\"><a href=\"https:\/\/www.ecomusee-bresse71.fr\/contenu\/uploads\/2025\/03\/MAISON-DE-LA-FORET-HD-113-scaled.jpg\"><img loading=\"lazy\" decoding=\"async\" width=\"1024\" height=\"576\" data-id=\"825\" src=\"https:\/\/www.ecomusee-bresse71.fr\/contenu\/uploads\/2025\/03\/MAISON-DE-LA-FORET-HD-113-1024x576.jpg\" alt=\"\" class=\"wp-image-825\"\/><\/a><\/figure>\n<\/figure>\n","protected":false},"excerpt":{"rendered":"<p>Ce site de m\u00e9moire, install\u00e9 dans une ancienne \u00e9cole \u00e0 l\u2019architecture atypique, invite \u00e0 explorer les liens qui unissent les [&hellip;]<\/p>\n","protected":false},"author":7,"featured_media":0,"parent":890,"menu_order":8,"comment_status":"closed","ping_status":"closed","template":"","meta":{"_acf_changed":false,"footnotes":""},"class_list":["post-903","page","type-page","status-publish","hentry"],"acf":[],"yoast_head":"<!-- This site is optimized with the Yoast SEO plugin v24.3 - https:\/\/yoast.com\/wordpress\/plugins\/seo\/ -->\n<title>Ecomus\u00e9e de la Bresse Bourguignonne | Mus\u00e9e de la for\u00eat<\/title>\n<meta name=\"description\" content=\"Am\u00e9nag\u00e9 dans une ancienne \u00e9cole, le Mus\u00e9e de la For\u00eat vous propose de d\u00e9couvrir les relations entre les hommes et la for\u00eat.\" \/>\n<meta name=\"robots\" content=\"index, follow, max-snippet:-1, max-image-preview:large, max-video-preview:-1\" \/>\n<link rel=\"canonical\" href=\"https:\/\/www.ecomusee-bresse71.fr\/en\/musees-et-sites\/musee-de-la-foret-saint-martin-en-bresse\/\" \/>\n<meta property=\"og:locale\" content=\"en_US\" \/>\n<meta property=\"og:type\" content=\"article\" \/>\n<meta property=\"og:title\" content=\"Ecomus\u00e9e de la Bresse Bourguignonne | Mus\u00e9e de la for\u00eat\" \/>\n<meta property=\"og:description\" content=\"Am\u00e9nag\u00e9 dans une ancienne \u00e9cole, le Mus\u00e9e de la For\u00eat vous propose de d\u00e9couvrir les relations entre les hommes et la for\u00eat.\" \/>\n<meta property=\"og:url\" content=\"https:\/\/www.ecomusee-bresse71.fr\/en\/musees-et-sites\/musee-de-la-foret-saint-martin-en-bresse\/\" \/>\n<meta property=\"og:site_name\" content=\"Ecomus\u00e9e de la Bresse Bourguignonne\" \/>\n<meta property=\"article:modified_time\" content=\"2026-03-31T09:26:16+00:00\" \/>\n<meta property=\"og:image\" content=\"https:\/\/www.ecomusee-bresse71.fr\/contenu\/uploads\/2025\/06\/Photo-42-scaled.jpg\" \/>\n\t<meta property=\"og:image:width\" content=\"2560\" \/>\n\t<meta property=\"og:image:height\" content=\"1440\" \/>\n\t<meta property=\"og:image:type\" content=\"image\/jpeg\" \/>\n<meta name=\"twitter:card\" content=\"summary_large_image\" \/>\n<meta name=\"twitter:label1\" content=\"Est. reading time\" \/>\n\t<meta name=\"twitter:data1\" content=\"2 minutes\" \/>\n<script type=\"application\/ld+json\" class=\"yoast-schema-graph\">{\"@context\":\"https:\/\/schema.org\",\"@graph\":[{\"@type\":\"WebPage\",\"@id\":\"https:\/\/www.ecomusee-bresse71.fr\/en\/musees-et-sites\/musee-de-la-foret-saint-martin-en-bresse\/\",\"url\":\"https:\/\/www.ecomusee-bresse71.fr\/en\/musees-et-sites\/musee-de-la-foret-saint-martin-en-bresse\/\",\"name\":\"Ecomus\u00e9e de la Bresse Bourguignonne | Mus\u00e9e de la for\u00eat\",\"isPartOf\":{\"@id\":\"https:\/\/www.ecomusee-bresse71.fr\/en\/#website\"},\"primaryImageOfPage\":{\"@id\":\"https:\/\/www.ecomusee-bresse71.fr\/en\/musees-et-sites\/musee-de-la-foret-saint-martin-en-bresse\/#primaryimage\"},\"image\":{\"@id\":\"https:\/\/www.ecomusee-bresse71.fr\/en\/musees-et-sites\/musee-de-la-foret-saint-martin-en-bresse\/#primaryimage\"},\"thumbnailUrl\":\"https:\/\/www.ecomusee-bresse71.fr\/contenu\/uploads\/2025\/06\/Photo-42-1024x576.jpg\",\"datePublished\":\"2025-02-04T10:04:09+00:00\",\"dateModified\":\"2026-03-31T09:26:16+00:00\",\"description\":\"Am\u00e9nag\u00e9 dans une ancienne \u00e9cole, le Mus\u00e9e de la For\u00eat vous propose de d\u00e9couvrir les relations entre les hommes et la for\u00eat.\",\"breadcrumb\":{\"@id\":\"https:\/\/www.ecomusee-bresse71.fr\/en\/musees-et-sites\/musee-de-la-foret-saint-martin-en-bresse\/#breadcrumb\"},\"inLanguage\":\"en-US\",\"potentialAction\":[{\"@type\":\"ReadAction\",\"target\":[\"https:\/\/www.ecomusee-bresse71.fr\/en\/musees-et-sites\/musee-de-la-foret-saint-martin-en-bresse\/\"]}]},{\"@type\":\"ImageObject\",\"inLanguage\":\"en-US\",\"@id\":\"https:\/\/www.ecomusee-bresse71.fr\/en\/musees-et-sites\/musee-de-la-foret-saint-martin-en-bresse\/#primaryimage\",\"url\":\"https:\/\/www.ecomusee-bresse71.fr\/contenu\/uploads\/2025\/06\/Photo-42-1024x576.jpg\",\"contentUrl\":\"https:\/\/www.ecomusee-bresse71.fr\/contenu\/uploads\/2025\/06\/Photo-42-1024x576.jpg\"},{\"@type\":\"BreadcrumbList\",\"@id\":\"https:\/\/www.ecomusee-bresse71.fr\/en\/musees-et-sites\/musee-de-la-foret-saint-martin-en-bresse\/#breadcrumb\",\"itemListElement\":[{\"@type\":\"ListItem\",\"position\":1,\"name\":\"Home\",\"item\":\"https:\/\/www.ecomusee-bresse71.fr\/en\/\"},{\"@type\":\"ListItem\",\"position\":2,\"name\":\"Mus\u00e9es et sites\",\"item\":\"https:\/\/www.ecomusee-bresse71.fr\/en\/musees-et-sites\/\"},{\"@type\":\"ListItem\",\"position\":3,\"name\":\"Mus\u00e9e de la for\u00eat\"}]},{\"@type\":\"WebSite\",\"@id\":\"https:\/\/www.ecomusee-bresse71.fr\/en\/#website\",\"url\":\"https:\/\/www.ecomusee-bresse71.fr\/en\/\",\"name\":\"Ecomus\u00e9e de la Bresse Bourguignonne\",\"description\":\"\",\"potentialAction\":[{\"@type\":\"SearchAction\",\"target\":{\"@type\":\"EntryPoint\",\"urlTemplate\":\"https:\/\/www.ecomusee-bresse71.fr\/en\/?s={search_term_string}\"},\"query-input\":{\"@type\":\"PropertyValueSpecification\",\"valueRequired\":true,\"valueName\":\"search_term_string\"}}],\"inLanguage\":\"en-US\"}]}<\/script>\n<!-- \/ Yoast SEO plugin. -->","yoast_head_json":{"title":"Ecomus\u00e9e de la Bresse Bourguignonne | Mus\u00e9e de la for\u00eat","description":"Am\u00e9nag\u00e9 dans une ancienne \u00e9cole, le Mus\u00e9e de la For\u00eat vous propose de d\u00e9couvrir les relations entre les hommes et la for\u00eat.","robots":{"index":"index","follow":"follow","max-snippet":"max-snippet:-1","max-image-preview":"max-image-preview:large","max-video-preview":"max-video-preview:-1"},"canonical":"https:\/\/www.ecomusee-bresse71.fr\/en\/musees-et-sites\/musee-de-la-foret-saint-martin-en-bresse\/","og_locale":"en_US","og_type":"article","og_title":"Ecomus\u00e9e de la Bresse Bourguignonne | Mus\u00e9e de la for\u00eat","og_description":"Am\u00e9nag\u00e9 dans une ancienne \u00e9cole, le Mus\u00e9e de la For\u00eat vous propose de d\u00e9couvrir les relations entre les hommes et la for\u00eat.","og_url":"https:\/\/www.ecomusee-bresse71.fr\/en\/musees-et-sites\/musee-de-la-foret-saint-martin-en-bresse\/","og_site_name":"Ecomus\u00e9e de la Bresse Bourguignonne","article_modified_time":"2026-03-31T09:26:16+00:00","og_image":[{"width":2560,"height":1440,"url":"https:\/\/www.ecomusee-bresse71.fr\/contenu\/uploads\/2025\/06\/Photo-42-scaled.jpg","type":"image\/jpeg"}],"twitter_card":"summary_large_image","twitter_misc":{"Est. reading time":"2 minutes"},"schema":{"@context":"https:\/\/schema.org","@graph":[{"@type":"WebPage","@id":"https:\/\/www.ecomusee-bresse71.fr\/en\/musees-et-sites\/musee-de-la-foret-saint-martin-en-bresse\/","url":"https:\/\/www.ecomusee-bresse71.fr\/en\/musees-et-sites\/musee-de-la-foret-saint-martin-en-bresse\/","name":"Ecomus\u00e9e de la Bresse Bourguignonne | Mus\u00e9e de la for\u00eat","isPartOf":{"@id":"https:\/\/www.ecomusee-bresse71.fr\/en\/#website"},"primaryImageOfPage":{"@id":"https:\/\/www.ecomusee-bresse71.fr\/en\/musees-et-sites\/musee-de-la-foret-saint-martin-en-bresse\/#primaryimage"},"image":{"@id":"https:\/\/www.ecomusee-bresse71.fr\/en\/musees-et-sites\/musee-de-la-foret-saint-martin-en-bresse\/#primaryimage"},"thumbnailUrl":"https:\/\/www.ecomusee-bresse71.fr\/contenu\/uploads\/2025\/06\/Photo-42-1024x576.jpg","datePublished":"2025-02-04T10:04:09+00:00","dateModified":"2026-03-31T09:26:16+00:00","description":"Am\u00e9nag\u00e9 dans une ancienne \u00e9cole, le Mus\u00e9e de la For\u00eat vous propose de d\u00e9couvrir les relations entre les hommes et la for\u00eat.","breadcrumb":{"@id":"https:\/\/www.ecomusee-bresse71.fr\/en\/musees-et-sites\/musee-de-la-foret-saint-martin-en-bresse\/#breadcrumb"},"inLanguage":"en-US","potentialAction":[{"@type":"ReadAction","target":["https:\/\/www.ecomusee-bresse71.fr\/en\/musees-et-sites\/musee-de-la-foret-saint-martin-en-bresse\/"]}]},{"@type":"ImageObject","inLanguage":"en-US","@id":"https:\/\/www.ecomusee-bresse71.fr\/en\/musees-et-sites\/musee-de-la-foret-saint-martin-en-bresse\/#primaryimage","url":"https:\/\/www.ecomusee-bresse71.fr\/contenu\/uploads\/2025\/06\/Photo-42-1024x576.jpg","contentUrl":"https:\/\/www.ecomusee-bresse71.fr\/contenu\/uploads\/2025\/06\/Photo-42-1024x576.jpg"},{"@type":"BreadcrumbList","@id":"https:\/\/www.ecomusee-bresse71.fr\/en\/musees-et-sites\/musee-de-la-foret-saint-martin-en-bresse\/#breadcrumb","itemListElement":[{"@type":"ListItem","position":1,"name":"Home","item":"https:\/\/www.ecomusee-bresse71.fr\/en\/"},{"@type":"ListItem","position":2,"name":"Mus\u00e9es et sites","item":"https:\/\/www.ecomusee-bresse71.fr\/en\/musees-et-sites\/"},{"@type":"ListItem","position":3,"name":"Mus\u00e9e de la for\u00eat"}]},{"@type":"WebSite","@id":"https:\/\/www.ecomusee-bresse71.fr\/en\/#website","url":"https:\/\/www.ecomusee-bresse71.fr\/en\/","name":"Ecomus\u00e9e de la Bresse Bourguignonne","description":"","potentialAction":[{"@type":"SearchAction","target":{"@type":"EntryPoint","urlTemplate":"https:\/\/www.ecomusee-bresse71.fr\/en\/?s={search_term_string}"},"query-input":{"@type":"PropertyValueSpecification","valueRequired":true,"valueName":"search_term_string"}}],"inLanguage":"en-US"}]}},"_links":{"self":[{"href":"https:\/\/www.ecomusee-bresse71.fr\/en\/wp-json\/wp\/v2\/pages\/903"}],"collection":[{"href":"https:\/\/www.ecomusee-bresse71.fr\/en\/wp-json\/wp\/v2\/pages"}],"about":[{"href":"https:\/\/www.ecomusee-bresse71.fr\/en\/wp-json\/wp\/v2\/types\/page"}],"author":[{"embeddable":true,"href":"https:\/\/www.ecomusee-bresse71.fr\/en\/wp-json\/wp\/v2\/users\/7"}],"replies":[{"embeddable":true,"href":"https:\/\/www.ecomusee-bresse71.fr\/en\/wp-json\/wp\/v2\/comments?post=903"}],"version-history":[{"count":2,"href":"https:\/\/www.ecomusee-bresse71.fr\/en\/wp-json\/wp\/v2\/pages\/903\/revisions"}],"predecessor-version":[{"id":5339,"href":"https:\/\/www.ecomusee-bresse71.fr\/en\/wp-json\/wp\/v2\/pages\/903\/revisions\/5339"}],"up":[{"embeddable":true,"href":"https:\/\/www.ecomusee-bresse71.fr\/en\/wp-json\/wp\/v2\/pages\/890"}],"wp:attachment":[{"href":"https:\/\/www.ecomusee-bresse71.fr\/en\/wp-json\/wp\/v2\/media?parent=903"}],"curies":[{"name":"wp","href":"https:\/\/api.w.org\/{rel}","templated":true}]}}