{"id":907,"date":"2025-02-04T11:04:09","date_gmt":"2025-02-04T10:04:09","guid":{"rendered":"https:\/\/www.ecomusee-bresse71.fr\/musees-et-sites\/maison-vigneronne-cuiseaux-71\/"},"modified":"2026-03-31T11:02:50","modified_gmt":"2026-03-31T09:02:50","slug":"maison-vigneronne-cuiseaux-71","status":"publish","type":"page","link":"https:\/\/www.ecomusee-bresse71.fr\/en\/musees-et-sites\/maison-vigneronne-cuiseaux-71\/","title":{"rendered":"Maison vigneronne"},"content":{"rendered":"\n<p>Le pass\u00e9 <strong>vigneron <\/strong>de la <strong>Bresse <\/strong>est aujourd\u2019hui oubli\u00e9 mais il a donn\u00e9 naissance au sud du territoire \u00e0 une architecture bien reconnaissable. Situ\u00e9e \u00e0 proximit\u00e9 du <strong>ch\u00e2teau <\/strong>dit <strong>des Princes d\u2019Orange<\/strong>, cette petite maison t\u00e9moigne des diff\u00e9rentes activit\u00e9s qui occupaient les vignerons. La grande cuve conserv\u00e9e dans la cour, la cave remplie de bouteilles ou encore la pi\u00e8ce d\u2019habitation des anciens propri\u00e9taires donnent \u00e0 voir une <strong>activit\u00e9 agricole<\/strong> tr\u00e8s largement oubli\u00e9 de nos jours.<\/p>\n\n\n\n<p><\/p>\n\n\n\n<p>Mus\u00e9e temporairement ferm\u00e9. Ouvert uniquement pour les visites guid\u00e9es de la ville organis\u00e9e par l\u2019<a href=\"https:\/\/www.bresse-bourguignonne.com\/\">Office de Tourisme de la Bresse bourguignonne<\/a><\/p>\n\n\n\n<p><\/p>\n\n\n\n<figure class=\"wp-block-gallery has-nested-images columns-default is-cropped wp-block-gallery-1 is-layout-flex wp-block-gallery-is-layout-flex\">\n<figure class=\"wp-block-image size-large\"><a href=\"https:\/\/www.ecomusee-bresse71.fr\/contenu\/uploads\/2025\/03\/MUSEE-DU-VIN-ET-DE-LA-MEMOIRE-CUISELIENNE-HD-58-scaled.jpg\"><img loading=\"lazy\" decoding=\"async\" width=\"1024\" height=\"576\" data-id=\"741\" src=\"https:\/\/www.ecomusee-bresse71.fr\/contenu\/uploads\/2025\/03\/MUSEE-DU-VIN-ET-DE-LA-MEMOIRE-CUISELIENNE-HD-58-1024x576.jpg\" alt=\"\" class=\"wp-image-741\"\/><\/a><\/figure>\n\n\n\n<figure class=\"wp-block-image size-large\"><a href=\"https:\/\/www.ecomusee-bresse71.fr\/contenu\/uploads\/2025\/03\/MUSEE-DU-VIN-ET-DE-LA-MEMOIRE-CUISELIENNE-HD-4-scaled.jpg\"><img loading=\"lazy\" decoding=\"async\" width=\"1024\" height=\"576\" data-id=\"743\" src=\"https:\/\/www.ecomusee-bresse71.fr\/contenu\/uploads\/2025\/03\/MUSEE-DU-VIN-ET-DE-LA-MEMOIRE-CUISELIENNE-HD-4-1024x576.jpg\" alt=\"\" class=\"wp-image-743\"\/><\/a><\/figure>\n\n\n\n<figure class=\"wp-block-image size-large\"><a href=\"https:\/\/www.ecomusee-bresse71.fr\/contenu\/uploads\/2025\/03\/MUSEE-DU-VIN-ET-DE-LA-MEMOIRE-CUISELIENNE-HD-12-scaled.jpg\"><img loading=\"lazy\" decoding=\"async\" width=\"1024\" height=\"576\" data-id=\"745\" src=\"https:\/\/www.ecomusee-bresse71.fr\/contenu\/uploads\/2025\/03\/MUSEE-DU-VIN-ET-DE-LA-MEMOIRE-CUISELIENNE-HD-12-1024x576.jpg\" alt=\"\" class=\"wp-image-745\"\/><\/a><\/figure>\n\n\n\n<figure class=\"wp-block-image size-large\"><a href=\"https:\/\/www.ecomusee-bresse71.fr\/contenu\/uploads\/2025\/03\/MUSEE-DU-VIN-ET-DE-LA-MEMOIRE-CUISELIENNE-HD-14-scaled.jpg\"><img loading=\"lazy\" decoding=\"async\" width=\"1024\" height=\"576\" data-id=\"747\" src=\"https:\/\/www.ecomusee-bresse71.fr\/contenu\/uploads\/2025\/03\/MUSEE-DU-VIN-ET-DE-LA-MEMOIRE-CUISELIENNE-HD-14-1024x576.jpg\" alt=\"\" class=\"wp-image-747\"\/><\/a><\/figure>\n\n\n\n<figure class=\"wp-block-image size-large\"><a href=\"https:\/\/www.ecomusee-bresse71.fr\/contenu\/uploads\/2025\/03\/MUSEE-DU-VIN-ET-DE-LA-MEMOIRE-CUISELIENNE-HD-16-scaled.jpg\"><img loading=\"lazy\" decoding=\"async\" width=\"1024\" height=\"576\" data-id=\"749\" src=\"https:\/\/www.ecomusee-bresse71.fr\/contenu\/uploads\/2025\/03\/MUSEE-DU-VIN-ET-DE-LA-MEMOIRE-CUISELIENNE-HD-16-1024x576.jpg\" alt=\"\" class=\"wp-image-749\"\/><\/a><\/figure>\n<\/figure>\n","protected":false},"excerpt":{"rendered":"<p>Le pass\u00e9 vigneron de la Bresse est aujourd\u2019hui oubli\u00e9 mais il a donn\u00e9 naissance au sud du territoire \u00e0 une [&hellip;]<\/p>\n","protected":false},"author":7,"featured_media":0,"parent":890,"menu_order":9,"comment_status":"closed","ping_status":"closed","template":"","meta":{"_acf_changed":false,"footnotes":""},"class_list":["post-907","page","type-page","status-publish","hentry"],"acf":[],"yoast_head":"<!-- This site is optimized with the Yoast SEO plugin v24.3 - https:\/\/yoast.com\/wordpress\/plugins\/seo\/ -->\n<title>Ecomus\u00e9e de la Bresse Bourguignonne | Maison vigneronne<\/title>\n<meta name=\"description\" content=\"Avec la maison vigneronne, red\u00e9couvrez le pass\u00e9 vigneron de la bresse, avec l&#039;Ecomus\u00e9e de la Bresse Bourguignonne.\" \/>\n<meta name=\"robots\" content=\"index, follow, max-snippet:-1, max-image-preview:large, max-video-preview:-1\" \/>\n<link rel=\"canonical\" href=\"https:\/\/www.ecomusee-bresse71.fr\/en\/musees-et-sites\/maison-vigneronne-cuiseaux-71\/\" \/>\n<meta property=\"og:locale\" content=\"en_US\" \/>\n<meta property=\"og:type\" content=\"article\" \/>\n<meta property=\"og:title\" content=\"Ecomus\u00e9e de la Bresse Bourguignonne | Maison vigneronne\" \/>\n<meta property=\"og:description\" content=\"Avec la maison vigneronne, red\u00e9couvrez le pass\u00e9 vigneron de la bresse, avec l&#039;Ecomus\u00e9e de la Bresse Bourguignonne.\" \/>\n<meta property=\"og:url\" content=\"https:\/\/www.ecomusee-bresse71.fr\/en\/musees-et-sites\/maison-vigneronne-cuiseaux-71\/\" \/>\n<meta property=\"og:site_name\" content=\"Ecomus\u00e9e de la Bresse Bourguignonne\" \/>\n<meta property=\"article:modified_time\" content=\"2026-03-31T09:02:50+00:00\" \/>\n<meta property=\"og:image\" content=\"https:\/\/www.ecomusee-bresse71.fr\/contenu\/uploads\/2025\/03\/MUSEE-DU-VIN-ET-DE-LA-MEMOIRE-CUISELIENNE-HD-58-scaled.jpg\" \/>\n\t<meta property=\"og:image:width\" content=\"2560\" \/>\n\t<meta property=\"og:image:height\" content=\"1440\" \/>\n\t<meta property=\"og:image:type\" content=\"image\/jpeg\" \/>\n<meta name=\"twitter:card\" content=\"summary_large_image\" \/>\n<meta name=\"twitter:label1\" content=\"Est. reading time\" \/>\n\t<meta name=\"twitter:data1\" content=\"2 minutes\" \/>\n<script type=\"application\/ld+json\" class=\"yoast-schema-graph\">{\"@context\":\"https:\/\/schema.org\",\"@graph\":[{\"@type\":\"WebPage\",\"@id\":\"https:\/\/www.ecomusee-bresse71.fr\/en\/musees-et-sites\/maison-vigneronne-cuiseaux-71\/\",\"url\":\"https:\/\/www.ecomusee-bresse71.fr\/en\/musees-et-sites\/maison-vigneronne-cuiseaux-71\/\",\"name\":\"Ecomus\u00e9e de la Bresse Bourguignonne | Maison vigneronne\",\"isPartOf\":{\"@id\":\"https:\/\/www.ecomusee-bresse71.fr\/en\/#website\"},\"primaryImageOfPage\":{\"@id\":\"https:\/\/www.ecomusee-bresse71.fr\/en\/musees-et-sites\/maison-vigneronne-cuiseaux-71\/#primaryimage\"},\"image\":{\"@id\":\"https:\/\/www.ecomusee-bresse71.fr\/en\/musees-et-sites\/maison-vigneronne-cuiseaux-71\/#primaryimage\"},\"thumbnailUrl\":\"https:\/\/www.ecomusee-bresse71.fr\/contenu\/uploads\/2025\/03\/MUSEE-DU-VIN-ET-DE-LA-MEMOIRE-CUISELIENNE-HD-58-1024x576.jpg\",\"datePublished\":\"2025-02-04T10:04:09+00:00\",\"dateModified\":\"2026-03-31T09:02:50+00:00\",\"description\":\"Avec la maison vigneronne, red\u00e9couvrez le pass\u00e9 vigneron de la bresse, avec l'Ecomus\u00e9e de la Bresse Bourguignonne.\",\"breadcrumb\":{\"@id\":\"https:\/\/www.ecomusee-bresse71.fr\/en\/musees-et-sites\/maison-vigneronne-cuiseaux-71\/#breadcrumb\"},\"inLanguage\":\"en-US\",\"potentialAction\":[{\"@type\":\"ReadAction\",\"target\":[\"https:\/\/www.ecomusee-bresse71.fr\/en\/musees-et-sites\/maison-vigneronne-cuiseaux-71\/\"]}]},{\"@type\":\"ImageObject\",\"inLanguage\":\"en-US\",\"@id\":\"https:\/\/www.ecomusee-bresse71.fr\/en\/musees-et-sites\/maison-vigneronne-cuiseaux-71\/#primaryimage\",\"url\":\"https:\/\/www.ecomusee-bresse71.fr\/contenu\/uploads\/2025\/03\/MUSEE-DU-VIN-ET-DE-LA-MEMOIRE-CUISELIENNE-HD-58-1024x576.jpg\",\"contentUrl\":\"https:\/\/www.ecomusee-bresse71.fr\/contenu\/uploads\/2025\/03\/MUSEE-DU-VIN-ET-DE-LA-MEMOIRE-CUISELIENNE-HD-58-1024x576.jpg\"},{\"@type\":\"BreadcrumbList\",\"@id\":\"https:\/\/www.ecomusee-bresse71.fr\/en\/musees-et-sites\/maison-vigneronne-cuiseaux-71\/#breadcrumb\",\"itemListElement\":[{\"@type\":\"ListItem\",\"position\":1,\"name\":\"Home\",\"item\":\"https:\/\/www.ecomusee-bresse71.fr\/en\/\"},{\"@type\":\"ListItem\",\"position\":2,\"name\":\"Mus\u00e9es et sites\",\"item\":\"https:\/\/www.ecomusee-bresse71.fr\/en\/musees-et-sites\/\"},{\"@type\":\"ListItem\",\"position\":3,\"name\":\"Maison vigneronne\"}]},{\"@type\":\"WebSite\",\"@id\":\"https:\/\/www.ecomusee-bresse71.fr\/en\/#website\",\"url\":\"https:\/\/www.ecomusee-bresse71.fr\/en\/\",\"name\":\"Ecomus\u00e9e de la Bresse Bourguignonne\",\"description\":\"\",\"potentialAction\":[{\"@type\":\"SearchAction\",\"target\":{\"@type\":\"EntryPoint\",\"urlTemplate\":\"https:\/\/www.ecomusee-bresse71.fr\/en\/?s={search_term_string}\"},\"query-input\":{\"@type\":\"PropertyValueSpecification\",\"valueRequired\":true,\"valueName\":\"search_term_string\"}}],\"inLanguage\":\"en-US\"}]}<\/script>\n<!-- \/ Yoast SEO plugin. -->","yoast_head_json":{"title":"Ecomus\u00e9e de la Bresse Bourguignonne | Maison vigneronne","description":"Avec la maison vigneronne, red\u00e9couvrez le pass\u00e9 vigneron de la bresse, avec l'Ecomus\u00e9e de la Bresse Bourguignonne.","robots":{"index":"index","follow":"follow","max-snippet":"max-snippet:-1","max-image-preview":"max-image-preview:large","max-video-preview":"max-video-preview:-1"},"canonical":"https:\/\/www.ecomusee-bresse71.fr\/en\/musees-et-sites\/maison-vigneronne-cuiseaux-71\/","og_locale":"en_US","og_type":"article","og_title":"Ecomus\u00e9e de la Bresse Bourguignonne | Maison vigneronne","og_description":"Avec la maison vigneronne, red\u00e9couvrez le pass\u00e9 vigneron de la bresse, avec l'Ecomus\u00e9e de la Bresse Bourguignonne.","og_url":"https:\/\/www.ecomusee-bresse71.fr\/en\/musees-et-sites\/maison-vigneronne-cuiseaux-71\/","og_site_name":"Ecomus\u00e9e de la Bresse Bourguignonne","article_modified_time":"2026-03-31T09:02:50+00:00","og_image":[{"width":2560,"height":1440,"url":"https:\/\/www.ecomusee-bresse71.fr\/contenu\/uploads\/2025\/03\/MUSEE-DU-VIN-ET-DE-LA-MEMOIRE-CUISELIENNE-HD-58-scaled.jpg","type":"image\/jpeg"}],"twitter_card":"summary_large_image","twitter_misc":{"Est. reading time":"2 minutes"},"schema":{"@context":"https:\/\/schema.org","@graph":[{"@type":"WebPage","@id":"https:\/\/www.ecomusee-bresse71.fr\/en\/musees-et-sites\/maison-vigneronne-cuiseaux-71\/","url":"https:\/\/www.ecomusee-bresse71.fr\/en\/musees-et-sites\/maison-vigneronne-cuiseaux-71\/","name":"Ecomus\u00e9e de la Bresse Bourguignonne | Maison vigneronne","isPartOf":{"@id":"https:\/\/www.ecomusee-bresse71.fr\/en\/#website"},"primaryImageOfPage":{"@id":"https:\/\/www.ecomusee-bresse71.fr\/en\/musees-et-sites\/maison-vigneronne-cuiseaux-71\/#primaryimage"},"image":{"@id":"https:\/\/www.ecomusee-bresse71.fr\/en\/musees-et-sites\/maison-vigneronne-cuiseaux-71\/#primaryimage"},"thumbnailUrl":"https:\/\/www.ecomusee-bresse71.fr\/contenu\/uploads\/2025\/03\/MUSEE-DU-VIN-ET-DE-LA-MEMOIRE-CUISELIENNE-HD-58-1024x576.jpg","datePublished":"2025-02-04T10:04:09+00:00","dateModified":"2026-03-31T09:02:50+00:00","description":"Avec la maison vigneronne, red\u00e9couvrez le pass\u00e9 vigneron de la bresse, avec l'Ecomus\u00e9e de la Bresse Bourguignonne.","breadcrumb":{"@id":"https:\/\/www.ecomusee-bresse71.fr\/en\/musees-et-sites\/maison-vigneronne-cuiseaux-71\/#breadcrumb"},"inLanguage":"en-US","potentialAction":[{"@type":"ReadAction","target":["https:\/\/www.ecomusee-bresse71.fr\/en\/musees-et-sites\/maison-vigneronne-cuiseaux-71\/"]}]},{"@type":"ImageObject","inLanguage":"en-US","@id":"https:\/\/www.ecomusee-bresse71.fr\/en\/musees-et-sites\/maison-vigneronne-cuiseaux-71\/#primaryimage","url":"https:\/\/www.ecomusee-bresse71.fr\/contenu\/uploads\/2025\/03\/MUSEE-DU-VIN-ET-DE-LA-MEMOIRE-CUISELIENNE-HD-58-1024x576.jpg","contentUrl":"https:\/\/www.ecomusee-bresse71.fr\/contenu\/uploads\/2025\/03\/MUSEE-DU-VIN-ET-DE-LA-MEMOIRE-CUISELIENNE-HD-58-1024x576.jpg"},{"@type":"BreadcrumbList","@id":"https:\/\/www.ecomusee-bresse71.fr\/en\/musees-et-sites\/maison-vigneronne-cuiseaux-71\/#breadcrumb","itemListElement":[{"@type":"ListItem","position":1,"name":"Home","item":"https:\/\/www.ecomusee-bresse71.fr\/en\/"},{"@type":"ListItem","position":2,"name":"Mus\u00e9es et sites","item":"https:\/\/www.ecomusee-bresse71.fr\/en\/musees-et-sites\/"},{"@type":"ListItem","position":3,"name":"Maison vigneronne"}]},{"@type":"WebSite","@id":"https:\/\/www.ecomusee-bresse71.fr\/en\/#website","url":"https:\/\/www.ecomusee-bresse71.fr\/en\/","name":"Ecomus\u00e9e de la Bresse Bourguignonne","description":"","potentialAction":[{"@type":"SearchAction","target":{"@type":"EntryPoint","urlTemplate":"https:\/\/www.ecomusee-bresse71.fr\/en\/?s={search_term_string}"},"query-input":{"@type":"PropertyValueSpecification","valueRequired":true,"valueName":"search_term_string"}}],"inLanguage":"en-US"}]}},"_links":{"self":[{"href":"https:\/\/www.ecomusee-bresse71.fr\/en\/wp-json\/wp\/v2\/pages\/907"}],"collection":[{"href":"https:\/\/www.ecomusee-bresse71.fr\/en\/wp-json\/wp\/v2\/pages"}],"about":[{"href":"https:\/\/www.ecomusee-bresse71.fr\/en\/wp-json\/wp\/v2\/types\/page"}],"author":[{"embeddable":true,"href":"https:\/\/www.ecomusee-bresse71.fr\/en\/wp-json\/wp\/v2\/users\/7"}],"replies":[{"embeddable":true,"href":"https:\/\/www.ecomusee-bresse71.fr\/en\/wp-json\/wp\/v2\/comments?post=907"}],"version-history":[{"count":2,"href":"https:\/\/www.ecomusee-bresse71.fr\/en\/wp-json\/wp\/v2\/pages\/907\/revisions"}],"predecessor-version":[{"id":5336,"href":"https:\/\/www.ecomusee-bresse71.fr\/en\/wp-json\/wp\/v2\/pages\/907\/revisions\/5336"}],"up":[{"embeddable":true,"href":"https:\/\/www.ecomusee-bresse71.fr\/en\/wp-json\/wp\/v2\/pages\/890"}],"wp:attachment":[{"href":"https:\/\/www.ecomusee-bresse71.fr\/en\/wp-json\/wp\/v2\/media?parent=907"}],"curies":[{"name":"wp","href":"https:\/\/api.w.org\/{rel}","templated":true}]}}