{"id":911,"date":"2025-02-04T11:04:09","date_gmt":"2025-02-04T10:04:09","guid":{"rendered":"https:\/\/www.ecomusee-bresse71.fr\/musees-et-sites\/moulin-de-la-croix-ratte-71\/"},"modified":"2026-03-31T11:47:21","modified_gmt":"2026-03-31T09:47:21","slug":"moulin-de-la-croix-ratte-71","status":"publish","type":"page","link":"https:\/\/www.ecomusee-bresse71.fr\/en\/musees-et-sites\/moulin-de-la-croix-ratte-71\/","title":{"rendered":"Moulin de la Croix"},"content":{"rendered":"\n<p><br>Le <strong>petit moulin dit de la Croix<\/strong> sur la commune de <strong>Ratte <\/strong>a fonctionn\u00e9 \u00e0 la force de sa roue \u00e0 aubes pendant pr\u00e8s de quatre si\u00e8cles. Situ\u00e9e dans un lieu enchanteur, propice \u00e0 la fl\u00e2nerie ou \u00e0 la m\u00e9diation, ce <strong>moulin domestique <\/strong>refl\u00e8te la beaut\u00e9 du petit <strong>patrimoine bressan<\/strong> et vernaculaire. Il fut l\u00e9gu\u00e9 \u00e0<strong> l\u2019\u00c9comus\u00e9e <\/strong>par une grande famille de <strong>meunier bressans<\/strong>, les Vincent.<\/p>\n\n\n\n<figure class=\"wp-block-gallery has-nested-images columns-default is-cropped wp-block-gallery-1 is-layout-flex wp-block-gallery-is-layout-flex\">\n<figure class=\"wp-block-image size-large\"><a href=\"https:\/\/www.ecomusee-bresse71.fr\/contenu\/uploads\/2025\/06\/Photo-25-scaled.jpg\"><img loading=\"lazy\" decoding=\"async\" width=\"768\" height=\"1024\" data-id=\"1702\" src=\"https:\/\/www.ecomusee-bresse71.fr\/contenu\/uploads\/2025\/06\/Photo-25-768x1024.jpg\" alt=\"\" class=\"wp-image-1702\"\/><\/a><\/figure>\n\n\n\n<figure class=\"wp-block-image size-large\"><a href=\"https:\/\/www.ecomusee-bresse71.fr\/contenu\/uploads\/2025\/06\/Photo-26-scaled.jpg\"><img loading=\"lazy\" decoding=\"async\" width=\"1024\" height=\"768\" data-id=\"1704\" src=\"https:\/\/www.ecomusee-bresse71.fr\/contenu\/uploads\/2025\/06\/Photo-26-1024x768.jpg\" alt=\"\" class=\"wp-image-1704\"\/><\/a><\/figure>\n\n\n\n<figure class=\"wp-block-image size-large\"><a href=\"https:\/\/www.ecomusee-bresse71.fr\/contenu\/uploads\/2025\/06\/Photo-27-scaled.jpg\"><img loading=\"lazy\" decoding=\"async\" width=\"1024\" height=\"768\" data-id=\"1706\" src=\"https:\/\/www.ecomusee-bresse71.fr\/contenu\/uploads\/2025\/06\/Photo-27-1024x768.jpg\" alt=\"\" class=\"wp-image-1706\"\/><\/a><\/figure>\n<\/figure>\n\n\n\n<h2 class=\"wp-block-heading\">Les activit\u00e9s \u00e0 d\u00e9couvrir sur place<\/h2>\n\n\n\n<ul class=\"wp-block-list\">\n<li>D\u00e9couvrir les animations organis\u00e9es au Moulin de la Croix :<a href=\"https:\/\/www.ecomusee-bresse71.fr\/events\/event\/\"> acc\u00e9dez \u00e0 l\u2019agenda<\/a><\/li>\n\n\n\n<li>Visite guid\u00e9e ou atelier pour les groupe enfants : <a href=\"https:\/\/www.ecomusee-bresse71.fr\/en\/vous-etes\/enseignants-jeunes-ecoles-71\/\">voir notre brochure<\/a><\/li>\n\n\n\n<li>Visite guid\u00e9e ou atelier pour les groupes adultes: <a href=\"https:\/\/www.ecomusee-bresse71.fr\/en\/vous-etes\/entreprises-associations-adhesion-ecomusee\/\">voir notre brochure<\/a><\/li>\n<\/ul>\n\n\n\n<figure class=\"wp-block-embed is-type-video is-provider-youtube wp-block-embed-youtube wp-embed-aspect-16-9 wp-has-aspect-ratio\"><div class=\"wp-block-embed__wrapper\">\n<iframe loading=\"lazy\" title=\"Moulin de la Croix 71500 RATTE.\" width=\"960\" height=\"540\" src=\"https:\/\/www.youtube.com\/embed\/5M3KYW5XuAs?feature=oembed\" frameborder=\"0\" allow=\"accelerometer; autoplay; clipboard-write; encrypted-media; gyroscope; picture-in-picture; web-share\" referrerpolicy=\"strict-origin-when-cross-origin\" allowfullscreen><\/iframe>\n<\/div><\/figure>\n","protected":false},"excerpt":{"rendered":"<p>Le petit moulin dit de la Croix sur la commune de Ratte a fonctionn\u00e9 \u00e0 la force de sa roue [&hellip;]<\/p>\n","protected":false},"author":7,"featured_media":0,"parent":890,"menu_order":10,"comment_status":"closed","ping_status":"closed","template":"","meta":{"_acf_changed":false,"footnotes":""},"class_list":["post-911","page","type-page","status-publish","hentry"],"acf":[],"yoast_head":"<!-- This site is optimized with the Yoast SEO plugin v24.3 - https:\/\/yoast.com\/wordpress\/plugins\/seo\/ -->\n<title>Moulin de la Croix | Ecomus\u00e9e de la Bresse Bourguignonne (71)<\/title>\n<meta name=\"description\" content=\"\u00c0 Ratte, le petit moulin dit de la Croix fut l\u00e9gu\u00e9 \u00e0 l\u2019\u00c9comus\u00e9e par une grande famille de meunier bressans, les Vincent. D\u00e9couvrez-le !\" \/>\n<meta name=\"robots\" content=\"index, follow, max-snippet:-1, max-image-preview:large, max-video-preview:-1\" \/>\n<link rel=\"canonical\" href=\"https:\/\/www.ecomusee-bresse71.fr\/en\/musees-et-sites\/moulin-de-la-croix-ratte-71\/\" \/>\n<meta property=\"og:locale\" content=\"en_US\" \/>\n<meta property=\"og:type\" content=\"article\" \/>\n<meta property=\"og:title\" content=\"Moulin de la Croix | Ecomus\u00e9e de la Bresse Bourguignonne (71)\" \/>\n<meta property=\"og:description\" content=\"\u00c0 Ratte, le petit moulin dit de la Croix fut l\u00e9gu\u00e9 \u00e0 l\u2019\u00c9comus\u00e9e par une grande famille de meunier bressans, les Vincent. D\u00e9couvrez-le !\" \/>\n<meta property=\"og:url\" content=\"https:\/\/www.ecomusee-bresse71.fr\/en\/musees-et-sites\/moulin-de-la-croix-ratte-71\/\" \/>\n<meta property=\"og:site_name\" content=\"Ecomus\u00e9e de la Bresse Bourguignonne\" \/>\n<meta property=\"article:modified_time\" content=\"2026-03-31T09:47:21+00:00\" \/>\n<meta property=\"og:image\" content=\"https:\/\/www.ecomusee-bresse71.fr\/contenu\/uploads\/2025\/06\/Photo-25-scaled.jpg\" \/>\n\t<meta property=\"og:image:width\" content=\"1920\" \/>\n\t<meta property=\"og:image:height\" content=\"2560\" \/>\n\t<meta property=\"og:image:type\" content=\"image\/jpeg\" \/>\n<meta name=\"twitter:card\" content=\"summary_large_image\" \/>\n<meta name=\"twitter:label1\" content=\"Est. reading time\" \/>\n\t<meta name=\"twitter:data1\" content=\"2 minutes\" \/>\n<script type=\"application\/ld+json\" class=\"yoast-schema-graph\">{\"@context\":\"https:\/\/schema.org\",\"@graph\":[{\"@type\":\"WebPage\",\"@id\":\"https:\/\/www.ecomusee-bresse71.fr\/en\/musees-et-sites\/moulin-de-la-croix-ratte-71\/\",\"url\":\"https:\/\/www.ecomusee-bresse71.fr\/en\/musees-et-sites\/moulin-de-la-croix-ratte-71\/\",\"name\":\"Moulin de la Croix | Ecomus\u00e9e de la Bresse Bourguignonne (71)\",\"isPartOf\":{\"@id\":\"https:\/\/www.ecomusee-bresse71.fr\/en\/#website\"},\"primaryImageOfPage\":{\"@id\":\"https:\/\/www.ecomusee-bresse71.fr\/en\/musees-et-sites\/moulin-de-la-croix-ratte-71\/#primaryimage\"},\"image\":{\"@id\":\"https:\/\/www.ecomusee-bresse71.fr\/en\/musees-et-sites\/moulin-de-la-croix-ratte-71\/#primaryimage\"},\"thumbnailUrl\":\"https:\/\/www.ecomusee-bresse71.fr\/contenu\/uploads\/2025\/06\/Photo-25-768x1024.jpg\",\"datePublished\":\"2025-02-04T10:04:09+00:00\",\"dateModified\":\"2026-03-31T09:47:21+00:00\",\"description\":\"\u00c0 Ratte, le petit moulin dit de la Croix fut l\u00e9gu\u00e9 \u00e0 l\u2019\u00c9comus\u00e9e par une grande famille de meunier bressans, les Vincent. D\u00e9couvrez-le !\",\"breadcrumb\":{\"@id\":\"https:\/\/www.ecomusee-bresse71.fr\/en\/musees-et-sites\/moulin-de-la-croix-ratte-71\/#breadcrumb\"},\"inLanguage\":\"en-US\",\"potentialAction\":[{\"@type\":\"ReadAction\",\"target\":[\"https:\/\/www.ecomusee-bresse71.fr\/en\/musees-et-sites\/moulin-de-la-croix-ratte-71\/\"]}]},{\"@type\":\"ImageObject\",\"inLanguage\":\"en-US\",\"@id\":\"https:\/\/www.ecomusee-bresse71.fr\/en\/musees-et-sites\/moulin-de-la-croix-ratte-71\/#primaryimage\",\"url\":\"https:\/\/www.ecomusee-bresse71.fr\/contenu\/uploads\/2025\/06\/Photo-25-768x1024.jpg\",\"contentUrl\":\"https:\/\/www.ecomusee-bresse71.fr\/contenu\/uploads\/2025\/06\/Photo-25-768x1024.jpg\"},{\"@type\":\"BreadcrumbList\",\"@id\":\"https:\/\/www.ecomusee-bresse71.fr\/en\/musees-et-sites\/moulin-de-la-croix-ratte-71\/#breadcrumb\",\"itemListElement\":[{\"@type\":\"ListItem\",\"position\":1,\"name\":\"Home\",\"item\":\"https:\/\/www.ecomusee-bresse71.fr\/en\/\"},{\"@type\":\"ListItem\",\"position\":2,\"name\":\"Mus\u00e9es et sites\",\"item\":\"https:\/\/www.ecomusee-bresse71.fr\/en\/musees-et-sites\/\"},{\"@type\":\"ListItem\",\"position\":3,\"name\":\"Moulin de la Croix\"}]},{\"@type\":\"WebSite\",\"@id\":\"https:\/\/www.ecomusee-bresse71.fr\/en\/#website\",\"url\":\"https:\/\/www.ecomusee-bresse71.fr\/en\/\",\"name\":\"Ecomus\u00e9e de la Bresse Bourguignonne\",\"description\":\"\",\"potentialAction\":[{\"@type\":\"SearchAction\",\"target\":{\"@type\":\"EntryPoint\",\"urlTemplate\":\"https:\/\/www.ecomusee-bresse71.fr\/en\/?s={search_term_string}\"},\"query-input\":{\"@type\":\"PropertyValueSpecification\",\"valueRequired\":true,\"valueName\":\"search_term_string\"}}],\"inLanguage\":\"en-US\"}]}<\/script>\n<!-- \/ Yoast SEO plugin. -->","yoast_head_json":{"title":"Moulin de la Croix | Ecomus\u00e9e de la Bresse Bourguignonne (71)","description":"\u00c0 Ratte, le petit moulin dit de la Croix fut l\u00e9gu\u00e9 \u00e0 l\u2019\u00c9comus\u00e9e par une grande famille de meunier bressans, les Vincent. D\u00e9couvrez-le !","robots":{"index":"index","follow":"follow","max-snippet":"max-snippet:-1","max-image-preview":"max-image-preview:large","max-video-preview":"max-video-preview:-1"},"canonical":"https:\/\/www.ecomusee-bresse71.fr\/en\/musees-et-sites\/moulin-de-la-croix-ratte-71\/","og_locale":"en_US","og_type":"article","og_title":"Moulin de la Croix | Ecomus\u00e9e de la Bresse Bourguignonne (71)","og_description":"\u00c0 Ratte, le petit moulin dit de la Croix fut l\u00e9gu\u00e9 \u00e0 l\u2019\u00c9comus\u00e9e par une grande famille de meunier bressans, les Vincent. D\u00e9couvrez-le !","og_url":"https:\/\/www.ecomusee-bresse71.fr\/en\/musees-et-sites\/moulin-de-la-croix-ratte-71\/","og_site_name":"Ecomus\u00e9e de la Bresse Bourguignonne","article_modified_time":"2026-03-31T09:47:21+00:00","og_image":[{"width":1920,"height":2560,"url":"https:\/\/www.ecomusee-bresse71.fr\/contenu\/uploads\/2025\/06\/Photo-25-scaled.jpg","type":"image\/jpeg"}],"twitter_card":"summary_large_image","twitter_misc":{"Est. reading time":"2 minutes"},"schema":{"@context":"https:\/\/schema.org","@graph":[{"@type":"WebPage","@id":"https:\/\/www.ecomusee-bresse71.fr\/en\/musees-et-sites\/moulin-de-la-croix-ratte-71\/","url":"https:\/\/www.ecomusee-bresse71.fr\/en\/musees-et-sites\/moulin-de-la-croix-ratte-71\/","name":"Moulin de la Croix | Ecomus\u00e9e de la Bresse Bourguignonne (71)","isPartOf":{"@id":"https:\/\/www.ecomusee-bresse71.fr\/en\/#website"},"primaryImageOfPage":{"@id":"https:\/\/www.ecomusee-bresse71.fr\/en\/musees-et-sites\/moulin-de-la-croix-ratte-71\/#primaryimage"},"image":{"@id":"https:\/\/www.ecomusee-bresse71.fr\/en\/musees-et-sites\/moulin-de-la-croix-ratte-71\/#primaryimage"},"thumbnailUrl":"https:\/\/www.ecomusee-bresse71.fr\/contenu\/uploads\/2025\/06\/Photo-25-768x1024.jpg","datePublished":"2025-02-04T10:04:09+00:00","dateModified":"2026-03-31T09:47:21+00:00","description":"\u00c0 Ratte, le petit moulin dit de la Croix fut l\u00e9gu\u00e9 \u00e0 l\u2019\u00c9comus\u00e9e par une grande famille de meunier bressans, les Vincent. D\u00e9couvrez-le !","breadcrumb":{"@id":"https:\/\/www.ecomusee-bresse71.fr\/en\/musees-et-sites\/moulin-de-la-croix-ratte-71\/#breadcrumb"},"inLanguage":"en-US","potentialAction":[{"@type":"ReadAction","target":["https:\/\/www.ecomusee-bresse71.fr\/en\/musees-et-sites\/moulin-de-la-croix-ratte-71\/"]}]},{"@type":"ImageObject","inLanguage":"en-US","@id":"https:\/\/www.ecomusee-bresse71.fr\/en\/musees-et-sites\/moulin-de-la-croix-ratte-71\/#primaryimage","url":"https:\/\/www.ecomusee-bresse71.fr\/contenu\/uploads\/2025\/06\/Photo-25-768x1024.jpg","contentUrl":"https:\/\/www.ecomusee-bresse71.fr\/contenu\/uploads\/2025\/06\/Photo-25-768x1024.jpg"},{"@type":"BreadcrumbList","@id":"https:\/\/www.ecomusee-bresse71.fr\/en\/musees-et-sites\/moulin-de-la-croix-ratte-71\/#breadcrumb","itemListElement":[{"@type":"ListItem","position":1,"name":"Home","item":"https:\/\/www.ecomusee-bresse71.fr\/en\/"},{"@type":"ListItem","position":2,"name":"Mus\u00e9es et sites","item":"https:\/\/www.ecomusee-bresse71.fr\/en\/musees-et-sites\/"},{"@type":"ListItem","position":3,"name":"Moulin de la Croix"}]},{"@type":"WebSite","@id":"https:\/\/www.ecomusee-bresse71.fr\/en\/#website","url":"https:\/\/www.ecomusee-bresse71.fr\/en\/","name":"Ecomus\u00e9e de la Bresse Bourguignonne","description":"","potentialAction":[{"@type":"SearchAction","target":{"@type":"EntryPoint","urlTemplate":"https:\/\/www.ecomusee-bresse71.fr\/en\/?s={search_term_string}"},"query-input":{"@type":"PropertyValueSpecification","valueRequired":true,"valueName":"search_term_string"}}],"inLanguage":"en-US"}]}},"_links":{"self":[{"href":"https:\/\/www.ecomusee-bresse71.fr\/en\/wp-json\/wp\/v2\/pages\/911"}],"collection":[{"href":"https:\/\/www.ecomusee-bresse71.fr\/en\/wp-json\/wp\/v2\/pages"}],"about":[{"href":"https:\/\/www.ecomusee-bresse71.fr\/en\/wp-json\/wp\/v2\/types\/page"}],"author":[{"embeddable":true,"href":"https:\/\/www.ecomusee-bresse71.fr\/en\/wp-json\/wp\/v2\/users\/7"}],"replies":[{"embeddable":true,"href":"https:\/\/www.ecomusee-bresse71.fr\/en\/wp-json\/wp\/v2\/comments?post=911"}],"version-history":[{"count":2,"href":"https:\/\/www.ecomusee-bresse71.fr\/en\/wp-json\/wp\/v2\/pages\/911\/revisions"}],"predecessor-version":[{"id":5378,"href":"https:\/\/www.ecomusee-bresse71.fr\/en\/wp-json\/wp\/v2\/pages\/911\/revisions\/5378"}],"up":[{"embeddable":true,"href":"https:\/\/www.ecomusee-bresse71.fr\/en\/wp-json\/wp\/v2\/pages\/890"}],"wp:attachment":[{"href":"https:\/\/www.ecomusee-bresse71.fr\/en\/wp-json\/wp\/v2\/media?parent=911"}],"curies":[{"name":"wp","href":"https:\/\/api.w.org\/{rel}","templated":true}]}}